{"id":3189,"date":"2021-03-16T22:30:11","date_gmt":"2021-03-16T22:30:11","guid":{"rendered":"https:\/\/netzwerk-antirassismus.ch\/faydali-baglantilar\/"},"modified":"2026-03-14T12:30:08","modified_gmt":"2026-03-14T12:30:08","slug":"faydali-baglantilar","status":"publish","type":"page","link":"https:\/\/netzwerk-antirassismus.ch\/tr\/faydali-baglantilar\/","title":{"rendered":"Faydal\u0131 ba\u011flant\u0131lar"},"content":{"rendered":"\t\t<div data-elementor-type=\"wp-page\" data-elementor-id=\"3189\" class=\"elementor elementor-3189 elementor-866\" data-elementor-post-type=\"page\">\n\t\t\t\t\t\t<section class=\"elementor-section elementor-top-section elementor-element elementor-element-339b46e0 elementor-section-content-middle elementor-section-full_width elementor-section-height-default elementor-section-height-default\" data-id=\"339b46e0\" data-element_type=\"section\" data-e-type=\"section\" data-settings=\"{&quot;background_background&quot;:&quot;classic&quot;}\">\n\t\t\t\t\t\t<div class=\"elementor-container elementor-column-gap-no\">\n\t\t\t\t\t<div class=\"elementor-column elementor-col-100 elementor-top-column elementor-element elementor-element-3bb03d4c\" data-id=\"3bb03d4c\" data-element_type=\"column\" data-e-type=\"column\">\n\t\t\t<div class=\"elementor-widget-wrap elementor-element-populated\">\n\t\t\t\t\t\t<div class=\"elementor-element elementor-element-dc9eefa elementor-widget__width-initial elementor-invisible elementor-widget elementor-widget-heading\" data-id=\"dc9eefa\" data-element_type=\"widget\" data-e-type=\"widget\" data-settings=\"{&quot;_animation&quot;:&quot;slideInRight&quot;}\" data-widget_type=\"heading.default\">\n\t\t\t\t<div class=\"elementor-widget-container\">\n\t\t\t\t\t<h2 class=\"elementor-heading-title elementor-size-default\">Ba\u011flant\u0131lar<\/h2>\t\t\t\t<\/div>\n\t\t\t\t<\/div>\n\t\t\t\t<div class=\"elementor-element elementor-element-2b1dbda8 elementor-widget elementor-widget-heading\" data-id=\"2b1dbda8\" data-element_type=\"widget\" data-e-type=\"widget\" data-widget_type=\"heading.default\">\n\t\t\t\t<div class=\"elementor-widget-container\">\n\t\t\t\t\t<h6 class=\"elementor-heading-title elementor-size-xl\">Burada faydal\u0131 ba\u011flant\u0131lar bulabilirsiniz<\/h6>\t\t\t\t<\/div>\n\t\t\t\t<\/div>\n\t\t\t\t<div class=\"elementor-element elementor-element-3c9b7dd5 elementor-widget elementor-widget-toggle\" data-id=\"3c9b7dd5\" data-element_type=\"widget\" data-e-type=\"widget\" data-widget_type=\"toggle.default\">\n\t\t\t\t<div class=\"elementor-widget-container\">\n\t\t\t\t\t\t\t<div class=\"elementor-toggle\">\n\t\t\t\t\t\t\t<div class=\"elementor-toggle-item\">\n\t\t\t\t\t<div id=\"elementor-tab-title-1011\" class=\"elementor-tab-title\" data-tab=\"1\" role=\"button\" aria-controls=\"elementor-tab-content-1011\" aria-expanded=\"false\">\n\t\t\t\t\t\t\t\t\t\t\t\t<span class=\"elementor-toggle-icon elementor-toggle-icon-right\" aria-hidden=\"true\">\n\t\t\t\t\t\t\t\t\t\t\t\t\t\t\t<span class=\"elementor-toggle-icon-closed\"><i class=\"fas fa-caret-right\"><\/i><\/span>\n\t\t\t\t\t\t\t\t<span class=\"elementor-toggle-icon-opened\"><i class=\"elementor-toggle-icon-opened fas fa-caret-up\"><\/i><\/span>\n\t\t\t\t\t\t\t\t\t\t\t\t\t<\/span>\n\t\t\t\t\t\t\t\t\t\t\t\t<a class=\"elementor-toggle-title\" tabindex=\"0\">Stopp Rassismus Ba\u015fvuru ve Dan\u0131\u015fmanl\u0131k Merkezi<\/a>\n\t\t\t\t\t<\/div>\n\n\t\t\t\t\t<div id=\"elementor-tab-content-1011\" class=\"elementor-tab-content elementor-clearfix\" data-tab=\"1\" role=\"region\" aria-labelledby=\"elementor-tab-title-1011\"><p>\u201cStopp Rassismus\u201d, her iki Basel b\u00f6lgesi i\u00e7in \u0131rk\u00e7\u0131l\u0131k ve ayr\u0131mc\u0131l\u0131\u011fa kar\u015f\u0131 uzmanla\u015fm\u0131\u015f dan\u0131\u015fmanl\u0131k merkezidir. <\/p>\n<p><span style=\"color: #2196ba;\"><a style=\"font-family: var( --e-global-typography-text-font-family ), Sans-serif; background-color: #ffffff; color: #2196ba;\" href=\"http:\/\/www.stopprassismus.ch\/\" target=\"_blank\" rel=\"noopener\"><b><span style=\"vertical-align: inherit;\"><span style=\"vertical-align: inherit;\">Sayfaya&#8230;<\/span><\/span><\/b><\/a><\/span><\/p>\n<\/div>\n\t\t\t\t<\/div>\n\t\t\t\t\t\t\t<div class=\"elementor-toggle-item\">\n\t\t\t\t\t<div id=\"elementor-tab-title-1012\" class=\"elementor-tab-title\" data-tab=\"2\" role=\"button\" aria-controls=\"elementor-tab-content-1012\" aria-expanded=\"false\">\n\t\t\t\t\t\t\t\t\t\t\t\t<span class=\"elementor-toggle-icon elementor-toggle-icon-right\" aria-hidden=\"true\">\n\t\t\t\t\t\t\t\t\t\t\t\t\t\t\t<span class=\"elementor-toggle-icon-closed\"><i class=\"fas fa-caret-right\"><\/i><\/span>\n\t\t\t\t\t\t\t\t<span class=\"elementor-toggle-icon-opened\"><i class=\"elementor-toggle-icon-opened fas fa-caret-up\"><\/i><\/span>\n\t\t\t\t\t\t\t\t\t\t\t\t\t<\/span>\n\t\t\t\t\t\t\t\t\t\t\t\t<a class=\"elementor-toggle-title\" tabindex=\"0\">Irk\u00e7\u0131l\u0131\u011fa Kar\u015f\u0131 Federal Komisyon<\/a>\n\t\t\t\t\t<\/div>\n\n\t\t\t\t\t<div id=\"elementor-tab-content-1012\" class=\"elementor-tab-content elementor-clearfix\" data-tab=\"2\" role=\"region\" aria-labelledby=\"elementor-tab-title-1012\"><p><span data-olk-copy-source=\"MessageBody\">EKR, \u0131rk\u00e7\u0131 ayr\u0131mc\u0131l\u0131kla kar\u015f\u0131 kar\u015f\u0131ya kalan kurulu\u015flar\u0131n ve \u00f6zel ki\u015filerin sorular\u0131n\u0131 yan\u0131tlar. <\/span><\/p>\n<p><span style=\"color: #2196ba;\"><a style=\"font-family: var( --e-global-typography-text-font-family ), Sans-serif; background-color: #ffffff; color: #2196ba;\" href=\"https:\/\/www.ekr.admin.ch\/home\/d112.html\" target=\"_blank\" rel=\"noopener\"><b><span style=\"vertical-align: inherit;\"><span style=\"vertical-align: inherit;\">Sayfaya&#8230;<\/span><\/span><\/b><\/a><\/span><\/p>\n<\/div>\n\t\t\t\t<\/div>\n\t\t\t\t\t\t\t<div class=\"elementor-toggle-item\">\n\t\t\t\t\t<div id=\"elementor-tab-title-1013\" class=\"elementor-tab-title\" data-tab=\"3\" role=\"button\" aria-controls=\"elementor-tab-content-1013\" aria-expanded=\"false\">\n\t\t\t\t\t\t\t\t\t\t\t\t<span class=\"elementor-toggle-icon elementor-toggle-icon-right\" aria-hidden=\"true\">\n\t\t\t\t\t\t\t\t\t\t\t\t\t\t\t<span class=\"elementor-toggle-icon-closed\"><i class=\"fas fa-caret-right\"><\/i><\/span>\n\t\t\t\t\t\t\t\t<span class=\"elementor-toggle-icon-opened\"><i class=\"elementor-toggle-icon-opened fas fa-caret-up\"><\/i><\/span>\n\t\t\t\t\t\t\t\t\t\t\t\t\t<\/span>\n\t\t\t\t\t\t\t\t\t\t\t\t<a class=\"elementor-toggle-title\" tabindex=\"0\">Basel-Stadt Kantonu Ombudsmanl\u0131\u011f\u0131<\/a>\n\t\t\t\t\t<\/div>\n\n\t\t\t\t\t<div id=\"elementor-tab-content-1013\" class=\"elementor-tab-content elementor-clearfix\" data-tab=\"3\" role=\"region\" aria-labelledby=\"elementor-tab-title-1013\"><p><span data-olk-copy-source=\"MessageBody\">Ombudsmanl\u0131k, Basel-Stadt Kantonu halk\u0131 ile kanton y\u00f6netimi aras\u0131ndaki anla\u015fmazl\u0131klarda arabuluculuk yapar.<\/span><\/p>\n<p><span style=\"color: #2196ba;\"><a style=\"font-family: var( --e-global-typography-text-font-family ), Sans-serif; background-color: #ffffff; color: #2196ba;\" href=\"https:\/\/www.ombudsstelle.bs.ch\/\" target=\"_blank\" rel=\"noopener\"><b><span style=\"vertical-align: inherit;\"><span style=\"vertical-align: inherit;\">Sayfaya&#8230;<\/span><\/span><\/b><\/a><\/span><\/p>\n<\/div>\n\t\t\t\t<\/div>\n\t\t\t\t\t\t\t<div class=\"elementor-toggle-item\">\n\t\t\t\t\t<div id=\"elementor-tab-title-1014\" class=\"elementor-tab-title\" data-tab=\"4\" role=\"button\" aria-controls=\"elementor-tab-content-1014\" aria-expanded=\"false\">\n\t\t\t\t\t\t\t\t\t\t\t\t<span class=\"elementor-toggle-icon elementor-toggle-icon-right\" aria-hidden=\"true\">\n\t\t\t\t\t\t\t\t\t\t\t\t\t\t\t<span class=\"elementor-toggle-icon-closed\"><i class=\"fas fa-caret-right\"><\/i><\/span>\n\t\t\t\t\t\t\t\t<span class=\"elementor-toggle-icon-opened\"><i class=\"elementor-toggle-icon-opened fas fa-caret-up\"><\/i><\/span>\n\t\t\t\t\t\t\t\t\t\t\t\t\t<\/span>\n\t\t\t\t\t\t\t\t\t\t\t\t<a class=\"elementor-toggle-title\" tabindex=\"0\">Irk\u00e7\u0131l\u0131k Ma\u011fdurlar\u0131 i\u00e7in Dan\u0131\u015fmanl\u0131k A\u011f\u0131<\/a>\n\t\t\t\t\t<\/div>\n\n\t\t\t\t\t<div id=\"elementor-tab-content-1014\" class=\"elementor-tab-content elementor-clearfix\" data-tab=\"4\" role=\"region\" aria-labelledby=\"elementor-tab-title-1014\"><p><span data-ogsc=\"rgb(51, 51, 51)\" data-olk-copy-source=\"MessageBody\">Dan\u0131\u015fmanl\u0131k a\u011f\u0131, \u0130svi\u00e7re\u2019nin d\u00f6rt bir yan\u0131ndan 23 uzman birimden olu\u015fan bir a\u011fd\u0131r ve<\/span><span data-ogsc=\"rgb(11, 34, 40)\" data-ogsb=\"rgb(251, 251, 251)\"> etkilenen ki\u015filere, yak\u0131nlar\u0131na ve uzmanlara bilgi, psikososyal dan\u0131\u015fmanl\u0131k ve hukuki dan\u0131\u015fmanl\u0131k sunar.<\/span><span data-ogsc=\"rgb(11, 34, 40)\" data-ogsb=\"rgb(251, 251, 251)\"> <\/span><\/p>\n<p><a style=\"font-family: var( --e-global-typography-text-font-family ), Sans-serif; background-color: #ffffff;\" href=\"http:\/\/network-racism.ch\/de\/index.html\" target=\"_blank\" rel=\"noopener\"><b><span style=\"vertical-align: inherit;\"><span style=\"vertical-align: inherit;\"><span style=\"color: #2196ba;\">Sayfaya&#8230;<\/span><\/span><\/span><\/b><\/a><\/p>\n<\/div>\n\t\t\t\t<\/div>\n\t\t\t\t\t\t\t<div class=\"elementor-toggle-item\">\n\t\t\t\t\t<div id=\"elementor-tab-title-1015\" class=\"elementor-tab-title\" data-tab=\"5\" role=\"button\" aria-controls=\"elementor-tab-content-1015\" aria-expanded=\"false\">\n\t\t\t\t\t\t\t\t\t\t\t\t<span class=\"elementor-toggle-icon elementor-toggle-icon-right\" aria-hidden=\"true\">\n\t\t\t\t\t\t\t\t\t\t\t\t\t\t\t<span class=\"elementor-toggle-icon-closed\"><i class=\"fas fa-caret-right\"><\/i><\/span>\n\t\t\t\t\t\t\t\t<span class=\"elementor-toggle-icon-opened\"><i class=\"elementor-toggle-icon-opened fas fa-caret-up\"><\/i><\/span>\n\t\t\t\t\t\t\t\t\t\t\t\t\t<\/span>\n\t\t\t\t\t\t\t\t\t\t\t\t<a class=\"elementor-toggle-title\" tabindex=\"0\">#NetzCourage \u0130nternette nefret s\u00f6ylemi, ayr\u0131mc\u0131l\u0131k ve \u0131rk\u00e7\u0131l\u0131k i\u00e7in dan\u0131\u015fmanl\u0131k<\/a>\n\t\t\t\t\t<\/div>\n\n\t\t\t\t\t<div id=\"elementor-tab-content-1015\" class=\"elementor-tab-content elementor-clearfix\" data-tab=\"5\" role=\"region\" aria-labelledby=\"elementor-tab-title-1015\"><p><span data-ogsb=\"rgb(251, 251, 251)\" data-olk-copy-source=\"MessageBody\"> <\/span>#NetzCourage, dijital \u015fiddetten etkilenen ki\u015fileri destekler ve onlara e\u015flik eder.<\/p>\n<p><span style=\"color: #808080;\"><a style=\"font-family: var( --e-global-typography-text-font-family ), Sans-serif; background-color: #ffffff; color: #808080;\" href=\"https:\/\/www.netzcourage.ch\/\" target=\"_blank\" rel=\"noopener\"><b><span style=\"vertical-align: inherit;\"><span style=\"vertical-align: inherit;\"><span style=\"color: #2196ba;\">Sayfaya&#8230;<\/span><\/span><\/span><\/b><\/a><\/span><\/p>\n<\/div>\n\t\t\t\t<\/div>\n\t\t\t\t\t\t\t<div class=\"elementor-toggle-item\">\n\t\t\t\t\t<div id=\"elementor-tab-title-1016\" class=\"elementor-tab-title\" data-tab=\"6\" role=\"button\" aria-controls=\"elementor-tab-content-1016\" aria-expanded=\"false\">\n\t\t\t\t\t\t\t\t\t\t\t\t<span class=\"elementor-toggle-icon elementor-toggle-icon-right\" aria-hidden=\"true\">\n\t\t\t\t\t\t\t\t\t\t\t\t\t\t\t<span class=\"elementor-toggle-icon-closed\"><i class=\"fas fa-caret-right\"><\/i><\/span>\n\t\t\t\t\t\t\t\t<span class=\"elementor-toggle-icon-opened\"><i class=\"elementor-toggle-icon-opened fas fa-caret-up\"><\/i><\/span>\n\t\t\t\t\t\t\t\t\t\t\t\t\t<\/span>\n\t\t\t\t\t\t\t\t\t\t\t\t<a class=\"elementor-toggle-title\" tabindex=\"0\">Stopp Hate Speech<\/a>\n\t\t\t\t\t<\/div>\n\n\t\t\t\t\t<div id=\"elementor-tab-content-1016\" class=\"elementor-tab-content elementor-clearfix\" data-tab=\"6\" role=\"region\" aria-labelledby=\"elementor-tab-title-1016\"><p><span data-ogsb=\"white\" data-olk-copy-source=\"MessageBody\">Stop Hate Speech projesi, nefret s\u00f6ylemiyle <\/span>know-how ve somut desteklerle m\u00fccadele eder. <\/p>\n<p><span style=\"color: #2196ba;\"><a style=\"font-family: var( --e-global-typography-text-font-family ), Sans-serif; background-color: #ffffff; color: #2196ba;\" href=\"https:\/\/stophatespeech.ch\/\" target=\"_blank\" rel=\"noopener\"><b><span style=\"vertical-align: inherit;\"><span style=\"vertical-align: inherit;\">Sayfaya&#8230;<\/span><\/span><\/b><\/a><\/span><\/p>\n<\/div>\n\t\t\t\t<\/div>\n\t\t\t\t\t\t\t<div class=\"elementor-toggle-item\">\n\t\t\t\t\t<div id=\"elementor-tab-title-1017\" class=\"elementor-tab-title\" data-tab=\"7\" role=\"button\" aria-controls=\"elementor-tab-content-1017\" aria-expanded=\"false\">\n\t\t\t\t\t\t\t\t\t\t\t\t<span class=\"elementor-toggle-icon elementor-toggle-icon-right\" aria-hidden=\"true\">\n\t\t\t\t\t\t\t\t\t\t\t\t\t\t\t<span class=\"elementor-toggle-icon-closed\"><i class=\"fas fa-caret-right\"><\/i><\/span>\n\t\t\t\t\t\t\t\t<span class=\"elementor-toggle-icon-opened\"><i class=\"elementor-toggle-icon-opened fas fa-caret-up\"><\/i><\/span>\n\t\t\t\t\t\t\t\t\t\t\t\t\t<\/span>\n\t\t\t\t\t\t\t\t\t\t\t\t<a class=\"elementor-toggle-title\" tabindex=\"0\">Racial Profiling\u2019e Kar\u015f\u0131 \u0130ttifak<\/a>\n\t\t\t\t\t<\/div>\n\n\t\t\t\t\t<div id=\"elementor-tab-content-1017\" class=\"elementor-tab-content elementor-clearfix\" data-tab=\"7\" role=\"region\" aria-labelledby=\"elementor-tab-title-1017\"><p><span data-olk-copy-source=\"MessageBody\">Racial Profiling\u2019e Kar\u015f\u0131 \u0130ttifak, polis ve s\u0131n\u0131r muhaf\u0131z birliklerindeki kurumsal \u0131rk\u00e7\u0131l\u0131kla ve bunun toplumdaki yap\u0131sal nedenleriyle m\u00fccadele eder.<\/span><\/p>\n<p><span style=\"color: #2196ba;\"><a style=\"font-family: var( --e-global-typography-text-font-family ), Sans-serif; background-color: #ffffff; color: #2196ba;\" href=\"https:\/\/www.stop-racial-profiling.ch\/de\/home\/\" target=\"_blank\" rel=\"noopener\"><b><span style=\"vertical-align: inherit;\"><span style=\"vertical-align: inherit;\">Sayfaya&#8230;<\/span><\/span><\/b><\/a><\/span><\/p>\n<\/div>\n\t\t\t\t<\/div>\n\t\t\t\t\t\t\t\t<\/div>\n\t\t\t\t\t\t<\/div>\n\t\t\t\t<\/div>\n\t\t\t\t\t<\/div>\n\t\t<\/div>\n\t\t\t\t\t<\/div>\n\t\t<\/section>\n\t\t\t\t<\/div>\n\t\t","protected":false},"excerpt":{"rendered":"<p>Ba\u011flant\u0131lar Burada faydal\u0131 ba\u011flant\u0131lar bulabilirsiniz Stopp Rassismus Ba\u015fvuru ve Dan\u0131\u015fmanl\u0131k Merkezi \u201cStopp Rassismus\u201d, her iki Basel b\u00f6lgesi i\u00e7in \u0131rk\u00e7\u0131l\u0131k ve ayr\u0131mc\u0131l\u0131\u011fa kar\u015f\u0131 uzmanla\u015fm\u0131\u015f dan\u0131\u015fmanl\u0131k merkezidir. Sayfaya&#8230; Irk\u00e7\u0131l\u0131\u011fa Kar\u015f\u0131 Federal Komisyon EKR, \u0131rk\u00e7\u0131 ayr\u0131mc\u0131l\u0131kla kar\u015f\u0131 kar\u015f\u0131ya kalan kurulu\u015flar\u0131n ve \u00f6zel ki\u015filerin sorular\u0131n\u0131 yan\u0131tlar. Sayfaya&#8230; Basel-Stadt Kantonu Ombudsmanl\u0131\u011f\u0131 Ombudsmanl\u0131k, Basel-Stadt Kantonu halk\u0131 ile kanton y\u00f6netimi aras\u0131ndaki anla\u015fmazl\u0131klarda [&hellip;]<\/p>\n","protected":false},"author":1,"featured_media":0,"parent":0,"menu_order":0,"comment_status":"closed","ping_status":"closed","template":"","meta":{"footnotes":""},"class_list":["post-3189","page","type-page","status-publish","hentry"],"_links":{"self":[{"href":"https:\/\/netzwerk-antirassismus.ch\/tr\/wp-json\/wp\/v2\/pages\/3189","targetHints":{"allow":["GET"]}}],"collection":[{"href":"https:\/\/netzwerk-antirassismus.ch\/tr\/wp-json\/wp\/v2\/pages"}],"about":[{"href":"https:\/\/netzwerk-antirassismus.ch\/tr\/wp-json\/wp\/v2\/types\/page"}],"author":[{"embeddable":true,"href":"https:\/\/netzwerk-antirassismus.ch\/tr\/wp-json\/wp\/v2\/users\/1"}],"replies":[{"embeddable":true,"href":"https:\/\/netzwerk-antirassismus.ch\/tr\/wp-json\/wp\/v2\/comments?post=3189"}],"version-history":[{"count":1,"href":"https:\/\/netzwerk-antirassismus.ch\/tr\/wp-json\/wp\/v2\/pages\/3189\/revisions"}],"predecessor-version":[{"id":3191,"href":"https:\/\/netzwerk-antirassismus.ch\/tr\/wp-json\/wp\/v2\/pages\/3189\/revisions\/3191"}],"wp:attachment":[{"href":"https:\/\/netzwerk-antirassismus.ch\/tr\/wp-json\/wp\/v2\/media?parent=3189"}],"curies":[{"name":"wp","href":"https:\/\/api.w.org\/{rel}","templated":true}]}}