{"id":3105,"date":"2021-02-14T19:02:43","date_gmt":"2021-02-14T19:02:43","guid":{"rendered":"https:\/\/netzwerk-antirassismus.ch\/ana-sayfa\/"},"modified":"2026-03-17T10:44:47","modified_gmt":"2026-03-17T10:44:47","slug":"ana-sayfa","status":"publish","type":"page","link":"https:\/\/netzwerk-antirassismus.ch\/tr\/","title":{"rendered":"Ana sayfa"},"content":{"rendered":"\t\t<div data-elementor-type=\"wp-page\" data-elementor-id=\"3105\" class=\"elementor elementor-3105 elementor-60\" data-elementor-post-type=\"page\">\n\t\t\t\t\t\t<section class=\"elementor-section elementor-top-section elementor-element elementor-element-635073e elementor-section-full_width elementor-section-height-min-height elementor-section-stretched elementor-section-height-default elementor-section-items-middle\" data-id=\"635073e\" data-element_type=\"section\" data-e-type=\"section\" data-settings=\"{&quot;background_background&quot;:&quot;slideshow&quot;,&quot;background_slideshow_gallery&quot;:[{&quot;id&quot;:3530,&quot;url&quot;:&quot;https:\\\/\\\/netzwerk-antirassismus.ch\\\/wp-content\\\/uploads\\\/2026\\\/03\\\/Team_Netzwerk-antirassismus_2026.jpg&quot;},{&quot;id&quot;:3531,&quot;url&quot;:&quot;https:\\\/\\\/netzwerk-antirassismus.ch\\\/wp-content\\\/uploads\\\/2026\\\/03\\\/Team_Netzwerk-antirassismus__2_2026.jpg&quot;}],&quot;stretch_section&quot;:&quot;section-stretched&quot;,&quot;background_slideshow_loop&quot;:&quot;yes&quot;,&quot;background_slideshow_slide_duration&quot;:5000,&quot;background_slideshow_slide_transition&quot;:&quot;fade&quot;,&quot;background_slideshow_transition_duration&quot;:500}\">\n\t\t\t\t\t\t<div class=\"elementor-container elementor-column-gap-no\">\n\t\t\t\t\t<div class=\"elementor-column elementor-col-100 elementor-top-column elementor-element elementor-element-8b69d2c\" data-id=\"8b69d2c\" data-element_type=\"column\" data-e-type=\"column\">\n\t\t\t<div class=\"elementor-widget-wrap\">\n\t\t\t\t\t\t\t<\/div>\n\t\t<\/div>\n\t\t\t\t\t<\/div>\n\t\t<\/section>\n\t\t\t\t<section class=\"elementor-section elementor-top-section elementor-element elementor-element-4cadc8b1 elementor-section-content-middle elementor-reverse-tablet elementor-reverse-mobile elementor-section-full_width elementor-section-height-default elementor-section-height-default\" data-id=\"4cadc8b1\" data-element_type=\"section\" data-e-type=\"section\" data-settings=\"{&quot;background_background&quot;:&quot;classic&quot;}\">\n\t\t\t\t\t\t<div class=\"elementor-container elementor-column-gap-default\">\n\t\t\t\t\t<div class=\"elementor-column elementor-col-66 elementor-top-column elementor-element elementor-element-3abe80a8\" data-id=\"3abe80a8\" data-element_type=\"column\" data-e-type=\"column\">\n\t\t\t<div class=\"elementor-widget-wrap elementor-element-populated\">\n\t\t\t\t\t\t<div class=\"elementor-element elementor-element-2fd505fa elementor-widget__width-initial elementor-invisible elementor-widget elementor-widget-heading\" data-id=\"2fd505fa\" data-element_type=\"widget\" data-e-type=\"widget\" data-settings=\"{&quot;_animation&quot;:&quot;slideInRight&quot;}\" data-widget_type=\"heading.default\">\n\t\t\t\t<div class=\"elementor-widget-container\">\n\t\t\t\t\t<h3 class=\"elementor-heading-title elementor-size-default\">Irk\u00e7\u0131l\u0131\u011f\u0131 adland\u0131r\u0131n. Etkilenenleri g\u00fc\u00e7lendirin. Toplumu de\u011fi\u015ftirin.  <\/h3>\t\t\t\t<\/div>\n\t\t\t\t<\/div>\n\t\t\t\t<div class=\"elementor-element elementor-element-6d51778a elementor-widget__width-initial elementor-widget elementor-widget-text-editor\" data-id=\"6d51778a\" data-element_type=\"widget\" data-e-type=\"widget\" data-widget_type=\"text-editor.default\">\n\t\t\t\t<div class=\"elementor-widget-container\">\n\t\t\t\t\t\t\t\t\t<p>Antirassismus Basel-Stadt A\u011f\u0131, \u0131rk\u00e7\u0131l\u0131\u011f\u0131n yerinin olmad\u0131\u011f\u0131 bir toplum i\u00e7in \u00e7al\u0131\u015fmaktad\u0131r. Basel-Stadt Kantonu\u2019nda \u0131rk\u00e7\u0131 ayr\u0131mc\u0131l\u0131ktan etkilenen ki\u015fileri <span style=\"text-decoration: underline; text-decoration-color: #f6b3d5; text-decoration-thickness: 3px; text-underline-offset: 3px;\">destekliyor ve g\u00fc\u00e7lendiriyoruz<\/span>, \u0131rk\u00e7\u0131l\u0131\u011f\u0131 g\u00f6r\u00fcn\u00fcr k\u0131l\u0131yor ve somut eylem se\u00e7enekleri sunuyoruz. Irk\u00e7\u0131l\u0131k bir ger\u00e7ektir \u2013 \u0130svi\u00e7re\u2019de de. Bu nedenle, yap\u0131sal, kurumsal ya da g\u00fcndelik ya\u015famda olsun, <span style=\"text-decoration: underline; text-decoration-color: #f6b3d5; text-decoration-thickness: 3px; text-underline-offset: 3px;\">\u0131rk\u00e7\u0131l\u0131\u011f\u0131n t\u00fcm bi\u00e7imlerine<\/span> kar\u015f\u0131 aktif olarak m\u00fccadele ediyoruz. A\u011f; bilgilendirir, fark\u0131ndal\u0131k yarat\u0131r ve etkilenenleri <span style=\"text-decoration: underline; text-decoration-color: #f6b3d5; text-decoration-thickness: 3px; text-underline-offset: 3px;\">uygun dan\u0131\u015fmanl\u0131k ve ba\u015fvuru noktalar\u0131na<\/span> y\u00f6nlendirir.   <\/p>\t\t\t\t\t\t\t\t<\/div>\n\t\t\t\t<\/div>\n\t\t\t\t\t<\/div>\n\t\t<\/div>\n\t\t\t\t<div class=\"elementor-column elementor-col-33 elementor-top-column elementor-element elementor-element-5f8c63aa\" data-id=\"5f8c63aa\" data-element_type=\"column\" data-e-type=\"column\">\n\t\t\t<div class=\"elementor-widget-wrap elementor-element-populated\">\n\t\t\t\t\t\t<div class=\"elementor-element elementor-element-39d72ee elementor-hidden-mobile elementor-widget elementor-widget-spacer\" data-id=\"39d72ee\" data-element_type=\"widget\" data-e-type=\"widget\" data-widget_type=\"spacer.default\">\n\t\t\t\t<div class=\"elementor-widget-container\">\n\t\t\t\t\t\t\t<div class=\"elementor-spacer\">\n\t\t\t<div class=\"elementor-spacer-inner\"><\/div>\n\t\t<\/div>\n\t\t\t\t\t\t<\/div>\n\t\t\t\t<\/div>\n\t\t\t\t<div class=\"elementor-element elementor-element-607334a7 elementor-invisible elementor-widget elementor-widget-image\" data-id=\"607334a7\" data-element_type=\"widget\" data-e-type=\"widget\" data-settings=\"{&quot;motion_fx_motion_fx_mouse&quot;:&quot;yes&quot;,&quot;_animation&quot;:&quot;fadeInUp&quot;}\" data-widget_type=\"image.default\">\n\t\t\t\t<div class=\"elementor-widget-container\">\n\t\t\t\t\t\t\t\t\t\t\t\t\t\t\t<img fetchpriority=\"high\" decoding=\"async\" width=\"638\" height=\"787\" src=\"https:\/\/netzwerk-antirassismus.ch\/wp-content\/uploads\/2026\/03\/Ebene-2.png\" class=\"attachment-full size-full wp-image-3136\" alt=\"\" srcset=\"https:\/\/netzwerk-antirassismus.ch\/wp-content\/uploads\/2026\/03\/Ebene-2.png 638w, https:\/\/netzwerk-antirassismus.ch\/wp-content\/uploads\/2026\/03\/Ebene-2-243x300.png 243w\" sizes=\"(max-width: 638px) 100vw, 638px\" \/>\t\t\t\t\t\t\t\t\t\t\t\t\t\t\t<\/div>\n\t\t\t\t<\/div>\n\t\t\t\t\t<\/div>\n\t\t<\/div>\n\t\t\t\t\t<\/div>\n\t\t<\/section>\n\t\t\t\t<section class=\"elementor-section elementor-top-section elementor-element elementor-element-6569f089 elementor-section-content-middle elementor-reverse-mobile elementor-section-full_width elementor-reverse-tablet elementor-section-height-default elementor-section-height-default\" data-id=\"6569f089\" data-element_type=\"section\" data-e-type=\"section\">\n\t\t\t\t\t\t<div class=\"elementor-container elementor-column-gap-no\">\n\t\t\t\t\t<div class=\"elementor-column elementor-col-33 elementor-top-column elementor-element elementor-element-58dbac66\" data-id=\"58dbac66\" data-element_type=\"column\" data-e-type=\"column\">\n\t\t\t<div class=\"elementor-widget-wrap elementor-element-populated\">\n\t\t\t\t\t\t<div class=\"elementor-element elementor-element-39db5bd9 elementor-widget elementor-widget-image\" data-id=\"39db5bd9\" data-element_type=\"widget\" data-e-type=\"widget\" data-widget_type=\"image.default\">\n\t\t\t\t<div class=\"elementor-widget-container\">\n\t\t\t\t\t\t\t\t\t\t\t\t\t\t\t<img decoding=\"async\" width=\"800\" height=\"533\" src=\"https:\/\/netzwerk-antirassismus.ch\/wp-content\/uploads\/2026\/03\/FRM_1358-1024x682.jpeg\" class=\"attachment-large size-large wp-image-3137\" alt=\"\" srcset=\"https:\/\/netzwerk-antirassismus.ch\/wp-content\/uploads\/2026\/03\/FRM_1358-1024x682.jpeg 1024w, https:\/\/netzwerk-antirassismus.ch\/wp-content\/uploads\/2026\/03\/FRM_1358-300x200.jpeg 300w, https:\/\/netzwerk-antirassismus.ch\/wp-content\/uploads\/2026\/03\/FRM_1358-768x512.jpeg 768w, https:\/\/netzwerk-antirassismus.ch\/wp-content\/uploads\/2026\/03\/FRM_1358.jpeg 1280w\" sizes=\"(max-width: 800px) 100vw, 800px\" \/>\t\t\t\t\t\t\t\t\t\t\t\t\t\t\t<\/div>\n\t\t\t\t<\/div>\n\t\t\t\t<div class=\"elementor-element elementor-element-7566f24c elementor-widget elementor-widget-image\" data-id=\"7566f24c\" data-element_type=\"widget\" data-e-type=\"widget\" data-widget_type=\"image.default\">\n\t\t\t\t<div class=\"elementor-widget-container\">\n\t\t\t\t\t\t\t\t\t\t\t\t\t\t\t\t<a href=\"https:\/\/netzwerk-antirassismus.ch\/wp-content\/uploads\/2026\/03\/IMG_3211-scaled-1.jpeg\" data-elementor-open-lightbox=\"yes\" data-elementor-lightbox-title=\"IMG_3211-scaled.jpeg\" data-e-action-hash=\"#elementor-action%3Aaction%3Dlightbox%26settings%3DeyJpZCI6MzEzOCwidXJsIjoiaHR0cHM6XC9cL25ldHp3ZXJrLWFudGlyYXNzaXNtdXMuY2hcL3dwLWNvbnRlbnRcL3VwbG9hZHNcLzIwMjZcLzAzXC9JTUdfMzIxMS1zY2FsZWQtMS5qcGVnIn0%3D\">\n\t\t\t\t\t\t\t<img decoding=\"async\" width=\"800\" height=\"600\" src=\"https:\/\/netzwerk-antirassismus.ch\/wp-content\/uploads\/2026\/03\/IMG_3211-scaled-1-1024x768.jpeg\" class=\"attachment-large size-large wp-image-3138\" alt=\"\" srcset=\"https:\/\/netzwerk-antirassismus.ch\/wp-content\/uploads\/2026\/03\/IMG_3211-scaled-1-1024x768.jpeg 1024w, https:\/\/netzwerk-antirassismus.ch\/wp-content\/uploads\/2026\/03\/IMG_3211-scaled-1-300x225.jpeg 300w, https:\/\/netzwerk-antirassismus.ch\/wp-content\/uploads\/2026\/03\/IMG_3211-scaled-1-768x576.jpeg 768w, https:\/\/netzwerk-antirassismus.ch\/wp-content\/uploads\/2026\/03\/IMG_3211-scaled-1-1536x1152.jpeg 1536w, https:\/\/netzwerk-antirassismus.ch\/wp-content\/uploads\/2026\/03\/IMG_3211-scaled-1-2048x1536.jpeg 2048w\" sizes=\"(max-width: 800px) 100vw, 800px\" \/>\t\t\t\t\t\t\t\t<\/a>\n\t\t\t\t\t\t\t\t\t\t\t\t\t\t\t<\/div>\n\t\t\t\t<\/div>\n\t\t\t\t\t<\/div>\n\t\t<\/div>\n\t\t\t\t<div class=\"elementor-column elementor-col-33 elementor-top-column elementor-element elementor-element-111d1475\" data-id=\"111d1475\" data-element_type=\"column\" data-e-type=\"column\">\n\t\t\t<div class=\"elementor-widget-wrap elementor-element-populated\">\n\t\t\t\t\t\t<div class=\"elementor-element elementor-element-47a7fc7b elementor-widget elementor-widget-image\" data-id=\"47a7fc7b\" data-element_type=\"widget\" data-e-type=\"widget\" data-widget_type=\"image.default\">\n\t\t\t\t<div class=\"elementor-widget-container\">\n\t\t\t\t\t\t\t\t\t\t\t\t\t\t\t<img loading=\"lazy\" decoding=\"async\" width=\"800\" height=\"534\" src=\"https:\/\/netzwerk-antirassismus.ch\/wp-content\/uploads\/2026\/03\/DSC_2013-scaled-1-1024x683.jpeg\" class=\"attachment-large size-large wp-image-3139\" alt=\"\" srcset=\"https:\/\/netzwerk-antirassismus.ch\/wp-content\/uploads\/2026\/03\/DSC_2013-scaled-1-1024x683.jpeg 1024w, https:\/\/netzwerk-antirassismus.ch\/wp-content\/uploads\/2026\/03\/DSC_2013-scaled-1-300x200.jpeg 300w, https:\/\/netzwerk-antirassismus.ch\/wp-content\/uploads\/2026\/03\/DSC_2013-scaled-1-768x512.jpeg 768w, https:\/\/netzwerk-antirassismus.ch\/wp-content\/uploads\/2026\/03\/DSC_2013-scaled-1-1536x1024.jpeg 1536w, https:\/\/netzwerk-antirassismus.ch\/wp-content\/uploads\/2026\/03\/DSC_2013-scaled-1-2048x1366.jpeg 2048w\" sizes=\"(max-width: 800px) 100vw, 800px\" \/>\t\t\t\t\t\t\t\t\t\t\t\t\t\t\t<\/div>\n\t\t\t\t<\/div>\n\t\t\t\t<div class=\"elementor-element elementor-element-19503f05 elementor-widget elementor-widget-image\" data-id=\"19503f05\" data-element_type=\"widget\" data-e-type=\"widget\" data-widget_type=\"image.default\">\n\t\t\t\t<div class=\"elementor-widget-container\">\n\t\t\t\t\t\t\t\t\t\t\t\t\t\t\t<img loading=\"lazy\" decoding=\"async\" width=\"768\" height=\"1024\" src=\"https:\/\/netzwerk-antirassismus.ch\/wp-content\/uploads\/2026\/03\/IMG_6030-scaled-1-768x1024.jpeg\" class=\"attachment-large size-large wp-image-3140\" alt=\"\" srcset=\"https:\/\/netzwerk-antirassismus.ch\/wp-content\/uploads\/2026\/03\/IMG_6030-scaled-1-768x1024.jpeg 768w, https:\/\/netzwerk-antirassismus.ch\/wp-content\/uploads\/2026\/03\/IMG_6030-scaled-1-225x300.jpeg 225w, https:\/\/netzwerk-antirassismus.ch\/wp-content\/uploads\/2026\/03\/IMG_6030-scaled-1-1152x1536.jpeg 1152w, https:\/\/netzwerk-antirassismus.ch\/wp-content\/uploads\/2026\/03\/IMG_6030-scaled-1-1536x2048.jpeg 1536w, https:\/\/netzwerk-antirassismus.ch\/wp-content\/uploads\/2026\/03\/IMG_6030-scaled-1.jpeg 1920w\" sizes=\"(max-width: 768px) 100vw, 768px\" \/>\t\t\t\t\t\t\t\t\t\t\t\t\t\t\t<\/div>\n\t\t\t\t<\/div>\n\t\t\t\t\t<\/div>\n\t\t<\/div>\n\t\t\t\t<div class=\"elementor-column elementor-col-33 elementor-top-column elementor-element elementor-element-6e4d67d7\" data-id=\"6e4d67d7\" data-element_type=\"column\" data-e-type=\"column\">\n\t\t\t<div class=\"elementor-widget-wrap elementor-element-populated\">\n\t\t\t\t\t\t<div class=\"elementor-element elementor-element-2c400de elementor-widget__width-initial elementor-invisible elementor-widget elementor-widget-heading\" data-id=\"2c400de\" data-element_type=\"widget\" data-e-type=\"widget\" data-settings=\"{&quot;_animation&quot;:&quot;slideInRight&quot;}\" data-widget_type=\"heading.default\">\n\t\t\t\t<div class=\"elementor-widget-container\">\n\t\t\t\t\t<h2 class=\"elementor-heading-title elementor-size-default\">\u00c7al\u0131\u015fmalar\u0131m\u0131z<\/h2>\t\t\t\t<\/div>\n\t\t\t\t<\/div>\n\t\t\t\t<div class=\"elementor-element elementor-element-793bf5f2 elementor-widget__width-initial elementor-widget elementor-widget-text-editor\" data-id=\"793bf5f2\" data-element_type=\"widget\" data-e-type=\"widget\" data-widget_type=\"text-editor.default\">\n\t\t\t\t<div class=\"elementor-widget-container\">\n\t\t\t\t\t\t\t\t\t<p style=\"color: #1a1a1a;\">Antirassismus Basel-Stadt A\u011f\u0131\u2019n\u0131n \u00e7al\u0131\u015fmalar\u0131 <span style=\"text-decoration: underline; text-decoration-color: #f6b3d5; text-decoration-thickness: 3px; text-underline-offset: 3px;\">i\u015f birli\u011fi, uzmanl\u0131k ve dayan\u0131\u015fma<\/span> temeline dayan\u0131r. D\u00fc\u015f\u00fck e\u015fikli bir ilk dan\u0131\u015fmanl\u0131k, y\u00f6nlendirme ve uzmanla\u015fm\u0131\u015f birimlere sevk hizmeti sunuyoruz.<br>Irk\u00e7\u0131l\u0131k, bi\u00e7imleri ve etkileri hakk\u0131nda bilgilendirme yoluyla fark\u0131ndal\u0131k yarat\u0131yoruz. Di\u011fer akt\u00f6rlerle birlikte <span style=\"text-decoration: underline; text-decoration-color: #f6b3d5; text-decoration-thickness: 3px; text-underline-offset: 3px;\">kal\u0131c\u0131 de\u011fi\u015fimler<\/span> i\u00e7in \u00e7al\u0131\u015f\u0131yor ve <span style=\"text-decoration: underline; text-decoration-color: #f6b3d5; text-decoration-thickness: 3px; text-underline-offset: 3px;\">\u0131rk\u00e7\u0131l\u0131kla m\u00fccadelede toplumsal sorumlulu\u011fu savunuyoruz.<br><\/span>  <\/p><p>Hakk\u0131m\u0131zda daha fazla bilgiyi <span style=\"color: #f6b3d5;\"><strong><a style=\"color: #f6b3d5;\" href=\"https:\/\/netzwerk-antirassismus.ch\/tr\/hakkimizda\/\" target=\"_blank\" rel=\"noopener\">buradan<\/a><\/strong><\/span> \u00f6\u011freniniz.<\/p>\t\t\t\t\t\t\t\t<\/div>\n\t\t\t\t<\/div>\n\t\t\t\t\t<\/div>\n\t\t<\/div>\n\t\t\t\t\t<\/div>\n\t\t<\/section>\n\t\t\t\t<section class=\"elementor-section elementor-top-section elementor-element elementor-element-1a4da820 elementor-section-content-middle elementor-reverse-tablet elementor-reverse-mobile elementor-section-height-min-height elementor-section-items-top elementor-section-full_width elementor-section-height-default\" data-id=\"1a4da820\" data-element_type=\"section\" data-e-type=\"section\" data-settings=\"{&quot;background_background&quot;:&quot;classic&quot;}\">\n\t\t\t\t\t\t<div class=\"elementor-container elementor-column-gap-no\">\n\t\t\t\t\t<div class=\"elementor-column elementor-col-50 elementor-top-column elementor-element elementor-element-1d6574d7\" data-id=\"1d6574d7\" data-element_type=\"column\" data-e-type=\"column\">\n\t\t\t<div class=\"elementor-widget-wrap elementor-element-populated\">\n\t\t\t\t\t\t<div class=\"elementor-element elementor-element-645f2673 elementor-widget__width-initial elementor-invisible elementor-widget elementor-widget-heading\" data-id=\"645f2673\" data-element_type=\"widget\" data-e-type=\"widget\" data-settings=\"{&quot;_animation&quot;:&quot;slideInRight&quot;}\" data-widget_type=\"heading.default\">\n\t\t\t\t<div class=\"elementor-widget-container\">\n\t\t\t\t\t<h3 class=\"elementor-heading-title elementor-size-default\">Bizimle konu\u015funuz.\nYaln\u0131z de\u011filsiniz. Sizi dinliyoruz. \n<\/h3>\t\t\t\t<\/div>\n\t\t\t\t<\/div>\n\t\t\t\t<div class=\"elementor-element elementor-element-1cdeb26a elementor-widget__width-initial elementor-widget elementor-widget-text-editor\" data-id=\"1cdeb26a\" data-element_type=\"widget\" data-e-type=\"widget\" data-widget_type=\"text-editor.default\">\n\t\t\t\t<div class=\"elementor-widget-container\">\n\t\t\t\t\t\t\t\t\t<p> <\/p><p><span style=\"text-decoration: underline; text-decoration-color: #f6b3d5; text-decoration-thickness: 3px; text-underline-offset: 3px;\">Irk\u00e7\u0131 ayr\u0131mc\u0131l\u0131\u011fa maruz kald\u0131n\u0131z m\u0131 ya da tan\u0131k oldunuz mu?<\/span> Antirassismus Basel-Stadt A\u011f\u0131, deneyimleriniz hakk\u0131nda konu\u015fabilmeniz i\u00e7in size <span style=\"text-decoration: underline; text-decoration-color: #f6b3d5; text-decoration-thickness: 3px; text-underline-offset: 3px;\">g\u00fcvenli bir alan<\/span> sunar. Sizi ciddiye al\u0131r, destekler ve olas\u0131 sonraki ad\u0131mlar\u0131 g\u00f6steririz. Deneyimleriniz bizde g\u00fcvendedir; gizli ve sayg\u0131l\u0131 bir \u015fekilde hareket ederiz.  <br><span style=\"text-decoration: underline; text-decoration-color: #f6b3d5; text-decoration-thickness: 3px; text-underline-offset: 3px;\"><br>A\u00e7\u0131k r\u0131zan\u0131z olmadan hi\u00e7bir i\u015flem yap\u0131lmaz.<\/span><\/p>\t\t\t\t\t\t\t\t<\/div>\n\t\t\t\t<\/div>\n\t\t\t\t<div class=\"elementor-element elementor-element-d071539 elementor-button-info elementor-align-justify elementor-widget__width-initial elementor-widget elementor-widget-button\" data-id=\"d071539\" data-element_type=\"widget\" data-e-type=\"widget\" data-widget_type=\"button.default\">\n\t\t\t\t<div class=\"elementor-widget-container\">\n\t\t\t\t\t\t\t\t\t<div class=\"elementor-button-wrapper\">\n\t\t\t\t\t<a class=\"elementor-button elementor-button-link elementor-size-sm\" href=\"https:\/\/netzwerk-antirassismus.ch\/tr\/bildirim-formu\/\">\n\t\t\t\t\t\t<span class=\"elementor-button-content-wrapper\">\n\t\t\t\t\t\t\t\t\t<span class=\"elementor-button-text\">Irk\u00e7\u0131l\u0131\u011f\u0131 bildirin<\/span>\n\t\t\t\t\t<\/span>\n\t\t\t\t\t<\/a>\n\t\t\t\t<\/div>\n\t\t\t\t\t\t\t\t<\/div>\n\t\t\t\t<\/div>\n\t\t\t\t\t<\/div>\n\t\t<\/div>\n\t\t\t\t<div class=\"elementor-column elementor-col-50 elementor-top-column elementor-element elementor-element-350ae2c6\" data-id=\"350ae2c6\" data-element_type=\"column\" data-e-type=\"column\">\n\t\t\t<div class=\"elementor-widget-wrap elementor-element-populated\">\n\t\t\t\t\t\t<div class=\"elementor-element elementor-element-34425cdd elementor-hidden-mobile elementor-widget elementor-widget-spacer\" data-id=\"34425cdd\" data-element_type=\"widget\" data-e-type=\"widget\" data-widget_type=\"spacer.default\">\n\t\t\t\t<div class=\"elementor-widget-container\">\n\t\t\t\t\t\t\t<div class=\"elementor-spacer\">\n\t\t\t<div class=\"elementor-spacer-inner\"><\/div>\n\t\t<\/div>\n\t\t\t\t\t\t<\/div>\n\t\t\t\t<\/div>\n\t\t\t\t<div class=\"elementor-element elementor-element-2ad6c797 elementor-invisible elementor-widget elementor-widget-image\" data-id=\"2ad6c797\" data-element_type=\"widget\" data-e-type=\"widget\" data-settings=\"{&quot;motion_fx_motion_fx_mouse&quot;:&quot;yes&quot;,&quot;_animation&quot;:&quot;fadeInUp&quot;}\" data-widget_type=\"image.default\">\n\t\t\t\t<div class=\"elementor-widget-container\">\n\t\t\t\t\t\t\t\t\t\t\t\t\t\t\t<img loading=\"lazy\" decoding=\"async\" width=\"800\" height=\"452\" src=\"https:\/\/netzwerk-antirassismus.ch\/wp-content\/uploads\/2026\/03\/Sprich-mit-uns-1024x578.png\" class=\"attachment-large size-large wp-image-3045\" alt=\"\" srcset=\"https:\/\/netzwerk-antirassismus.ch\/wp-content\/uploads\/2026\/03\/Sprich-mit-uns-1024x578.png 1024w, https:\/\/netzwerk-antirassismus.ch\/wp-content\/uploads\/2026\/03\/Sprich-mit-uns-300x169.png 300w, https:\/\/netzwerk-antirassismus.ch\/wp-content\/uploads\/2026\/03\/Sprich-mit-uns-768x434.png 768w, https:\/\/netzwerk-antirassismus.ch\/wp-content\/uploads\/2026\/03\/Sprich-mit-uns.png 1071w\" sizes=\"(max-width: 800px) 100vw, 800px\" \/>\t\t\t\t\t\t\t\t\t\t\t\t\t\t\t<\/div>\n\t\t\t\t<\/div>\n\t\t\t\t\t<\/div>\n\t\t<\/div>\n\t\t\t\t\t<\/div>\n\t\t<\/section>\n\t\t\t\t<\/div>\n\t\t","protected":false},"excerpt":{"rendered":"<p>Irk\u00e7\u0131l\u0131\u011f\u0131 adland\u0131r\u0131n. Etkilenenleri g\u00fc\u00e7lendirin. Toplumu de\u011fi\u015ftirin. Antirassismus Basel-Stadt A\u011f\u0131, \u0131rk\u00e7\u0131l\u0131\u011f\u0131n yerinin olmad\u0131\u011f\u0131 bir toplum i\u00e7in \u00e7al\u0131\u015fmaktad\u0131r. Basel-Stadt Kantonu\u2019nda \u0131rk\u00e7\u0131 ayr\u0131mc\u0131l\u0131ktan etkilenen ki\u015fileri destekliyor ve g\u00fc\u00e7lendiriyoruz, \u0131rk\u00e7\u0131l\u0131\u011f\u0131 g\u00f6r\u00fcn\u00fcr k\u0131l\u0131yor ve somut eylem se\u00e7enekleri sunuyoruz. Irk\u00e7\u0131l\u0131k bir ger\u00e7ektir \u2013 \u0130svi\u00e7re\u2019de de. Bu nedenle, yap\u0131sal, kurumsal ya da g\u00fcndelik ya\u015famda olsun, \u0131rk\u00e7\u0131l\u0131\u011f\u0131n t\u00fcm bi\u00e7imlerine kar\u015f\u0131 aktif olarak m\u00fccadele [&hellip;]<\/p>\n","protected":false},"author":1,"featured_media":0,"parent":0,"menu_order":0,"comment_status":"closed","ping_status":"closed","template":"elementor_header_footer","meta":{"footnotes":""},"class_list":["post-3105","page","type-page","status-publish","hentry"],"_links":{"self":[{"href":"https:\/\/netzwerk-antirassismus.ch\/tr\/wp-json\/wp\/v2\/pages\/3105","targetHints":{"allow":["GET"]}}],"collection":[{"href":"https:\/\/netzwerk-antirassismus.ch\/tr\/wp-json\/wp\/v2\/pages"}],"about":[{"href":"https:\/\/netzwerk-antirassismus.ch\/tr\/wp-json\/wp\/v2\/types\/page"}],"author":[{"embeddable":true,"href":"https:\/\/netzwerk-antirassismus.ch\/tr\/wp-json\/wp\/v2\/users\/1"}],"replies":[{"embeddable":true,"href":"https:\/\/netzwerk-antirassismus.ch\/tr\/wp-json\/wp\/v2\/comments?post=3105"}],"version-history":[{"count":11,"href":"https:\/\/netzwerk-antirassismus.ch\/tr\/wp-json\/wp\/v2\/pages\/3105\/revisions"}],"predecessor-version":[{"id":3534,"href":"https:\/\/netzwerk-antirassismus.ch\/tr\/wp-json\/wp\/v2\/pages\/3105\/revisions\/3534"}],"wp:attachment":[{"href":"https:\/\/netzwerk-antirassismus.ch\/tr\/wp-json\/wp\/v2\/media?parent=3105"}],"curies":[{"name":"wp","href":"https:\/\/api.w.org\/{rel}","templated":true}]}}