{"id":3100,"date":"2021-03-19T21:08:38","date_gmt":"2021-03-19T21:08:38","guid":{"rendered":"https:\/\/netzwerk-antirassismus.ch\/gizlilik-bildirimi\/"},"modified":"2026-03-14T12:29:39","modified_gmt":"2026-03-14T12:29:39","slug":"gizlilik-bildirimi","status":"publish","type":"page","link":"https:\/\/netzwerk-antirassismus.ch\/tr\/gizlilik-bildirimi\/","title":{"rendered":"Gizlilik Bildirimi"},"content":{"rendered":"\t\t<div data-elementor-type=\"wp-page\" data-elementor-id=\"3100\" class=\"elementor elementor-3100 elementor-1092\" data-elementor-post-type=\"page\">\n\t\t\t\t<div class=\"elementor-element elementor-element-514be14 e-flex e-con-boxed e-con e-parent\" data-id=\"514be14\" data-element_type=\"container\" data-e-type=\"container\" data-settings=\"{&quot;background_background&quot;:&quot;classic&quot;}\">\n\t\t\t\t\t<div class=\"e-con-inner\">\n\t\t\t\t<div class=\"elementor-element elementor-element-8f2d743 elementor-widget__width-initial elementor-invisible elementor-widget elementor-widget-heading\" data-id=\"8f2d743\" data-element_type=\"widget\" data-e-type=\"widget\" data-settings=\"{&quot;_animation&quot;:&quot;slideInRight&quot;}\" data-widget_type=\"heading.default\">\n\t\t\t\t<div class=\"elementor-widget-container\">\n\t\t\t\t\t<h2 class=\"elementor-heading-title elementor-size-default\">Veri Koruma<\/h2>\t\t\t\t<\/div>\n\t\t\t\t<\/div>\n\t\t\t\t\t<\/div>\n\t\t\t\t<\/div>\n\t\t<div class=\"elementor-element elementor-element-31bcd43d e-flex e-con-boxed e-con e-parent\" data-id=\"31bcd43d\" data-element_type=\"container\" data-e-type=\"container\" data-settings=\"{&quot;background_background&quot;:&quot;classic&quot;}\">\n\t\t\t\t\t<div class=\"e-con-inner\">\n\t\t\t\t<div class=\"elementor-element elementor-element-511a73d7 elementor-widget__width-initial elementor-widget elementor-widget-text-editor\" data-id=\"511a73d7\" data-element_type=\"widget\" data-e-type=\"widget\" data-widget_type=\"text-editor.default\">\n\t\t\t\t<div class=\"elementor-widget-container\">\n\t\t\t\t\t\t\t\t\t\n<p>Bu gizlilik bildirimi ile ki\u015fisel verileri nas\u0131l toplad\u0131\u011f\u0131m\u0131z\u0131 ve i\u015fledi\u011fimizi a\u00e7\u0131klamak istiyoruz. <\/p>\n\n<p>Netzwerk Antirassismus Basel-Stadt, <a href=\"https:\/\/www.admin.ch\/opc\/de\/classified-compilation\/19920153\/index.html\">Federal Veri Koruma Yasas\u0131<\/a> (DSG) h\u00fck\u00fcmlerine uymakta ve <a href=\"https:\/\/dsgvo-gesetz.de\/\">AB Genel Veri Koruma Y\u00f6netmeli\u011fi (GDPR)<\/a> gerekliliklerini yerine getirmektedir. Hizmetlerimizden yararlanarak ve web sitemizi kullanarak, hakk\u0131n\u0131zda toplanan verilerin a\u015fa\u011f\u0131da a\u00e7\u0131klanan \u015fekilde ve belirtilen ama\u00e7lar do\u011frultusunda i\u015flenmesini kabul etmi\u015f olursunuz. \u00dc\u00e7\u00fcnc\u00fc taraflara ait ki\u015fisel verileri bize yaln\u0131zca buna yetkili olman\u0131z ve ki\u015fisel verilerin do\u011fru olmas\u0131 durumunda iletebilirsiniz.  <\/p>\n\n<p>Bu gizlilik bildirimini herhangi bir zamanda ve \u00f6nceden haber vermeksizin uyarlayabiliriz. Her durumda web sitemizde yay\u0131nlanan g\u00fcncel versiyon ge\u00e7erlidir. <\/p>\n\n<p><strong>Genel: Ki\u015fisel Veriler<\/strong><\/p>\n\n<p>Hizmetlerimizin hedef odakl\u0131 ve verimli bir \u015fekilde kullan\u0131labilmesini sa\u011flamak i\u00e7in belirli verilerin toplanmas\u0131 gerekmektedir. Netzwerk Antirassismus Basel-Stadt&#8217;a ilgi g\u00f6steren ki\u015filer ileti\u015fim formunu doldurduklar\u0131nda veya \u0131rk\u00e7\u0131 bir olay\u0131 bildirdiklerinde bize ki\u015fisel verilerini iletmektedirler. Bu veriler yaln\u0131zca Netzwerk Antirassismus Basel-Stadt&#8217;\u0131n ama\u00e7lar\u0131 do\u011frultusunda kullan\u0131lmaktad\u0131r. Dan\u0131\u015fmanl\u0131k alan\u0131ndaki faaliyetlerimiz kapsam\u0131nda dan\u0131\u015fanlardan veya ilgili \u00fc\u00e7\u00fcnc\u00fc taraflardan ald\u0131\u011f\u0131m\u0131z ya da kendimizin toplad\u0131\u011f\u0131m\u0131z ki\u015fisel verileri i\u015flemekteyiz. Bu ki\u015fisel verilerin bir k\u0131sm\u0131, ilgili ki\u015filer, ma\u011fdurlar\u0131n yak\u0131nlar\u0131, tan\u0131klar veya uzmanlar taraf\u0131ndan bize e-posta yoluyla ileti\u015fime ge\u00e7tiklerinde, web sitemizdeki bildirim formunu doldurduklar\u0131nda veya hizmet talep ettiklerinde sa\u011flanmaktad\u0131r. Bu, \u00f6rne\u011fin isimler ve ileti\u015fim bilgilerini i\u00e7ermektedir. Ayr\u0131ca, dan\u0131\u015fmanl\u0131k faaliyetimiz kapsam\u0131nda \u00fc\u00e7\u00fcnc\u00fc taraflarla (\u00f6zellikle yak\u0131nlar, makamlar ve di\u011fer dan\u0131\u015fma merkezleri) yap\u0131lan yaz\u0131\u015fmalar \u00e7er\u00e7evesinde elde edilen ki\u015fisel verileri de toplamaktay\u0131z. Belirtilen ki\u015fisel veri t\u00fcrleri esas olarak dan\u0131\u015fmanl\u0131k hizmeti sunmak ve bunu belgelemek amac\u0131yla i\u015flenmektedir.       <\/p>\n\n<p>Bu gizlilik bildiriminde a\u00e7\u0131klanan ama\u00e7lara ula\u015fmak i\u00e7in ki\u015fisel verileri \u015fu al\u0131c\u0131lara aktarmam\u0131z gerekebilir: <a href=\"https:\/\/www.network-racism.ch\/\">Irk\u00e7\u0131l\u0131k Ma\u011fdurlar\u0131 Dan\u0131\u015fma A\u011f\u0131<\/a> dan\u0131\u015fma merkezleri, \u00f6zellikle <a href=\"https:\/\/stopprassismus.ch\/\">her iki Basel&#8217;deki Irk\u00e7\u0131l\u0131k ve Ayr\u0131mc\u0131l\u0131\u011fa Kar\u015f\u0131 Dan\u0131\u015fma Merkezi, Stopp Rassismus<\/a>. Bunlar veri koruma yasas\u0131na tabidirler ve anla\u015fma gere\u011fi verileri ba\u015fka ama\u00e7larla kullanamaz veya aktaramazlar. Bunun d\u0131\u015f\u0131nda Netzwerk Antirassismus Basel-Stadt taraf\u0131ndan hi\u00e7bir ki\u015fisel veri \u00fc\u00e7\u00fcnc\u00fc taraflara verilmemekte veya pazarlanmamaktad\u0131r.   <\/p>\n\n<p>Ki\u015fisel verileri yaln\u0131zca dan\u0131\u015fmanl\u0131k ili\u015fkisinin y\u00fcr\u00fct\u00fclmesi i\u00e7in gerekli oldu\u011fu s\u00fcrece ve bildirim yetkili dan\u0131\u015fma merkezine iletilene kadar sakl\u0131yoruz. Ki\u015fisel veriler bundan sonra sistemimizden geri d\u00f6n\u00fc\u015f\u00fc olmayacak \u015fekilde silinmektedir. Dan\u0131\u015fanlar bize \u00fc\u00e7\u00fcnc\u00fc bir taraf arac\u0131l\u0131\u011f\u0131yla (\u00f6rne\u011fin yak\u0131nlar\u0131 veya di\u011fer ileti\u015fim ki\u015fileri \u00fczerinden) ki\u015fisel veri sa\u011flad\u0131klar\u0131nda, bunlar\u0131 taraf\u0131m\u0131zdan yap\u0131lan i\u015fleme hakk\u0131nda genel olarak bilgilendirmek dan\u0131\u015fanlar\u0131n sorumlulu\u011fundad\u0131r.   <\/p>\n\n<p><strong>Web Sitemizin Kullan\u0131m\u0131yla \u0130lgili Veri \u0130\u015flem<\/strong><strong>e<\/strong><\/p>\n\n<p><strong>Web Sitesinde \u00c7erezlerin ve Google Analytics&#8217;in Kullan\u0131m\u0131<\/strong><\/p>\n\n<p>Web sitemize eri\u015fti\u011finizde \u00e7erezler yard\u0131m\u0131yla belirli bilgiler topluyoruz. \u00c7erezler, bilgisayar\u0131n\u0131zda saklanan metin dosyalar\u0131d\u0131r. Bu, web sitemizin kullan\u0131c\u0131 dostu olmas\u0131n\u0131 ve performans\u0131n\u0131 iyile\u015ftirmemizi sa\u011flar. Taray\u0131c\u0131n\u0131z\u0131 bilgisayar\u0131n\u0131zda hi\u00e7bir \u00e7erezin saklanmamas\u0131 veya bir \u00e7erez kurulmadan \u00f6nce her zaman bir uyar\u0131 g\u00f6r\u00fcnmesi i\u00e7in yap\u0131land\u0131rabilirsiniz. A\u015fa\u011f\u0131da yayg\u0131n taray\u0131c\u0131larda \u00e7erez yap\u0131land\u0131rma se\u00e7eneklerine ili\u015fkin a\u00e7\u0131klamalar bulabilirsiniz:    <\/p>\n\n<p>Google Chrome<\/p>\n\n<p><a href=\"https:\/\/support.google.com\/chrome\/answer\/95647?hl=de\">https:\/\/support.google.com\/chrome\/answer\/95647?hl=de<\/a><\/p>\n\n<p>Microsoft Windows Internet Explorer ve Microsoft Edge<\/p>\n\n<p><a href=\"https:\/\/support.microsoft.com\/de-de\/windows\/l%C3%B6schen-und-verwalten-von-cookies-168dab11-0753-043d-7c16-ede5947fc64d\">https:\/\/support.microsoft.com\/de-de\/windows\/l%C3%B6schen-und-verwalten-von-cookies-168dab11-0753-043d-7c16-ede5947fc64d<\/a><\/p>\n\n<p>Mozilla Firefox<\/p>\n\n<p><a href=\"https:\/\/support.mozilla.org\/de\/kb\/verbesserter-schutz-aktivitatenverfolgung-desktop?redirectslug=cookies-erlauben-und-ablehnen&amp;redirectlocale=de\">https:\/\/support.mozilla.org\/de\/kb\/verbesserter-schutz-aktivitatenverfolgung-desktop?redirectslug=cookies-erlauben-und-ablehnen&amp;redirectlocale=de<\/a><\/p>\n\n<p>Apple Safari<\/p>\n\n<p><a href=\"https:\/\/support.apple.com\/de-ch\/guide\/safari\/sfri11471\/mac\">https:\/\/support.apple.com\/de-ch\/guide\/safari\/sfri11471\/mac<\/a><\/p>\n\n<p>L\u00fctfen \u00e7erezlerin tamamen devre d\u0131\u015f\u0131 b\u0131rak\u0131lmas\u0131n\u0131n web sitemizin \u00e7al\u0131\u015fmamas\u0131na veya tam olarak \u00e7al\u0131\u015fmamas\u0131na yol a\u00e7abilece\u011fini dikkate al\u0131n\u0131z.<\/p>\n\n<p>GDPR&#8217;nin uygulama alan\u0131nda bu verilerin i\u015flenmesi, \u00e7a\u011fda\u015f bir web sitesi sa\u011flama ve bunun rahat kullan\u0131m\u0131na ili\u015fkin me\u015fru menfaatimiz (GDPR Madde 6 Paragraf 1 lit. f) temelinde ger\u00e7ekle\u015ftirilmektedir.<\/p>\n\n<p>Netzwerk Antirassismus web sitesini ziyaret etti\u011finizde, web sunucusu standart olarak ki\u015fisel olmayan kullan\u0131m verilerini kaydeder. Bu veriler, eri\u015filen sayfalar ve dosyalar, talep eden bilgisayar\u0131n IP adresi, ziyaretin zaman\u0131 ve s\u00fcresi, i\u015fletim sistemi ve taray\u0131c\u0131 t\u00fcr\u00fc hakk\u0131nda bilgi verir. Netzwerk Antirassismus, toplama ve de\u011ferlendirme i\u00e7in <a href=\"http:\/\/final.humanrights.ch\/de\/ber-uns\/datenschutz\/hinweis-verwendung-google-analytics\">Google Analytics<\/a> web analiz ara\u00e7lar\u0131n\u0131 kullanmaktad\u0131r.  <\/p>\n\n<ul>\n<li>Google, Google Analytics&#8217;in izleme olanaklar\u0131n\u0131 devre d\u0131\u015f\u0131 b\u0131rakmak i\u00e7in taray\u0131c\u0131ya kurulacak bir <a href=\"https:\/\/tools.google.com\/dlpage\/gaoptout?hl=de\">eklenti<\/a> sunmaktad\u0131r.<\/li>\n<\/ul>\n\n<p><strong>Harici Ba\u011flant\u0131lar ve \u00dc\u00e7\u00fcnc\u00fc Taraf Sa\u011flay\u0131c\u0131lar\u0131n \u0130\u015flevleri<\/strong><\/p>\n\n<p>Netzwerk Antirassismus&#8217;un ne at\u0131fta bulundu\u011fumuz harici i\u00e7erikler \u00fczerinde ne de i\u015flevleri web sitelerimize entegre edilmi\u015f \u00fc\u00e7\u00fcnc\u00fc taraf sa\u011flay\u0131c\u0131lar taraf\u0131ndan veri koruma d\u00fczenlemelerine uyulmas\u0131 \u00fczerinde bir etkisi bulunmamaktad\u0131r. <\/p>\n\n<p><strong>Bilgi Alma Hakk\u0131<\/strong><\/p>\n\n<p>Saklanan bilgileriniz hakk\u0131nda size memnuniyetle yaz\u0131l\u0131 olarak bilgi veririz ve talep \u00fczerine bunlar\u0131 d\u00fczeltir veya sileriz. Bunun i\u00e7in l\u00fctfen <a href=\"mailto:info@netzwerk-antirassimus.ch\">info@netzwerk-antirassimus.ch<\/a> adresine e-posta g\u00f6ndererek bizimle ileti\u015fime ge\u00e7iniz. <\/p>\n\n<h4 class=\"wp-block-heading\"><strong> Veri G\u00fcvenli\u011fi<\/strong><\/h4>\n\n<p>Verilerinizin g\u00fcvenli\u011fini sa\u011flamak i\u00e7in g\u00fcncel teknolojiye uygun teknik ve organizasyonel g\u00fcvenlik \u00f6nlemleri uyguluyoruz. <\/p>\n\n<p>Web sitemiz \u00fczerinden ileti\u015fim, SSL\/TLS \u015fifreleme protokol\u00fcn\u00fcn kullan\u0131lmas\u0131yla \u015fifreli olarak ger\u00e7ekle\u015ftirilmektedir. Ancak, internet \u00fczerinden \u015fifreli veri aktar\u0131m\u0131n\u0131n her zaman g\u00fcvenlik riskleri ta\u015f\u0131d\u0131\u011f\u0131na dikkat \u00e7ekmek isteriz. Verilerin \u00fc\u00e7\u00fcnc\u00fc taraflar\u0131n eri\u015fimine kar\u015f\u0131 eksiksiz bir \u015fekilde korunmas\u0131 garanti edilemez.  <\/p>\n\n<p><strong>R\u0131za Beyan\u0131<\/strong><\/p>\n\n<p><a href=\"http:\/\/www.netzwerk-antirassismus.ch\/\">www.netzwerk-antirassismus.ch<\/a> taraf\u0131ndan sunulan yukar\u0131da belirtilen hizmetleri kullanarak, hakk\u0131n\u0131zda toplanan verilerin a\u00e7\u0131klanan \u015fekilde ve belirtilen ama\u00e7lar do\u011frultusunda i\u015flenmesini kabul etmi\u015f olursunuz. Veri koruma politikas\u0131na ili\u015fkin di\u011fer sorular ve bilgiler i\u00e7in Netzwerk Antirassismus memnuniyetle hizmetinizdedir: <\/p>\n\n<p>Netzwerk Antirassismus Basel-Stadt, info@netzwerk-antirassimus.ch.<\/p>\n\t\t\t\t\t\t\t\t<\/div>\n\t\t\t\t<\/div>\n\t\t\t\t\t<\/div>\n\t\t\t\t<\/div>\n\t\t\t\t<\/div>\n\t\t","protected":false},"excerpt":{"rendered":"<p>Veri Koruma Bu gizlilik bildirimi ile ki\u015fisel verileri nas\u0131l toplad\u0131\u011f\u0131m\u0131z\u0131 ve i\u015fledi\u011fimizi a\u00e7\u0131klamak istiyoruz. Netzwerk Antirassismus Basel-Stadt, Federal Veri Koruma Yasas\u0131 (DSG) h\u00fck\u00fcmlerine uymakta ve AB Genel Veri Koruma Y\u00f6netmeli\u011fi (GDPR) gerekliliklerini yerine getirmektedir. Hizmetlerimizden yararlanarak ve web sitemizi kullanarak, hakk\u0131n\u0131zda toplanan verilerin a\u015fa\u011f\u0131da a\u00e7\u0131klanan \u015fekilde ve belirtilen ama\u00e7lar do\u011frultusunda i\u015flenmesini kabul etmi\u015f olursunuz. \u00dc\u00e7\u00fcnc\u00fc [&hellip;]<\/p>\n","protected":false},"author":1,"featured_media":0,"parent":0,"menu_order":0,"comment_status":"closed","ping_status":"closed","template":"elementor_header_footer","meta":{"footnotes":""},"class_list":["post-3100","page","type-page","status-publish","hentry"],"_links":{"self":[{"href":"https:\/\/netzwerk-antirassismus.ch\/tr\/wp-json\/wp\/v2\/pages\/3100","targetHints":{"allow":["GET"]}}],"collection":[{"href":"https:\/\/netzwerk-antirassismus.ch\/tr\/wp-json\/wp\/v2\/pages"}],"about":[{"href":"https:\/\/netzwerk-antirassismus.ch\/tr\/wp-json\/wp\/v2\/types\/page"}],"author":[{"embeddable":true,"href":"https:\/\/netzwerk-antirassismus.ch\/tr\/wp-json\/wp\/v2\/users\/1"}],"replies":[{"embeddable":true,"href":"https:\/\/netzwerk-antirassismus.ch\/tr\/wp-json\/wp\/v2\/comments?post=3100"}],"version-history":[{"count":5,"href":"https:\/\/netzwerk-antirassismus.ch\/tr\/wp-json\/wp\/v2\/pages\/3100\/revisions"}],"predecessor-version":[{"id":3143,"href":"https:\/\/netzwerk-antirassismus.ch\/tr\/wp-json\/wp\/v2\/pages\/3100\/revisions\/3143"}],"wp:attachment":[{"href":"https:\/\/netzwerk-antirassismus.ch\/tr\/wp-json\/wp\/v2\/media?parent=3100"}],"curies":[{"name":"wp","href":"https:\/\/api.w.org\/{rel}","templated":true}]}}