{"id":3004,"date":"2021-02-14T13:21:31","date_gmt":"2021-02-14T13:21:31","guid":{"rendered":"https:\/\/netzwerk-antirassismus.ch\/hakkimizda\/"},"modified":"2026-03-14T12:27:49","modified_gmt":"2026-03-14T12:27:49","slug":"hakkimizda","status":"publish","type":"page","link":"https:\/\/netzwerk-antirassismus.ch\/tr\/hakkimizda\/","title":{"rendered":"Hakk\u0131m\u0131zda"},"content":{"rendered":"\t\t<div data-elementor-type=\"wp-page\" data-elementor-id=\"3004\" class=\"elementor elementor-3004 elementor-23\" data-elementor-post-type=\"page\">\n\t\t\t\t\t\t<section class=\"elementor-section elementor-top-section elementor-element elementor-element-140458a1 elementor-section-full_width elementor-section-height-min-height elementor-section-stretched elementor-section-height-default elementor-section-items-middle\" data-id=\"140458a1\" data-element_type=\"section\" data-e-type=\"section\" data-settings=\"{&quot;background_background&quot;:&quot;classic&quot;,&quot;stretch_section&quot;:&quot;section-stretched&quot;}\">\n\t\t\t\t\t\t<div class=\"elementor-container elementor-column-gap-no\">\n\t\t\t\t\t<div class=\"elementor-column elementor-col-100 elementor-top-column elementor-element elementor-element-1f10aca8\" data-id=\"1f10aca8\" data-element_type=\"column\" data-e-type=\"column\">\n\t\t\t<div class=\"elementor-widget-wrap\">\n\t\t\t\t\t\t\t<\/div>\n\t\t<\/div>\n\t\t\t\t\t<\/div>\n\t\t<\/section>\n\t\t\t\t<section class=\"elementor-section elementor-top-section elementor-element elementor-element-4d4e1006 elementor-section-content-middle elementor-reverse-tablet elementor-reverse-mobile elementor-section-full_width elementor-section-height-default elementor-section-height-default\" data-id=\"4d4e1006\" data-element_type=\"section\" data-e-type=\"section\" data-settings=\"{&quot;background_background&quot;:&quot;classic&quot;}\">\n\t\t\t\t\t\t<div class=\"elementor-container elementor-column-gap-default\">\n\t\t\t\t\t<div class=\"elementor-column elementor-col-66 elementor-top-column elementor-element elementor-element-da990f4\" data-id=\"da990f4\" data-element_type=\"column\" data-e-type=\"column\">\n\t\t\t<div class=\"elementor-widget-wrap elementor-element-populated\">\n\t\t\t\t\t\t<div class=\"elementor-element elementor-element-534139d0 elementor-widget__width-initial elementor-invisible elementor-widget elementor-widget-heading\" data-id=\"534139d0\" data-element_type=\"widget\" data-e-type=\"widget\" data-settings=\"{&quot;_animation&quot;:&quot;slideInRight&quot;}\" data-widget_type=\"heading.default\">\n\t\t\t\t<div class=\"elementor-widget-container\">\n\t\t\t\t\t<h3 class=\"elementor-heading-title elementor-size-default\">Hakk\u0131m\u0131zda<\/h3>\t\t\t\t<\/div>\n\t\t\t\t<\/div>\n\t\t\t\t<div class=\"elementor-element elementor-element-333b4890 elementor-widget__width-initial elementor-widget elementor-widget-text-editor\" data-id=\"333b4890\" data-element_type=\"widget\" data-e-type=\"widget\" data-widget_type=\"text-editor.default\">\n\t\t\t\t<div class=\"elementor-widget-container\">\n\t\t\t\t\t\t\t\t\t<p>Basel-Stadt Irk\u00e7\u0131l\u0131k Kar\u015f\u0131t\u0131 A\u011f\u0131, \u00e7e\u015fitli etnik, k\u00fclt\u00fcrel ve dini ge\u00e7mi\u015flere sahip, kendini adam\u0131\u015f kilit ki\u015fileri bir araya getirmektedir. <span style=\"text-decoration: underline;\">Bu \u00e7e\u015fitlilik, \u00e7al\u0131\u015fmalar\u0131m\u0131z\u0131n etkinli\u011fi i\u00e7in merkezi bir fakt\u00f6rd\u00fcr<\/span>. <span data-olk-copy-source=\"MessageBody\">Angajman\u0131m\u0131z arac\u0131l\u0131\u011f\u0131yla, \u0131rk\u00e7\u0131l\u0131ktan etkilenenleri kendi g\u00f6\u00e7men ve dini topluluklar\u0131nda destekliyor,<\/span> <span style=\"text-decoration: underline; text-decoration-color: #f6b3d5; text-decoration-thickness: 3px; text-underline-offset: 3px;\">ba\u015fvuru ve dan\u0131\u015fma merkezlerine eri\u015fimi kolayla\u015ft\u0131r\u0131yor<\/span> ve <span style=\"text-decoration: underline; text-decoration-color: #f6b3d5; text-decoration-thickness: 3px; text-underline-offset: 3px;\">\u0131rk\u00e7\u0131 ayr\u0131mc\u0131l\u0131k vakalar\u0131 hakk\u0131nda sa\u011flam bilgi birikimi<\/span> ile bunlar\u0131n toplumsal sonu\u00e7lar\u0131n\u0131 g\u00fcvence alt\u0131na al\u0131yoruz.<\/p><p><strong>A\u015fa\u011f\u0131daki dilleri konu\u015fuyoruz<\/strong>: Almanca, \u0130spanyolca, Frans\u0131zca, \u0130ngilizce, T\u00fcrk\u00e7e, Yoruba, Pidgin \u0130ngilizcesi, Amharca, Tigrinya, Arnavut\u00e7a, Somalice, Romence, \u0130talyanca, Malayalam<\/p><p><span style=\"color: #ff99cc;\"><strong><a style=\"color: #ff99cc;\" href=\"https:\/\/netzwerk-antirassismus.ch\/wp-content\/uploads\/2026\/03\/Deutsch-FLYER-ONE-PAGE-A5.pdf\">Bro\u015f\u00fcr\u00fcm\u00fczde<\/a><\/strong><\/span> daha fazla bilgi edinin.<\/p>\t\t\t\t\t\t\t\t<\/div>\n\t\t\t\t<\/div>\n\t\t\t\t\t<\/div>\n\t\t<\/div>\n\t\t\t\t<div class=\"elementor-column elementor-col-33 elementor-top-column elementor-element elementor-element-6ca6b371\" data-id=\"6ca6b371\" data-element_type=\"column\" data-e-type=\"column\">\n\t\t\t<div class=\"elementor-widget-wrap elementor-element-populated\">\n\t\t\t\t\t\t<div class=\"elementor-element elementor-element-4f97ffa elementor-hidden-mobile elementor-widget elementor-widget-spacer\" data-id=\"4f97ffa\" data-element_type=\"widget\" data-e-type=\"widget\" data-widget_type=\"spacer.default\">\n\t\t\t\t<div class=\"elementor-widget-container\">\n\t\t\t\t\t\t\t<div class=\"elementor-spacer\">\n\t\t\t<div class=\"elementor-spacer-inner\"><\/div>\n\t\t<\/div>\n\t\t\t\t\t\t<\/div>\n\t\t\t\t<\/div>\n\t\t\t\t\t<\/div>\n\t\t<\/div>\n\t\t\t\t\t<\/div>\n\t\t<\/section>\n\t\t\t\t<section class=\"elementor-section elementor-top-section elementor-element elementor-element-5206ae1f elementor-section-content-middle elementor-reverse-mobile elementor-section-full_width elementor-reverse-tablet elementor-section-height-default elementor-section-height-default\" data-id=\"5206ae1f\" data-element_type=\"section\" data-e-type=\"section\">\n\t\t\t\t\t\t<div class=\"elementor-container elementor-column-gap-no\">\n\t\t\t\t\t<div class=\"elementor-column elementor-col-100 elementor-top-column elementor-element elementor-element-5be35426\" data-id=\"5be35426\" data-element_type=\"column\" data-e-type=\"column\">\n\t\t\t<div class=\"elementor-widget-wrap elementor-element-populated\">\n\t\t\t\t\t\t<div class=\"elementor-element elementor-element-40b35fe4 elementor-widget__width-initial elementor-invisible elementor-widget elementor-widget-heading\" data-id=\"40b35fe4\" data-element_type=\"widget\" data-e-type=\"widget\" data-settings=\"{&quot;_animation&quot;:&quot;slideInRight&quot;}\" data-widget_type=\"heading.default\">\n\t\t\t\t<div class=\"elementor-widget-container\">\n\t\t\t\t\t<h2 class=\"elementor-heading-title elementor-size-default\">Ekip<\/h2>\t\t\t\t<\/div>\n\t\t\t\t<\/div>\n\t\t\t\t\t<\/div>\n\t\t<\/div>\n\t\t\t\t\t<\/div>\n\t\t<\/section>\n\t\t\t\t<section class=\"elementor-section elementor-top-section elementor-element elementor-element-be357f2 elementor-section-full_width elementor-section-height-default elementor-section-height-default\" data-id=\"be357f2\" data-element_type=\"section\" data-e-type=\"section\">\n\t\t\t\t\t\t<div class=\"elementor-container elementor-column-gap-default\">\n\t\t\t\t\t<div class=\"elementor-column elementor-col-33 elementor-top-column elementor-element elementor-element-4ecf249\" data-id=\"4ecf249\" data-element_type=\"column\" data-e-type=\"column\">\n\t\t\t<div class=\"elementor-widget-wrap elementor-element-populated\">\n\t\t\t\t\t\t<div class=\"elementor-element elementor-element-84384a0 elementor-widget elementor-widget-image\" data-id=\"84384a0\" data-element_type=\"widget\" data-e-type=\"widget\" data-widget_type=\"image.default\">\n\t\t\t\t<div class=\"elementor-widget-container\">\n\t\t\t\t\t\t\t\t\t\t\t\t\t\t\t<img fetchpriority=\"high\" decoding=\"async\" width=\"800\" height=\"641\" src=\"https:\/\/netzwerk-antirassismus.ch\/wp-content\/uploads\/2026\/03\/Gina-1-1024x820.jpeg\" class=\"attachment-large size-large wp-image-3037\" alt=\"Gina Vega\" srcset=\"https:\/\/netzwerk-antirassismus.ch\/wp-content\/uploads\/2026\/03\/Gina-1-1024x820.jpeg 1024w, https:\/\/netzwerk-antirassismus.ch\/wp-content\/uploads\/2026\/03\/Gina-1-300x240.jpeg 300w, https:\/\/netzwerk-antirassismus.ch\/wp-content\/uploads\/2026\/03\/Gina-1-768x615.jpeg 768w, https:\/\/netzwerk-antirassismus.ch\/wp-content\/uploads\/2026\/03\/Gina-1-1536x1229.jpeg 1536w, https:\/\/netzwerk-antirassismus.ch\/wp-content\/uploads\/2026\/03\/Gina-1.jpeg 2048w\" sizes=\"(max-width: 800px) 100vw, 800px\" \/>\t\t\t\t\t\t\t\t\t\t\t\t\t\t\t<\/div>\n\t\t\t\t<\/div>\n\t\t\t\t<div class=\"elementor-element elementor-element-7d29dba elementor-widget elementor-widget-heading\" data-id=\"7d29dba\" data-element_type=\"widget\" data-e-type=\"widget\" data-widget_type=\"heading.default\">\n\t\t\t\t<div class=\"elementor-widget-container\">\n\t\t\t\t\t<h2 class=\"elementor-heading-title elementor-size-default\">Gina<\/h2>\t\t\t\t<\/div>\n\t\t\t\t<\/div>\n\t\t\t\t<div class=\"elementor-element elementor-element-910839c elementor-widget elementor-widget-heading\" data-id=\"910839c\" data-element_type=\"widget\" data-e-type=\"widget\" data-widget_type=\"heading.default\">\n\t\t\t\t<div class=\"elementor-widget-container\">\n\t\t\t\t\t<h2 class=\"elementor-heading-title elementor-size-default\">\u0130spanyolca, Almanca, \u0130ngilizce<\/h2>\t\t\t\t<\/div>\n\t\t\t\t<\/div>\n\t\t\t\t<div class=\"elementor-element elementor-element-fac3cb7 elementor-widget__width-initial elementor-widget elementor-widget-text-editor\" data-id=\"fac3cb7\" data-element_type=\"widget\" data-e-type=\"widget\" data-widget_type=\"text-editor.default\">\n\t\t\t\t<div class=\"elementor-widget-container\">\n\t\t\t\t\t\t\t\t\t<p>Irk\u00e7\u0131l\u0131k Kar\u015f\u0131t\u0131 A\u011f\u0131&#8217;nda, topluluklar\u0131 s\u00fcrd\u00fcr\u00fclebilir bir \u015fekilde g\u00fc\u00e7lendirmek ve \u0131rk\u00e7\u0131l\u0131\u011fa kararl\u0131l\u0131kla kar\u015f\u0131 durmak i\u00e7in g\u00fc\u00e7lerimizi birle\u015ftiriyoruz. Topluluk \u00e7al\u0131\u015fmas\u0131 politiktir: g\u00fc\u00e7 ili\u015fkilerini g\u00f6r\u00fcn\u00fcr k\u0131lar, kendini g\u00fc\u00e7lendirme alanlar\u0131 yarat\u0131r ve toplumsal sorumluluk talep eder. Irk\u00e7\u0131l\u0131\u011f\u0131 a\u00e7\u0131k\u00e7a adland\u0131ran, tan\u0131yan ve yap\u0131sal de\u011fi\u015fim i\u00e7in dayan\u0131\u015fma i\u00e7inde \u00e7al\u0131\u015fan bir toplum i\u00e7in m\u00fccadele ediyoruz.  <\/p>\t\t\t\t\t\t\t\t<\/div>\n\t\t\t\t<\/div>\n\t\t\t\t<div class=\"elementor-element elementor-element-ef65b0e elementor-view-default elementor-widget elementor-widget-icon\" data-id=\"ef65b0e\" data-element_type=\"widget\" data-e-type=\"widget\" data-widget_type=\"icon.default\">\n\t\t\t\t<div class=\"elementor-widget-container\">\n\t\t\t\t\t\t\t<div class=\"elementor-icon-wrapper\">\n\t\t\t<div class=\"elementor-icon\">\n\t\t\t<i aria-hidden=\"true\" class=\"fab fa-linkedin\"><\/i>\t\t\t<\/div>\n\t\t<\/div>\n\t\t\t\t\t\t<\/div>\n\t\t\t\t<\/div>\n\t\t\t\t\t<\/div>\n\t\t<\/div>\n\t\t\t\t<div class=\"elementor-column elementor-col-33 elementor-top-column elementor-element elementor-element-484cd4a\" data-id=\"484cd4a\" data-element_type=\"column\" data-e-type=\"column\">\n\t\t\t<div class=\"elementor-widget-wrap elementor-element-populated\">\n\t\t\t\t\t\t<div class=\"elementor-element elementor-element-109e20c elementor-widget elementor-widget-image\" data-id=\"109e20c\" data-element_type=\"widget\" data-e-type=\"widget\" data-widget_type=\"image.default\">\n\t\t\t\t<div class=\"elementor-widget-container\">\n\t\t\t\t\t\t\t\t\t\t\t\t\t\t\t<img decoding=\"async\" width=\"800\" height=\"641\" src=\"https:\/\/netzwerk-antirassismus.ch\/wp-content\/uploads\/2026\/03\/Akeem-1024x820.jpeg\" class=\"attachment-large size-large wp-image-3038\" alt=\"Akeem\" srcset=\"https:\/\/netzwerk-antirassismus.ch\/wp-content\/uploads\/2026\/03\/Akeem-1024x820.jpeg 1024w, https:\/\/netzwerk-antirassismus.ch\/wp-content\/uploads\/2026\/03\/Akeem-300x240.jpeg 300w, https:\/\/netzwerk-antirassismus.ch\/wp-content\/uploads\/2026\/03\/Akeem-768x615.jpeg 768w, https:\/\/netzwerk-antirassismus.ch\/wp-content\/uploads\/2026\/03\/Akeem-1536x1229.jpeg 1536w, https:\/\/netzwerk-antirassismus.ch\/wp-content\/uploads\/2026\/03\/Akeem.jpeg 2048w\" sizes=\"(max-width: 800px) 100vw, 800px\" \/>\t\t\t\t\t\t\t\t\t\t\t\t\t\t\t<\/div>\n\t\t\t\t<\/div>\n\t\t\t\t<div class=\"elementor-element elementor-element-61c0653 elementor-widget elementor-widget-heading\" data-id=\"61c0653\" data-element_type=\"widget\" data-e-type=\"widget\" data-widget_type=\"heading.default\">\n\t\t\t\t<div class=\"elementor-widget-container\">\n\t\t\t\t\t<h2 class=\"elementor-heading-title elementor-size-default\">Akeem<\/h2>\t\t\t\t<\/div>\n\t\t\t\t<\/div>\n\t\t\t\t<div class=\"elementor-element elementor-element-9926378 elementor-widget elementor-widget-heading\" data-id=\"9926378\" data-element_type=\"widget\" data-e-type=\"widget\" data-widget_type=\"heading.default\">\n\t\t\t\t<div class=\"elementor-widget-container\">\n\t\t\t\t\t<h2 class=\"elementor-heading-title elementor-size-default\">Yoruba, Pidgin \u0130ngilizcesi, Almanca<\/h2>\t\t\t\t<\/div>\n\t\t\t\t<\/div>\n\t\t\t\t<div class=\"elementor-element elementor-element-39e52b5 elementor-widget__width-initial elementor-widget elementor-widget-text-editor\" data-id=\"39e52b5\" data-element_type=\"widget\" data-e-type=\"widget\" data-widget_type=\"text-editor.default\">\n\t\t\t\t<div class=\"elementor-widget-container\">\n\t\t\t\t\t\t\t\t\t<p>Irk\u00e7\u0131l\u0131k Kar\u015f\u0131t\u0131 A\u011f\u0131 ile \u00e7al\u0131\u015fmak benim i\u00e7in \u00e7ok \u00f6nemli, \u00e7\u00fcnk\u00fc toplulu\u011fum ile sistem aras\u0131nda bir k\u00f6pr\u00fc kurarak, \u0130svi\u00e7re&#8217;de Siyah insanlar\u0131n ve genel olarak g\u00f6\u00e7menlerin maruz kald\u0131\u011f\u0131 baz\u0131 ayr\u0131mc\u0131 anlat\u0131lar\u0131 de\u011fi\u015ftirebiliyorum.<\/p>\t\t\t\t\t\t\t\t<\/div>\n\t\t\t\t<\/div>\n\t\t\t\t<div class=\"elementor-element elementor-element-e3b0305 elementor-view-default elementor-widget elementor-widget-icon\" data-id=\"e3b0305\" data-element_type=\"widget\" data-e-type=\"widget\" data-widget_type=\"icon.default\">\n\t\t\t\t<div class=\"elementor-widget-container\">\n\t\t\t\t\t\t\t<div class=\"elementor-icon-wrapper\">\n\t\t\t<div class=\"elementor-icon\">\n\t\t\t<i aria-hidden=\"true\" class=\"fab fa-linkedin\"><\/i>\t\t\t<\/div>\n\t\t<\/div>\n\t\t\t\t\t\t<\/div>\n\t\t\t\t<\/div>\n\t\t\t\t\t<\/div>\n\t\t<\/div>\n\t\t\t\t<div class=\"elementor-column elementor-col-33 elementor-top-column elementor-element elementor-element-e47129c\" data-id=\"e47129c\" data-element_type=\"column\" data-e-type=\"column\">\n\t\t\t<div class=\"elementor-widget-wrap elementor-element-populated\">\n\t\t\t\t\t\t<div class=\"elementor-element elementor-element-8acb66a elementor-widget elementor-widget-image\" data-id=\"8acb66a\" data-element_type=\"widget\" data-e-type=\"widget\" data-widget_type=\"image.default\">\n\t\t\t\t<div class=\"elementor-widget-container\">\n\t\t\t\t\t\t\t\t\t\t\t\t\t\t\t<img decoding=\"async\" width=\"800\" height=\"640\" src=\"https:\/\/netzwerk-antirassismus.ch\/wp-content\/uploads\/2026\/03\/Fatma-1024x819.jpeg\" class=\"attachment-large size-large wp-image-3039\" alt=\"\" srcset=\"https:\/\/netzwerk-antirassismus.ch\/wp-content\/uploads\/2026\/03\/Fatma-1024x819.jpeg 1024w, https:\/\/netzwerk-antirassismus.ch\/wp-content\/uploads\/2026\/03\/Fatma-300x240.jpeg 300w, https:\/\/netzwerk-antirassismus.ch\/wp-content\/uploads\/2026\/03\/Fatma-768x614.jpeg 768w, https:\/\/netzwerk-antirassismus.ch\/wp-content\/uploads\/2026\/03\/Fatma-1536x1229.jpeg 1536w, https:\/\/netzwerk-antirassismus.ch\/wp-content\/uploads\/2026\/03\/Fatma.jpeg 2048w\" sizes=\"(max-width: 800px) 100vw, 800px\" \/>\t\t\t\t\t\t\t\t\t\t\t\t\t\t\t<\/div>\n\t\t\t\t<\/div>\n\t\t\t\t<div class=\"elementor-element elementor-element-9f2fcdd elementor-widget elementor-widget-heading\" data-id=\"9f2fcdd\" data-element_type=\"widget\" data-e-type=\"widget\" data-widget_type=\"heading.default\">\n\t\t\t\t<div class=\"elementor-widget-container\">\n\t\t\t\t\t<h2 class=\"elementor-heading-title elementor-size-default\">Fatma<\/h2>\t\t\t\t<\/div>\n\t\t\t\t<\/div>\n\t\t\t\t<div class=\"elementor-element elementor-element-ea19dbd elementor-widget elementor-widget-heading\" data-id=\"ea19dbd\" data-element_type=\"widget\" data-e-type=\"widget\" data-widget_type=\"heading.default\">\n\t\t\t\t<div class=\"elementor-widget-container\">\n\t\t\t\t\t<h2 class=\"elementor-heading-title elementor-size-default\">T\u00fcrk\u00e7e, Almanca<\/h2>\t\t\t\t<\/div>\n\t\t\t\t<\/div>\n\t\t\t\t<div class=\"elementor-element elementor-element-7a3b15a elementor-widget__width-initial elementor-widget elementor-widget-text-editor\" data-id=\"7a3b15a\" data-element_type=\"widget\" data-e-type=\"widget\" data-widget_type=\"text-editor.default\">\n\t\t\t\t<div class=\"elementor-widget-container\">\n\t\t\t\t\t\t\t\t\t<p>\u00c7ocuklu\u011fumdan beri yard\u0131ma ihtiyac\u0131 olan insanlara destek olmak istedim, bu y\u00fczden \u00e7ocuk ya\u015fta hukuk okumaya karar verdim. Irk\u00e7\u0131l\u0131k Kar\u015f\u0131t\u0131 A\u011f\u0131 projesini, harika bir ekiple \u0131rk\u00e7\u0131 ayr\u0131mc\u0131l\u0131\u011f\u0131n b\u00fcy\u00fck sorununa kar\u015f\u0131 bir \u015feyler yapmak i\u00e7in \u00e7ok iyi bir f\u0131rsat olarak g\u00f6r\u00fcyorum. <\/p>\t\t\t\t\t\t\t\t<\/div>\n\t\t\t\t<\/div>\n\t\t\t\t<div class=\"elementor-element elementor-element-d8cfbf8 elementor-view-default elementor-widget elementor-widget-icon\" data-id=\"d8cfbf8\" data-element_type=\"widget\" data-e-type=\"widget\" data-widget_type=\"icon.default\">\n\t\t\t\t<div class=\"elementor-widget-container\">\n\t\t\t\t\t\t\t<div class=\"elementor-icon-wrapper\">\n\t\t\t<div class=\"elementor-icon\">\n\t\t\t<i aria-hidden=\"true\" class=\"fab fa-linkedin\"><\/i>\t\t\t<\/div>\n\t\t<\/div>\n\t\t\t\t\t\t<\/div>\n\t\t\t\t<\/div>\n\t\t\t\t\t<\/div>\n\t\t<\/div>\n\t\t\t\t\t<\/div>\n\t\t<\/section>\n\t\t\t\t<section class=\"elementor-section elementor-top-section elementor-element elementor-element-293950d elementor-section-full_width elementor-section-height-default elementor-section-height-default\" data-id=\"293950d\" data-element_type=\"section\" data-e-type=\"section\">\n\t\t\t\t\t\t<div class=\"elementor-container elementor-column-gap-default\">\n\t\t\t\t\t<div class=\"elementor-column elementor-col-33 elementor-top-column elementor-element elementor-element-9ff5683\" data-id=\"9ff5683\" data-element_type=\"column\" data-e-type=\"column\">\n\t\t\t<div class=\"elementor-widget-wrap elementor-element-populated\">\n\t\t\t\t\t\t<div class=\"elementor-element elementor-element-61d0cc3 elementor-widget elementor-widget-image\" data-id=\"61d0cc3\" data-element_type=\"widget\" data-e-type=\"widget\" data-widget_type=\"image.default\">\n\t\t\t\t<div class=\"elementor-widget-container\">\n\t\t\t\t\t\t\t\t\t\t\t\t\t\t\t<img loading=\"lazy\" decoding=\"async\" width=\"800\" height=\"640\" src=\"https:\/\/netzwerk-antirassismus.ch\/wp-content\/uploads\/2026\/03\/Maneva_1-1024x819.jpg\" class=\"attachment-large size-large wp-image-3033\" alt=\"\" srcset=\"https:\/\/netzwerk-antirassismus.ch\/wp-content\/uploads\/2026\/03\/Maneva_1-1024x819.jpg 1024w, https:\/\/netzwerk-antirassismus.ch\/wp-content\/uploads\/2026\/03\/Maneva_1-300x240.jpg 300w, https:\/\/netzwerk-antirassismus.ch\/wp-content\/uploads\/2026\/03\/Maneva_1-768x615.jpg 768w, https:\/\/netzwerk-antirassismus.ch\/wp-content\/uploads\/2026\/03\/Maneva_1-1536x1229.jpg 1536w, https:\/\/netzwerk-antirassismus.ch\/wp-content\/uploads\/2026\/03\/Maneva_1.jpg 1652w\" sizes=\"(max-width: 800px) 100vw, 800px\" \/>\t\t\t\t\t\t\t\t\t\t\t\t\t\t\t<\/div>\n\t\t\t\t<\/div>\n\t\t\t\t<div class=\"elementor-element elementor-element-43c9839 elementor-widget elementor-widget-heading\" data-id=\"43c9839\" data-element_type=\"widget\" data-e-type=\"widget\" data-widget_type=\"heading.default\">\n\t\t\t\t<div class=\"elementor-widget-container\">\n\t\t\t\t\t<h2 class=\"elementor-heading-title elementor-size-default\">Maneva<\/h2>\t\t\t\t<\/div>\n\t\t\t\t<\/div>\n\t\t\t\t<div class=\"elementor-element elementor-element-4e558ed elementor-widget elementor-widget-heading\" data-id=\"4e558ed\" data-element_type=\"widget\" data-e-type=\"widget\" data-widget_type=\"heading.default\">\n\t\t\t\t<div class=\"elementor-widget-container\">\n\t\t\t\t\t<h2 class=\"elementor-heading-title elementor-size-default\">Almanca, \u0130ngilizce, Frans\u0131zca<\/h2>\t\t\t\t<\/div>\n\t\t\t\t<\/div>\n\t\t\t\t<div class=\"elementor-element elementor-element-2e2f323 elementor-widget__width-initial elementor-widget elementor-widget-text-editor\" data-id=\"2e2f323\" data-element_type=\"widget\" data-e-type=\"widget\" data-widget_type=\"text-editor.default\">\n\t\t\t\t<div class=\"elementor-widget-container\">\n\t\t\t\t\t\t\t\t\t<p>Irk\u00e7\u0131l\u0131k Kar\u015f\u0131t\u0131 A\u011f\u0131&#8217;nda yer al\u0131yorum \u00e7\u00fcnk\u00fc \u0131rk\u00e7\u0131l\u0131k, toplulu\u011fumda g\u00fcnl\u00fck ve rahats\u0131z edici bir sorun olmas\u0131na ra\u011fmen yeterince duyulmuyor ve dikkat \u00e7ekmiyor. Irk\u00e7\u0131l\u0131ktan etkilenen insanlar\u0131n kendilerini ifade edebilecekleri ve psikolojik ve hukuki destek alabilecekleri g\u00fcvenli alanlar yaratmak istiyorum. <\/p>\t\t\t\t\t\t\t\t<\/div>\n\t\t\t\t<\/div>\n\t\t\t\t<div class=\"elementor-element elementor-element-9146d96 elementor-view-default elementor-widget elementor-widget-icon\" data-id=\"9146d96\" data-element_type=\"widget\" data-e-type=\"widget\" data-widget_type=\"icon.default\">\n\t\t\t\t<div class=\"elementor-widget-container\">\n\t\t\t\t\t\t\t<div class=\"elementor-icon-wrapper\">\n\t\t\t<div class=\"elementor-icon\">\n\t\t\t<i aria-hidden=\"true\" class=\"fab fa-linkedin\"><\/i>\t\t\t<\/div>\n\t\t<\/div>\n\t\t\t\t\t\t<\/div>\n\t\t\t\t<\/div>\n\t\t\t\t\t<\/div>\n\t\t<\/div>\n\t\t\t\t<div class=\"elementor-column elementor-col-33 elementor-top-column elementor-element elementor-element-8c4ce50\" data-id=\"8c4ce50\" data-element_type=\"column\" data-e-type=\"column\">\n\t\t\t<div class=\"elementor-widget-wrap elementor-element-populated\">\n\t\t\t\t\t\t<div class=\"elementor-element elementor-element-d4a0f2e elementor-widget elementor-widget-image\" data-id=\"d4a0f2e\" data-element_type=\"widget\" data-e-type=\"widget\" data-widget_type=\"image.default\">\n\t\t\t\t<div class=\"elementor-widget-container\">\n\t\t\t\t\t\t\t\t\t\t\t\t\t\t\t<img loading=\"lazy\" decoding=\"async\" width=\"800\" height=\"640\" src=\"https:\/\/netzwerk-antirassismus.ch\/wp-content\/uploads\/2026\/03\/Enver-1024x819.jpeg\" class=\"attachment-large size-large wp-image-3040\" alt=\"Enver\" srcset=\"https:\/\/netzwerk-antirassismus.ch\/wp-content\/uploads\/2026\/03\/Enver-1024x819.jpeg 1024w, https:\/\/netzwerk-antirassismus.ch\/wp-content\/uploads\/2026\/03\/Enver-300x240.jpeg 300w, https:\/\/netzwerk-antirassismus.ch\/wp-content\/uploads\/2026\/03\/Enver-768x614.jpeg 768w, https:\/\/netzwerk-antirassismus.ch\/wp-content\/uploads\/2026\/03\/Enver-1536x1229.jpeg 1536w, https:\/\/netzwerk-antirassismus.ch\/wp-content\/uploads\/2026\/03\/Enver.jpeg 2048w\" sizes=\"(max-width: 800px) 100vw, 800px\" \/>\t\t\t\t\t\t\t\t\t\t\t\t\t\t\t<\/div>\n\t\t\t\t<\/div>\n\t\t\t\t<div class=\"elementor-element elementor-element-59fbd5d elementor-widget elementor-widget-heading\" data-id=\"59fbd5d\" data-element_type=\"widget\" data-e-type=\"widget\" data-widget_type=\"heading.default\">\n\t\t\t\t<div class=\"elementor-widget-container\">\n\t\t\t\t\t<h2 class=\"elementor-heading-title elementor-size-default\">Enver<\/h2>\t\t\t\t<\/div>\n\t\t\t\t<\/div>\n\t\t\t\t<div class=\"elementor-element elementor-element-a5cfaa3 elementor-widget elementor-widget-heading\" data-id=\"a5cfaa3\" data-element_type=\"widget\" data-e-type=\"widget\" data-widget_type=\"heading.default\">\n\t\t\t\t<div class=\"elementor-widget-container\">\n\t\t\t\t\t<h2 class=\"elementor-heading-title elementor-size-default\">Arnavut\u00e7a, Almanca<\/h2>\t\t\t\t<\/div>\n\t\t\t\t<\/div>\n\t\t\t\t<div class=\"elementor-element elementor-element-e922e33 elementor-widget__width-initial elementor-widget elementor-widget-text-editor\" data-id=\"e922e33\" data-element_type=\"widget\" data-e-type=\"widget\" data-widget_type=\"text-editor.default\">\n\t\t\t\t<div class=\"elementor-widget-container\">\n\t\t\t\t\t\t\t\t\t<p>\u00c7e\u015fitlilik g\u00fc\u00e7t\u00fcr. Nefret bir g\u00f6r\u00fc\u015f de\u011fildir. Irk\u00e7\u0131l\u0131k Kar\u015f\u0131t\u0131 A\u011f\u0131 ile \u0131rk\u00e7\u0131l\u0131\u011fa ve ayr\u0131mc\u0131l\u0131\u011fa kar\u015f\u0131 birlikte duruyoruz \u2013 adil ve a\u00e7\u0131k bir toplum i\u00e7in. Bu y\u00fczden diyorum ki: Ayr\u0131mc\u0131l\u0131\u011f\u0131 durdurun. Irk\u00e7\u0131l\u0131\u011f\u0131 durdurun. Sayg\u0131 ve insanl\u0131k i\u00e7in birlikte.     <\/p>\t\t\t\t\t\t\t\t<\/div>\n\t\t\t\t<\/div>\n\t\t\t\t<div class=\"elementor-element elementor-element-5ee8c82 elementor-view-default elementor-widget elementor-widget-icon\" data-id=\"5ee8c82\" data-element_type=\"widget\" data-e-type=\"widget\" data-widget_type=\"icon.default\">\n\t\t\t\t<div class=\"elementor-widget-container\">\n\t\t\t\t\t\t\t<div class=\"elementor-icon-wrapper\">\n\t\t\t<div class=\"elementor-icon\">\n\t\t\t<i aria-hidden=\"true\" class=\"fab fa-linkedin\"><\/i>\t\t\t<\/div>\n\t\t<\/div>\n\t\t\t\t\t\t<\/div>\n\t\t\t\t<\/div>\n\t\t\t\t\t<\/div>\n\t\t<\/div>\n\t\t\t\t<div class=\"elementor-column elementor-col-33 elementor-top-column elementor-element elementor-element-ca8282a\" data-id=\"ca8282a\" data-element_type=\"column\" data-e-type=\"column\">\n\t\t\t<div class=\"elementor-widget-wrap elementor-element-populated\">\n\t\t\t\t\t\t<div class=\"elementor-element elementor-element-31c4061 elementor-widget elementor-widget-image\" data-id=\"31c4061\" data-element_type=\"widget\" data-e-type=\"widget\" data-widget_type=\"image.default\">\n\t\t\t\t<div class=\"elementor-widget-container\">\n\t\t\t\t\t\t\t\t\t\t\t\t\t\t\t<img loading=\"lazy\" decoding=\"async\" width=\"800\" height=\"640\" src=\"https:\/\/netzwerk-antirassismus.ch\/wp-content\/uploads\/2026\/03\/Aurelie-1024x819.jpeg\" class=\"attachment-large size-large wp-image-3041\" alt=\"Aur\u00e9lie\" srcset=\"https:\/\/netzwerk-antirassismus.ch\/wp-content\/uploads\/2026\/03\/Aurelie-1024x819.jpeg 1024w, https:\/\/netzwerk-antirassismus.ch\/wp-content\/uploads\/2026\/03\/Aurelie-300x240.jpeg 300w, https:\/\/netzwerk-antirassismus.ch\/wp-content\/uploads\/2026\/03\/Aurelie-768x614.jpeg 768w, https:\/\/netzwerk-antirassismus.ch\/wp-content\/uploads\/2026\/03\/Aurelie-1536x1229.jpeg 1536w, https:\/\/netzwerk-antirassismus.ch\/wp-content\/uploads\/2026\/03\/Aurelie.jpeg 2048w\" sizes=\"(max-width: 800px) 100vw, 800px\" \/>\t\t\t\t\t\t\t\t\t\t\t\t\t\t\t<\/div>\n\t\t\t\t<\/div>\n\t\t\t\t<div class=\"elementor-element elementor-element-40b75d9 elementor-widget elementor-widget-heading\" data-id=\"40b75d9\" data-element_type=\"widget\" data-e-type=\"widget\" data-widget_type=\"heading.default\">\n\t\t\t\t<div class=\"elementor-widget-container\">\n\t\t\t\t\t<h2 class=\"elementor-heading-title elementor-size-default\">Aur\u00e9lie<\/h2>\t\t\t\t<\/div>\n\t\t\t\t<\/div>\n\t\t\t\t<div class=\"elementor-element elementor-element-bc2738b elementor-widget elementor-widget-heading\" data-id=\"bc2738b\" data-element_type=\"widget\" data-e-type=\"widget\" data-widget_type=\"heading.default\">\n\t\t\t\t<div class=\"elementor-widget-container\">\n\t\t\t\t\t<h2 class=\"elementor-heading-title elementor-size-default\">Frans\u0131zca, Almanca<\/h2>\t\t\t\t<\/div>\n\t\t\t\t<\/div>\n\t\t\t\t<div class=\"elementor-element elementor-element-a734c7d elementor-widget__width-initial elementor-widget elementor-widget-text-editor\" data-id=\"a734c7d\" data-element_type=\"widget\" data-e-type=\"widget\" data-widget_type=\"text-editor.default\">\n\t\t\t\t<div class=\"elementor-widget-container\">\n\t\t\t\t\t\t\t\t\t<p>Her t\u00fcrl\u00fc ayr\u0131mc\u0131l\u0131\u011fa kar\u015f\u0131 m\u00fccadele ediyorum. Irk\u00e7\u0131l\u0131k Kar\u015f\u0131t\u0131 A\u011f\u0131 ile toplulu\u011fumu g\u00fc\u00e7lendirebilir ve daha fazla insana ula\u015fabilirim. Irk\u00e7\u0131l\u0131k \u00e7ok fazla zarar verebilece\u011fi i\u00e7in, insanlar\u0131 bu konuda bilin\u00e7lendirmek ve toplumda bir zihniyet de\u011fi\u015fikli\u011fi ba\u015flatmak benim i\u00e7in \u00f6nemlidir.  <\/p>\t\t\t\t\t\t\t\t<\/div>\n\t\t\t\t<\/div>\n\t\t\t\t<div class=\"elementor-element elementor-element-0c04754 elementor-view-default elementor-widget elementor-widget-icon\" data-id=\"0c04754\" data-element_type=\"widget\" data-e-type=\"widget\" data-widget_type=\"icon.default\">\n\t\t\t\t<div class=\"elementor-widget-container\">\n\t\t\t\t\t\t\t<div class=\"elementor-icon-wrapper\">\n\t\t\t<div class=\"elementor-icon\">\n\t\t\t<i aria-hidden=\"true\" class=\"fab fa-linkedin\"><\/i>\t\t\t<\/div>\n\t\t<\/div>\n\t\t\t\t\t\t<\/div>\n\t\t\t\t<\/div>\n\t\t\t\t\t<\/div>\n\t\t<\/div>\n\t\t\t\t\t<\/div>\n\t\t<\/section>\n\t\t\t\t<section class=\"elementor-section elementor-top-section elementor-element elementor-element-996f3a1 elementor-section-full_width elementor-section-height-default elementor-section-height-default\" data-id=\"996f3a1\" data-element_type=\"section\" data-e-type=\"section\">\n\t\t\t\t\t\t<div class=\"elementor-container elementor-column-gap-default\">\n\t\t\t\t\t<div class=\"elementor-column elementor-col-33 elementor-top-column elementor-element elementor-element-f83be68\" data-id=\"f83be68\" data-element_type=\"column\" data-e-type=\"column\">\n\t\t\t<div class=\"elementor-widget-wrap elementor-element-populated\">\n\t\t\t\t\t\t<div class=\"elementor-element elementor-element-9b05352 elementor-widget elementor-widget-image\" data-id=\"9b05352\" data-element_type=\"widget\" data-e-type=\"widget\" data-widget_type=\"image.default\">\n\t\t\t\t<div class=\"elementor-widget-container\">\n\t\t\t\t\t\t\t\t\t\t\t\t\t\t\t<img loading=\"lazy\" decoding=\"async\" width=\"800\" height=\"640\" src=\"https:\/\/netzwerk-antirassismus.ch\/wp-content\/uploads\/2026\/03\/Merhawi_1-1024x819.jpg\" class=\"attachment-large size-large wp-image-3034\" alt=\"Merhawi\" srcset=\"https:\/\/netzwerk-antirassismus.ch\/wp-content\/uploads\/2026\/03\/Merhawi_1-1024x819.jpg 1024w, https:\/\/netzwerk-antirassismus.ch\/wp-content\/uploads\/2026\/03\/Merhawi_1-300x240.jpg 300w, https:\/\/netzwerk-antirassismus.ch\/wp-content\/uploads\/2026\/03\/Merhawi_1-768x614.jpg 768w, https:\/\/netzwerk-antirassismus.ch\/wp-content\/uploads\/2026\/03\/Merhawi_1-1536x1228.jpg 1536w, https:\/\/netzwerk-antirassismus.ch\/wp-content\/uploads\/2026\/03\/Merhawi_1.jpg 1653w\" sizes=\"(max-width: 800px) 100vw, 800px\" \/>\t\t\t\t\t\t\t\t\t\t\t\t\t\t\t<\/div>\n\t\t\t\t<\/div>\n\t\t\t\t<div class=\"elementor-element elementor-element-bcea6db elementor-widget elementor-widget-heading\" data-id=\"bcea6db\" data-element_type=\"widget\" data-e-type=\"widget\" data-widget_type=\"heading.default\">\n\t\t\t\t<div class=\"elementor-widget-container\">\n\t\t\t\t\t<h2 class=\"elementor-heading-title elementor-size-default\">Merhawi<\/h2>\t\t\t\t<\/div>\n\t\t\t\t<\/div>\n\t\t\t\t<div class=\"elementor-element elementor-element-b4073ad elementor-widget elementor-widget-heading\" data-id=\"b4073ad\" data-element_type=\"widget\" data-e-type=\"widget\" data-widget_type=\"heading.default\">\n\t\t\t\t<div class=\"elementor-widget-container\">\n\t\t\t\t\t<h2 class=\"elementor-heading-title elementor-size-default\">Amharca, Tigrinya, Almanca<\/h2>\t\t\t\t<\/div>\n\t\t\t\t<\/div>\n\t\t\t\t<div class=\"elementor-element elementor-element-c0f1d58 elementor-widget__width-initial elementor-widget elementor-widget-text-editor\" data-id=\"c0f1d58\" data-element_type=\"widget\" data-e-type=\"widget\" data-widget_type=\"text-editor.default\">\n\t\t\t\t<div class=\"elementor-widget-container\">\n\t\t\t\t\t\t\t\t\t<p>Irk\u00e7\u0131l\u0131k Kar\u015f\u0131t\u0131 A\u011f\u0131&#8217;nda \u00e7al\u0131\u015farak, toplulu\u011fumu bilin\u00e7lendirmek ve g\u00fc\u00e7lendirmek istiyorum, b\u00f6ylece \u0131rk\u00e7\u0131l\u0131ktan etkilenen insanlar kendilerini ifade edebilir ve duyulabilirler. Toplulu\u011fum ile toplum aras\u0131nda bir k\u00f6pr\u00fc kurmak i\u00e7in \u00e7al\u0131\u015f\u0131yorum. <\/p>\t\t\t\t\t\t\t\t<\/div>\n\t\t\t\t<\/div>\n\t\t\t\t<div class=\"elementor-element elementor-element-bdad878 elementor-view-default elementor-widget elementor-widget-icon\" data-id=\"bdad878\" data-element_type=\"widget\" data-e-type=\"widget\" data-widget_type=\"icon.default\">\n\t\t\t\t<div class=\"elementor-widget-container\">\n\t\t\t\t\t\t\t<div class=\"elementor-icon-wrapper\">\n\t\t\t<div class=\"elementor-icon\">\n\t\t\t<i aria-hidden=\"true\" class=\"fab fa-linkedin\"><\/i>\t\t\t<\/div>\n\t\t<\/div>\n\t\t\t\t\t\t<\/div>\n\t\t\t\t<\/div>\n\t\t\t\t\t<\/div>\n\t\t<\/div>\n\t\t\t\t<div class=\"elementor-column elementor-col-33 elementor-top-column elementor-element elementor-element-fcff154\" data-id=\"fcff154\" data-element_type=\"column\" data-e-type=\"column\">\n\t\t\t<div class=\"elementor-widget-wrap elementor-element-populated\">\n\t\t\t\t\t\t<div class=\"elementor-element elementor-element-3f7fd26 elementor-widget elementor-widget-image\" data-id=\"3f7fd26\" data-element_type=\"widget\" data-e-type=\"widget\" data-widget_type=\"image.default\">\n\t\t\t\t<div class=\"elementor-widget-container\">\n\t\t\t\t\t\t\t\t\t\t\t\t\t\t\t<img loading=\"lazy\" decoding=\"async\" width=\"800\" height=\"640\" src=\"https:\/\/netzwerk-antirassismus.ch\/wp-content\/uploads\/2026\/03\/Ana-1024x819.jpeg\" class=\"attachment-large size-large wp-image-3042\" alt=\"Ana\" srcset=\"https:\/\/netzwerk-antirassismus.ch\/wp-content\/uploads\/2026\/03\/Ana-1024x819.jpeg 1024w, https:\/\/netzwerk-antirassismus.ch\/wp-content\/uploads\/2026\/03\/Ana-300x240.jpeg 300w, https:\/\/netzwerk-antirassismus.ch\/wp-content\/uploads\/2026\/03\/Ana-768x614.jpeg 768w, https:\/\/netzwerk-antirassismus.ch\/wp-content\/uploads\/2026\/03\/Ana-1536x1229.jpeg 1536w, https:\/\/netzwerk-antirassismus.ch\/wp-content\/uploads\/2026\/03\/Ana.jpeg 2048w\" sizes=\"(max-width: 800px) 100vw, 800px\" \/>\t\t\t\t\t\t\t\t\t\t\t\t\t\t\t<\/div>\n\t\t\t\t<\/div>\n\t\t\t\t<div class=\"elementor-element elementor-element-7ccc209 elementor-widget elementor-widget-heading\" data-id=\"7ccc209\" data-element_type=\"widget\" data-e-type=\"widget\" data-widget_type=\"heading.default\">\n\t\t\t\t<div class=\"elementor-widget-container\">\n\t\t\t\t\t<h2 class=\"elementor-heading-title elementor-size-default\">Ana<\/h2>\t\t\t\t<\/div>\n\t\t\t\t<\/div>\n\t\t\t\t<div class=\"elementor-element elementor-element-16aee44 elementor-widget elementor-widget-heading\" data-id=\"16aee44\" data-element_type=\"widget\" data-e-type=\"widget\" data-widget_type=\"heading.default\">\n\t\t\t\t<div class=\"elementor-widget-container\">\n\t\t\t\t\t<h2 class=\"elementor-heading-title elementor-size-default\">\u0130spanyolca, Almanca, \u0130ngilizce<\/h2>\t\t\t\t<\/div>\n\t\t\t\t<\/div>\n\t\t\t\t<div class=\"elementor-element elementor-element-c023a34 elementor-widget__width-initial elementor-widget elementor-widget-text-editor\" data-id=\"c023a34\" data-element_type=\"widget\" data-e-type=\"widget\" data-widget_type=\"text-editor.default\">\n\t\t\t\t<div class=\"elementor-widget-container\">\n\t\t\t\t\t\t\t\t\t<p>Irk\u00e7\u0131l\u0131k Kar\u015f\u0131t\u0131 A\u011f\u0131&#8217;nda \u00e7al\u0131\u015fmak benim i\u00e7in \u00f6nemli, \u00e7\u00fcnk\u00fc a\u00e7\u0131k\u00e7a konu\u015fulmas\u0131 gereken ve toplumumuzun destek ve bilin\u00e7lendirmeye ihtiya\u00e7 duydu\u011fu bir konudur.<\/p>\t\t\t\t\t\t\t\t<\/div>\n\t\t\t\t<\/div>\n\t\t\t\t<div class=\"elementor-element elementor-element-477db6c elementor-view-default elementor-widget elementor-widget-icon\" data-id=\"477db6c\" data-element_type=\"widget\" data-e-type=\"widget\" data-widget_type=\"icon.default\">\n\t\t\t\t<div class=\"elementor-widget-container\">\n\t\t\t\t\t\t\t<div class=\"elementor-icon-wrapper\">\n\t\t\t<div class=\"elementor-icon\">\n\t\t\t<i aria-hidden=\"true\" class=\"fab fa-linkedin\"><\/i>\t\t\t<\/div>\n\t\t<\/div>\n\t\t\t\t\t\t<\/div>\n\t\t\t\t<\/div>\n\t\t\t\t\t<\/div>\n\t\t<\/div>\n\t\t\t\t<div class=\"elementor-column elementor-col-33 elementor-top-column elementor-element elementor-element-24ee747\" data-id=\"24ee747\" data-element_type=\"column\" data-e-type=\"column\">\n\t\t\t<div class=\"elementor-widget-wrap elementor-element-populated\">\n\t\t\t\t\t\t<div class=\"elementor-element elementor-element-6dac7a9 elementor-widget elementor-widget-image\" data-id=\"6dac7a9\" data-element_type=\"widget\" data-e-type=\"widget\" data-widget_type=\"image.default\">\n\t\t\t\t<div class=\"elementor-widget-container\">\n\t\t\t\t\t\t\t\t\t\t\t\t\t\t\t<img loading=\"lazy\" decoding=\"async\" width=\"800\" height=\"640\" src=\"https:\/\/netzwerk-antirassismus.ch\/wp-content\/uploads\/2026\/03\/Hassan-1-1024x819.jpeg\" class=\"attachment-large size-large wp-image-3043\" alt=\"Hassan\" srcset=\"https:\/\/netzwerk-antirassismus.ch\/wp-content\/uploads\/2026\/03\/Hassan-1-1024x819.jpeg 1024w, https:\/\/netzwerk-antirassismus.ch\/wp-content\/uploads\/2026\/03\/Hassan-1-300x240.jpeg 300w, https:\/\/netzwerk-antirassismus.ch\/wp-content\/uploads\/2026\/03\/Hassan-1-768x614.jpeg 768w, https:\/\/netzwerk-antirassismus.ch\/wp-content\/uploads\/2026\/03\/Hassan-1-1536x1229.jpeg 1536w, https:\/\/netzwerk-antirassismus.ch\/wp-content\/uploads\/2026\/03\/Hassan-1.jpeg 2048w\" sizes=\"(max-width: 800px) 100vw, 800px\" \/>\t\t\t\t\t\t\t\t\t\t\t\t\t\t\t<\/div>\n\t\t\t\t<\/div>\n\t\t\t\t<div class=\"elementor-element elementor-element-c3a3f10 elementor-widget elementor-widget-heading\" data-id=\"c3a3f10\" data-element_type=\"widget\" data-e-type=\"widget\" data-widget_type=\"heading.default\">\n\t\t\t\t<div class=\"elementor-widget-container\">\n\t\t\t\t\t<h2 class=\"elementor-heading-title elementor-size-default\">Hassan<\/h2>\t\t\t\t<\/div>\n\t\t\t\t<\/div>\n\t\t\t\t<div class=\"elementor-element elementor-element-667e40c elementor-widget elementor-widget-heading\" data-id=\"667e40c\" data-element_type=\"widget\" data-e-type=\"widget\" data-widget_type=\"heading.default\">\n\t\t\t\t<div class=\"elementor-widget-container\">\n\t\t\t\t\t<h2 class=\"elementor-heading-title elementor-size-default\">Somalice, Almanca<\/h2>\t\t\t\t<\/div>\n\t\t\t\t<\/div>\n\t\t\t\t<div class=\"elementor-element elementor-element-a625b9f elementor-widget__width-initial elementor-widget elementor-widget-text-editor\" data-id=\"a625b9f\" data-element_type=\"widget\" data-e-type=\"widget\" data-widget_type=\"text-editor.default\">\n\t\t\t\t<div class=\"elementor-widget-container\">\n\t\t\t\t\t\t\t\t\t<p>Irk\u00e7\u0131l\u0131k A\u011f\u0131&#8217;nda yer al\u0131yorum \u00e7\u00fcnk\u00fc \u0131rk\u00e7\u0131l\u0131\u011f\u0131n yeterince alg\u0131lanmad\u0131\u011f\u0131n\u0131 ve ona kar\u015f\u0131 m\u00fccadele edilmedi\u011fini d\u00fc\u015f\u00fcn\u00fcyorum. \u0130nsanlar\u0131n bar\u0131\u015f i\u00e7inde ve uyum i\u00e7inde ya\u015fayabilece\u011fi bir toplumda ya\u015famak istiyorum. <\/p>\t\t\t\t\t\t\t\t<\/div>\n\t\t\t\t<\/div>\n\t\t\t\t<div class=\"elementor-element elementor-element-09ac910 elementor-view-default elementor-widget elementor-widget-icon\" data-id=\"09ac910\" data-element_type=\"widget\" data-e-type=\"widget\" data-widget_type=\"icon.default\">\n\t\t\t\t<div class=\"elementor-widget-container\">\n\t\t\t\t\t\t\t<div class=\"elementor-icon-wrapper\">\n\t\t\t<div class=\"elementor-icon\">\n\t\t\t<i aria-hidden=\"true\" class=\"fab fa-linkedin\"><\/i>\t\t\t<\/div>\n\t\t<\/div>\n\t\t\t\t\t\t<\/div>\n\t\t\t\t<\/div>\n\t\t\t\t\t<\/div>\n\t\t<\/div>\n\t\t\t\t\t<\/div>\n\t\t<\/section>\n\t\t\t\t<section class=\"elementor-section elementor-top-section elementor-element elementor-element-1efc844 elementor-section-full_width elementor-section-height-default elementor-section-height-default\" data-id=\"1efc844\" data-element_type=\"section\" data-e-type=\"section\">\n\t\t\t\t\t\t<div class=\"elementor-container elementor-column-gap-default\">\n\t\t\t\t\t<div class=\"elementor-column elementor-col-33 elementor-top-column elementor-element elementor-element-4e3aa25\" data-id=\"4e3aa25\" data-element_type=\"column\" data-e-type=\"column\">\n\t\t\t<div class=\"elementor-widget-wrap elementor-element-populated\">\n\t\t\t\t\t\t<div class=\"elementor-element elementor-element-f3efdf7 elementor-widget elementor-widget-image\" data-id=\"f3efdf7\" data-element_type=\"widget\" data-e-type=\"widget\" data-widget_type=\"image.default\">\n\t\t\t\t<div class=\"elementor-widget-container\">\n\t\t\t\t\t\t\t\t\t\t\t\t\t\t\t<img loading=\"lazy\" decoding=\"async\" width=\"800\" height=\"641\" src=\"https:\/\/netzwerk-antirassismus.ch\/wp-content\/uploads\/2026\/03\/Aaron-1024x820.jpeg\" class=\"attachment-large size-large wp-image-3044\" alt=\"Aaron\" srcset=\"https:\/\/netzwerk-antirassismus.ch\/wp-content\/uploads\/2026\/03\/Aaron-1024x820.jpeg 1024w, https:\/\/netzwerk-antirassismus.ch\/wp-content\/uploads\/2026\/03\/Aaron-300x240.jpeg 300w, https:\/\/netzwerk-antirassismus.ch\/wp-content\/uploads\/2026\/03\/Aaron-768x615.jpeg 768w, https:\/\/netzwerk-antirassismus.ch\/wp-content\/uploads\/2026\/03\/Aaron-1536x1229.jpeg 1536w, https:\/\/netzwerk-antirassismus.ch\/wp-content\/uploads\/2026\/03\/Aaron.jpeg 2048w\" sizes=\"(max-width: 800px) 100vw, 800px\" \/>\t\t\t\t\t\t\t\t\t\t\t\t\t\t\t<\/div>\n\t\t\t\t<\/div>\n\t\t\t\t<div class=\"elementor-element elementor-element-1229051 elementor-widget elementor-widget-heading\" data-id=\"1229051\" data-element_type=\"widget\" data-e-type=\"widget\" data-widget_type=\"heading.default\">\n\t\t\t\t<div class=\"elementor-widget-container\">\n\t\t\t\t\t<h2 class=\"elementor-heading-title elementor-size-default\">Aaron<\/h2>\t\t\t\t<\/div>\n\t\t\t\t<\/div>\n\t\t\t\t<div class=\"elementor-element elementor-element-4cf333a elementor-widget elementor-widget-heading\" data-id=\"4cf333a\" data-element_type=\"widget\" data-e-type=\"widget\" data-widget_type=\"heading.default\">\n\t\t\t\t<div class=\"elementor-widget-container\">\n\t\t\t\t\t<h2 class=\"elementor-heading-title elementor-size-default\">\u0130ngilizce, Almanca<\/h2>\t\t\t\t<\/div>\n\t\t\t\t<\/div>\n\t\t\t\t<div class=\"elementor-element elementor-element-ded9c97 elementor-widget__width-initial elementor-widget elementor-widget-text-editor\" data-id=\"ded9c97\" data-element_type=\"widget\" data-e-type=\"widget\" data-widget_type=\"text-editor.default\">\n\t\t\t\t<div class=\"elementor-widget-container\">\n\t\t\t\t\t\t\t\t\t<p>Irk\u00e7\u0131l\u0131k Kar\u015f\u0131t\u0131 A\u011f\u0131&#8217;nda yer al\u0131yorum \u00e7\u00fcnk\u00fc \u00e7evremdeki bir\u00e7ok insan i\u00e7in \u0131rk\u00e7\u0131l\u0131k g\u00fcnl\u00fck bir ger\u00e7eklik. Uzun y\u0131llard\u0131r yapt\u0131\u011f\u0131m topluluk \u00e7al\u0131\u015fmalar\u0131ndan, g\u00f6r\u00fcn\u00fcrl\u00fc\u011f\u00fcn, g\u00fcvenli alanlar\u0131n ve kar\u015f\u0131l\u0131kl\u0131 g\u00fc\u00e7lenmenin ne kadar \u00f6nemli oldu\u011funu biliyorum. Benim i\u00e7in \u0131rk\u00e7\u0131l\u0131\u011f\u0131 sadece adland\u0131rmak de\u011fil, ayn\u0131 zamanda aktif olarak ona kar\u015f\u0131 hareket etmek, dinlemek, deneyimleri ciddiye almak ve topluluklar ile toplumsal yap\u0131lar aras\u0131nda k\u00f6pr\u00fcler kurmak \u00f6nemlidir. A\u011f, bilgi payla\u015fmam\u0131, birbirimizden \u00f6\u011frenmemizi ve birlikte sorumluluk almam\u0131z\u0131 sa\u011fl\u0131yor.   <\/p>\t\t\t\t\t\t\t\t<\/div>\n\t\t\t\t<\/div>\n\t\t\t\t<div class=\"elementor-element elementor-element-ff52e92 elementor-view-default elementor-widget elementor-widget-icon\" data-id=\"ff52e92\" data-element_type=\"widget\" data-e-type=\"widget\" data-widget_type=\"icon.default\">\n\t\t\t\t<div class=\"elementor-widget-container\">\n\t\t\t\t\t\t\t<div class=\"elementor-icon-wrapper\">\n\t\t\t<div class=\"elementor-icon\">\n\t\t\t<i aria-hidden=\"true\" class=\"fab fa-linkedin\"><\/i>\t\t\t<\/div>\n\t\t<\/div>\n\t\t\t\t\t\t<\/div>\n\t\t\t\t<\/div>\n\t\t\t\t\t<\/div>\n\t\t<\/div>\n\t\t\t\t<div class=\"elementor-column elementor-col-33 elementor-top-column elementor-element elementor-element-ec5fbd7\" data-id=\"ec5fbd7\" data-element_type=\"column\" data-e-type=\"column\">\n\t\t\t<div class=\"elementor-widget-wrap elementor-element-populated\">\n\t\t\t\t\t\t<div class=\"elementor-element elementor-element-c75d3ca elementor-widget elementor-widget-image\" data-id=\"c75d3ca\" data-element_type=\"widget\" data-e-type=\"widget\" data-widget_type=\"image.default\">\n\t\t\t\t<div class=\"elementor-widget-container\">\n\t\t\t\t\t\t\t\t\t\t\t\t\t\t\t<img loading=\"lazy\" decoding=\"async\" width=\"800\" height=\"640\" src=\"https:\/\/netzwerk-antirassismus.ch\/wp-content\/uploads\/2026\/03\/Anoopa_1-1024x819.jpg\" class=\"attachment-large size-large wp-image-3031\" alt=\"Anoopa\" srcset=\"https:\/\/netzwerk-antirassismus.ch\/wp-content\/uploads\/2026\/03\/Anoopa_1-1024x819.jpg 1024w, https:\/\/netzwerk-antirassismus.ch\/wp-content\/uploads\/2026\/03\/Anoopa_1-300x240.jpg 300w, https:\/\/netzwerk-antirassismus.ch\/wp-content\/uploads\/2026\/03\/Anoopa_1-768x614.jpg 768w, https:\/\/netzwerk-antirassismus.ch\/wp-content\/uploads\/2026\/03\/Anoopa_1-1536x1228.jpg 1536w, https:\/\/netzwerk-antirassismus.ch\/wp-content\/uploads\/2026\/03\/Anoopa_1.jpg 1653w\" sizes=\"(max-width: 800px) 100vw, 800px\" \/>\t\t\t\t\t\t\t\t\t\t\t\t\t\t\t<\/div>\n\t\t\t\t<\/div>\n\t\t\t\t<div class=\"elementor-element elementor-element-880f69a elementor-widget elementor-widget-heading\" data-id=\"880f69a\" data-element_type=\"widget\" data-e-type=\"widget\" data-widget_type=\"heading.default\">\n\t\t\t\t<div class=\"elementor-widget-container\">\n\t\t\t\t\t<h2 class=\"elementor-heading-title elementor-size-default\">Anoopa<\/h2>\t\t\t\t<\/div>\n\t\t\t\t<\/div>\n\t\t\t\t<div class=\"elementor-element elementor-element-ab240e2 elementor-widget elementor-widget-heading\" data-id=\"ab240e2\" data-element_type=\"widget\" data-e-type=\"widget\" data-widget_type=\"heading.default\">\n\t\t\t\t<div class=\"elementor-widget-container\">\n\t\t\t\t\t<h2 class=\"elementor-heading-title elementor-size-default\">Malayalam, Almanca, \u0130ngilizce<\/h2>\t\t\t\t<\/div>\n\t\t\t\t<\/div>\n\t\t\t\t<div class=\"elementor-element elementor-element-3a774a0 elementor-widget__width-initial elementor-widget elementor-widget-text-editor\" data-id=\"3a774a0\" data-element_type=\"widget\" data-e-type=\"widget\" data-widget_type=\"text-editor.default\">\n\t\t\t\t<div class=\"elementor-widget-container\">\n\t\t\t\t\t\t\t\t\t<p>Irk\u00e7\u0131l\u0131k Kar\u015f\u0131t\u0131 A\u011f\u0131 ile \u00e7al\u0131\u015fmak benim i\u00e7in \u00e7ok \u00f6nemli, \u00e7\u00fcnk\u00fc \u00e7ocuklu\u011fumdan beri \u0131rk\u00e7\u0131l\u0131kla kar\u015f\u0131 kar\u015f\u0131yay\u0131m. Deneyimlerimi, toplulu\u011fum ile toplum aras\u0131nda bir k\u00f6pr\u00fc kurmak, ayr\u0131mc\u0131 anlat\u0131lar\u0131 de\u011fi\u015ftirmek ve de\u011fi\u015fim i\u00e7in fark\u0131ndal\u0131k yaratmak i\u00e7in kullanmak istiyorum. Ben de bu alanda bir \u015feylerin de\u011fi\u015fmesini istiyorum. Bu y\u00fczden Irk\u00e7\u0131l\u0131k Kar\u015f\u0131t\u0131 A\u011f\u0131&#8217;nda yer al\u0131yorum.   <\/p>\t\t\t\t\t\t\t\t<\/div>\n\t\t\t\t<\/div>\n\t\t\t\t<div class=\"elementor-element elementor-element-f2ed462 elementor-view-default elementor-widget elementor-widget-icon\" data-id=\"f2ed462\" data-element_type=\"widget\" data-e-type=\"widget\" data-widget_type=\"icon.default\">\n\t\t\t\t<div class=\"elementor-widget-container\">\n\t\t\t\t\t\t\t<div class=\"elementor-icon-wrapper\">\n\t\t\t<div class=\"elementor-icon\">\n\t\t\t<i aria-hidden=\"true\" class=\"fab fa-linkedin\"><\/i>\t\t\t<\/div>\n\t\t<\/div>\n\t\t\t\t\t\t<\/div>\n\t\t\t\t<\/div>\n\t\t\t\t\t<\/div>\n\t\t<\/div>\n\t\t\t\t<div class=\"elementor-column elementor-col-33 elementor-top-column elementor-element elementor-element-a3dd39e\" data-id=\"a3dd39e\" data-element_type=\"column\" data-e-type=\"column\">\n\t\t\t<div class=\"elementor-widget-wrap elementor-element-populated\">\n\t\t\t\t\t\t<div class=\"elementor-element elementor-element-52f244d elementor-widget elementor-widget-image\" data-id=\"52f244d\" data-element_type=\"widget\" data-e-type=\"widget\" data-widget_type=\"image.default\">\n\t\t\t\t<div class=\"elementor-widget-container\">\n\t\t\t\t\t\t\t\t\t\t\t\t\t\t\t<img loading=\"lazy\" decoding=\"async\" width=\"800\" height=\"640\" src=\"https:\/\/netzwerk-antirassismus.ch\/wp-content\/uploads\/2026\/03\/Cristina_1-1024x819.jpg\" class=\"attachment-large size-large wp-image-3032\" alt=\"Cristina\" srcset=\"https:\/\/netzwerk-antirassismus.ch\/wp-content\/uploads\/2026\/03\/Cristina_1-1024x819.jpg 1024w, https:\/\/netzwerk-antirassismus.ch\/wp-content\/uploads\/2026\/03\/Cristina_1-300x240.jpg 300w, https:\/\/netzwerk-antirassismus.ch\/wp-content\/uploads\/2026\/03\/Cristina_1-768x614.jpg 768w, https:\/\/netzwerk-antirassismus.ch\/wp-content\/uploads\/2026\/03\/Cristina_1-1536x1228.jpg 1536w, https:\/\/netzwerk-antirassismus.ch\/wp-content\/uploads\/2026\/03\/Cristina_1.jpg 1653w\" sizes=\"(max-width: 800px) 100vw, 800px\" \/>\t\t\t\t\t\t\t\t\t\t\t\t\t\t\t<\/div>\n\t\t\t\t<\/div>\n\t\t\t\t<div class=\"elementor-element elementor-element-c3f2d20 elementor-widget elementor-widget-heading\" data-id=\"c3f2d20\" data-element_type=\"widget\" data-e-type=\"widget\" data-widget_type=\"heading.default\">\n\t\t\t\t<div class=\"elementor-widget-container\">\n\t\t\t\t\t<h2 class=\"elementor-heading-title elementor-size-default\">Cristina<\/h2>\t\t\t\t<\/div>\n\t\t\t\t<\/div>\n\t\t\t\t<div class=\"elementor-element elementor-element-6f0a4df elementor-widget elementor-widget-heading\" data-id=\"6f0a4df\" data-element_type=\"widget\" data-e-type=\"widget\" data-widget_type=\"heading.default\">\n\t\t\t\t<div class=\"elementor-widget-container\">\n\t\t\t\t\t<h2 class=\"elementor-heading-title elementor-size-default\">Romence, Almanca, \u0130talyanca <\/h2>\t\t\t\t<\/div>\n\t\t\t\t<\/div>\n\t\t\t\t<div class=\"elementor-element elementor-element-4dc6d33 elementor-widget__width-initial elementor-widget elementor-widget-text-editor\" data-id=\"4dc6d33\" data-element_type=\"widget\" data-e-type=\"widget\" data-widget_type=\"text-editor.default\">\n\t\t\t\t<div class=\"elementor-widget-container\">\n\t\t\t\t\t\t\t\t\t<p>\u00d6nyarg\u0131larla m\u00fccadele etmek ve \u0131rk\u00e7\u0131l\u0131k ile ayr\u0131mc\u0131l\u0131k olaylar\u0131n\u0131 azaltmak cesaret ve b\u00fcy\u00fck bir ba\u011fl\u0131l\u0131k gerektirir. Bunun i\u00e7in \u00e7aba g\u00f6steren ve ayr\u0131mc\u0131l\u0131\u011fa kar\u015f\u0131 daha g\u00fc\u00e7l\u00fc bir korumaya ve yasal temelin de\u011fi\u015ftirilmesine katk\u0131da bulunan insanlara ihtiya\u00e7 vard\u0131r. <\/p>\t\t\t\t\t\t\t\t<\/div>\n\t\t\t\t<\/div>\n\t\t\t\t<div class=\"elementor-element elementor-element-fb114eb elementor-view-default elementor-widget elementor-widget-icon\" data-id=\"fb114eb\" data-element_type=\"widget\" data-e-type=\"widget\" data-widget_type=\"icon.default\">\n\t\t\t\t<div class=\"elementor-widget-container\">\n\t\t\t\t\t\t\t<div class=\"elementor-icon-wrapper\">\n\t\t\t<div class=\"elementor-icon\">\n\t\t\t<i aria-hidden=\"true\" class=\"fab fa-linkedin\"><\/i>\t\t\t<\/div>\n\t\t<\/div>\n\t\t\t\t\t\t<\/div>\n\t\t\t\t<\/div>\n\t\t\t\t\t<\/div>\n\t\t<\/div>\n\t\t\t\t\t<\/div>\n\t\t<\/section>\n\t\t\t\t<section class=\"elementor-section elementor-top-section elementor-element elementor-element-261cd705 elementor-section-content-middle elementor-reverse-tablet elementor-reverse-mobile elementor-section-height-min-height elementor-section-items-top elementor-section-full_width elementor-section-height-default\" data-id=\"261cd705\" data-element_type=\"section\" data-e-type=\"section\" data-settings=\"{&quot;background_background&quot;:&quot;classic&quot;}\">\n\t\t\t\t\t\t<div class=\"elementor-container elementor-column-gap-no\">\n\t\t\t\t\t<div class=\"elementor-column elementor-col-50 elementor-top-column elementor-element elementor-element-7370b30d\" data-id=\"7370b30d\" data-element_type=\"column\" data-e-type=\"column\">\n\t\t\t<div class=\"elementor-widget-wrap elementor-element-populated\">\n\t\t\t\t\t\t<div class=\"elementor-element elementor-element-1b9a9e9d elementor-widget__width-initial elementor-invisible elementor-widget elementor-widget-heading\" data-id=\"1b9a9e9d\" data-element_type=\"widget\" data-e-type=\"widget\" data-settings=\"{&quot;_animation&quot;:&quot;slideInRight&quot;}\" data-widget_type=\"heading.default\">\n\t\t\t\t<div class=\"elementor-widget-container\">\n\t\t\t\t\t<h3 class=\"elementor-heading-title elementor-size-default\">Bizimle konu\u015fun.\nYaln\u0131z de\u011filsiniz. Dinliyoruz. \n<\/h3>\t\t\t\t<\/div>\n\t\t\t\t<\/div>\n\t\t\t\t<div class=\"elementor-element elementor-element-57c081f6 elementor-widget__width-initial elementor-widget elementor-widget-text-editor\" data-id=\"57c081f6\" data-element_type=\"widget\" data-e-type=\"widget\" data-widget_type=\"text-editor.default\">\n\t\t\t\t<div class=\"elementor-widget-container\">\n\t\t\t\t\t\t\t\t\t<p><span style=\"text-decoration: underline; text-decoration-color: #f6b3d5; text-decoration-thickness: 3px; text-underline-offset: 3px;\">Irk\u00e7\u0131 ayr\u0131mc\u0131l\u0131k ya\u015fad\u0131n\u0131z m\u0131 veya g\u00f6zlemlediniz mi?<\/span> Basel-Stadt Irk\u00e7\u0131l\u0131k Kar\u015f\u0131t\u0131 A\u011f\u0131, deneyimlerinizi konu\u015fman\u0131z i\u00e7in size <span style=\"text-decoration: underline; text-decoration-color: #f6b3d5; text-decoration-thickness: 3px; text-underline-offset: 3px;\">korunakl\u0131 bir alan<\/span> sunar. Sizi ciddiye al\u0131yor, destekliyor ve olas\u0131 sonraki ad\u0131mlar\u0131 g\u00f6steriyoruz. Deneyimleriniz bizde g\u00fcvendedir, gizli ve sayg\u0131l\u0131 bir \u015fekilde hareket ediyoruz.  <br><span style=\"text-decoration: underline; text-decoration-color: #f6b3d5; text-decoration-thickness: 3px; text-underline-offset: 3px;\"><br>A\u00e7\u0131k izniniz olmadan hi\u00e7bir \u015fey yap\u0131lmayacakt\u0131r.<\/span><\/p>\t\t\t\t\t\t\t\t<\/div>\n\t\t\t\t<\/div>\n\t\t\t\t\t<\/div>\n\t\t<\/div>\n\t\t\t\t<div class=\"elementor-column elementor-col-50 elementor-top-column elementor-element elementor-element-34b6e47a\" data-id=\"34b6e47a\" data-element_type=\"column\" data-e-type=\"column\">\n\t\t\t<div class=\"elementor-widget-wrap elementor-element-populated\">\n\t\t\t\t\t\t<div class=\"elementor-element elementor-element-3c0a2301 elementor-hidden-mobile elementor-widget elementor-widget-spacer\" data-id=\"3c0a2301\" data-element_type=\"widget\" data-e-type=\"widget\" data-widget_type=\"spacer.default\">\n\t\t\t\t<div class=\"elementor-widget-container\">\n\t\t\t\t\t\t\t<div class=\"elementor-spacer\">\n\t\t\t<div class=\"elementor-spacer-inner\"><\/div>\n\t\t<\/div>\n\t\t\t\t\t\t<\/div>\n\t\t\t\t<\/div>\n\t\t\t\t<div class=\"elementor-element elementor-element-1fc27248 elementor-invisible elementor-widget elementor-widget-image\" data-id=\"1fc27248\" data-element_type=\"widget\" data-e-type=\"widget\" data-settings=\"{&quot;motion_fx_motion_fx_mouse&quot;:&quot;yes&quot;,&quot;motion_fx_mouseTrack_effect&quot;:&quot;yes&quot;,&quot;motion_fx_mouseTrack_direction&quot;:&quot;negative&quot;,&quot;_animation&quot;:&quot;fadeInUp&quot;,&quot;motion_fx_mouseTrack_speed&quot;:{&quot;unit&quot;:&quot;px&quot;,&quot;size&quot;:1,&quot;sizes&quot;:[]}}\" data-widget_type=\"image.default\">\n\t\t\t\t<div class=\"elementor-widget-container\">\n\t\t\t\t\t\t\t\t\t\t\t\t\t\t\t<img loading=\"lazy\" decoding=\"async\" width=\"800\" height=\"452\" src=\"https:\/\/netzwerk-antirassismus.ch\/wp-content\/uploads\/2026\/03\/Sprich-mit-uns-1024x578.png\" class=\"attachment-large size-large wp-image-3045\" alt=\"\" srcset=\"https:\/\/netzwerk-antirassismus.ch\/wp-content\/uploads\/2026\/03\/Sprich-mit-uns-1024x578.png 1024w, https:\/\/netzwerk-antirassismus.ch\/wp-content\/uploads\/2026\/03\/Sprich-mit-uns-300x169.png 300w, https:\/\/netzwerk-antirassismus.ch\/wp-content\/uploads\/2026\/03\/Sprich-mit-uns-768x434.png 768w, https:\/\/netzwerk-antirassismus.ch\/wp-content\/uploads\/2026\/03\/Sprich-mit-uns.png 1071w\" sizes=\"(max-width: 800px) 100vw, 800px\" \/>\t\t\t\t\t\t\t\t\t\t\t\t\t\t\t<\/div>\n\t\t\t\t<\/div>\n\t\t\t\t\t<\/div>\n\t\t<\/div>\n\t\t\t\t\t<\/div>\n\t\t<\/section>\n\t\t\t\t<section class=\"elementor-section elementor-top-section elementor-element elementor-element-5a850ccd elementor-section-full_width elementor-reverse-mobile elementor-section-height-default elementor-section-height-default\" data-id=\"5a850ccd\" data-element_type=\"section\" data-e-type=\"section\" data-settings=\"{&quot;background_background&quot;:&quot;classic&quot;}\">\n\t\t\t\t\t\t<div class=\"elementor-container elementor-column-gap-default\">\n\t\t\t\t\t<div class=\"elementor-column elementor-col-25 elementor-top-column elementor-element elementor-element-48a351c9\" data-id=\"48a351c9\" data-element_type=\"column\" data-e-type=\"column\">\n\t\t\t<div class=\"elementor-widget-wrap elementor-element-populated\">\n\t\t\t\t\t\t<div class=\"elementor-element elementor-element-b53c097 elementor-button-info elementor-align-justify elementor-widget__width-initial elementor-widget elementor-widget-button\" data-id=\"b53c097\" data-element_type=\"widget\" data-e-type=\"widget\" data-widget_type=\"button.default\">\n\t\t\t\t<div class=\"elementor-widget-container\">\n\t\t\t\t\t\t\t\t\t<div class=\"elementor-button-wrapper\">\n\t\t\t\t\t<a class=\"elementor-button elementor-button-link elementor-size-sm\" href=\"#\">\n\t\t\t\t\t\t<span class=\"elementor-button-content-wrapper\">\n\t\t\t\t\t\t\t\t\t<span class=\"elementor-button-text\">Irk\u00e7\u0131l\u0131\u011f\u0131 Bildir<\/span>\n\t\t\t\t\t<\/span>\n\t\t\t\t\t<\/a>\n\t\t\t\t<\/div>\n\t\t\t\t\t\t\t\t<\/div>\n\t\t\t\t<\/div>\n\t\t\t\t\t<\/div>\n\t\t<\/div>\n\t\t\t\t<div class=\"elementor-column elementor-col-25 elementor-top-column elementor-element elementor-element-42d48d66\" data-id=\"42d48d66\" data-element_type=\"column\" data-e-type=\"column\">\n\t\t\t<div class=\"elementor-widget-wrap elementor-element-populated\">\n\t\t\t\t\t\t<div class=\"elementor-element elementor-element-38190a69 elementor-button-info elementor-align-justify elementor-widget__width-initial elementor-widget elementor-widget-button\" data-id=\"38190a69\" data-element_type=\"widget\" data-e-type=\"widget\" data-widget_type=\"button.default\">\n\t\t\t\t<div class=\"elementor-widget-container\">\n\t\t\t\t\t\t\t\t\t<div class=\"elementor-button-wrapper\">\n\t\t\t\t\t<a class=\"elementor-button elementor-button-link elementor-size-sm\" href=\"#\">\n\t\t\t\t\t\t<span class=\"elementor-button-content-wrapper\">\n\t\t\t\t\t\t\t\t\t<span class=\"elementor-button-text\">Irk\u00e7\u0131l\u0131\u011f\u0131 Bildir<\/span>\n\t\t\t\t\t<\/span>\n\t\t\t\t\t<\/a>\n\t\t\t\t<\/div>\n\t\t\t\t\t\t\t\t<\/div>\n\t\t\t\t<\/div>\n\t\t\t\t\t<\/div>\n\t\t<\/div>\n\t\t\t\t<div class=\"elementor-column elementor-col-25 elementor-top-column elementor-element elementor-element-74fdf2c\" data-id=\"74fdf2c\" data-element_type=\"column\" data-e-type=\"column\">\n\t\t\t<div class=\"elementor-widget-wrap elementor-element-populated\">\n\t\t\t\t\t\t<div class=\"elementor-element elementor-element-2e2a873e elementor-button-info elementor-align-justify elementor-widget__width-initial elementor-widget elementor-widget-button\" data-id=\"2e2a873e\" data-element_type=\"widget\" data-e-type=\"widget\" data-widget_type=\"button.default\">\n\t\t\t\t<div class=\"elementor-widget-container\">\n\t\t\t\t\t\t\t\t\t<div class=\"elementor-button-wrapper\">\n\t\t\t\t\t<a class=\"elementor-button elementor-button-link elementor-size-sm\" href=\"#\">\n\t\t\t\t\t\t<span class=\"elementor-button-content-wrapper\">\n\t\t\t\t\t\t\t\t\t<span class=\"elementor-button-text\">Irk\u00e7\u0131l\u0131\u011f\u0131 Bildir<\/span>\n\t\t\t\t\t<\/span>\n\t\t\t\t\t<\/a>\n\t\t\t\t<\/div>\n\t\t\t\t\t\t\t\t<\/div>\n\t\t\t\t<\/div>\n\t\t\t\t\t<\/div>\n\t\t<\/div>\n\t\t\t\t<div class=\"elementor-column elementor-col-25 elementor-top-column elementor-element elementor-element-5a9ce2f9\" data-id=\"5a9ce2f9\" data-element_type=\"column\" data-e-type=\"column\">\n\t\t\t<div class=\"elementor-widget-wrap elementor-element-populated\">\n\t\t\t\t\t\t<div class=\"elementor-element elementor-element-3a468813 elementor-button-info elementor-align-justify elementor-widget__width-initial elementor-widget elementor-widget-button\" data-id=\"3a468813\" data-element_type=\"widget\" data-e-type=\"widget\" data-widget_type=\"button.default\">\n\t\t\t\t<div class=\"elementor-widget-container\">\n\t\t\t\t\t\t\t\t\t<div class=\"elementor-button-wrapper\">\n\t\t\t\t\t<a class=\"elementor-button elementor-button-link elementor-size-sm\" href=\"#\">\n\t\t\t\t\t\t<span class=\"elementor-button-content-wrapper\">\n\t\t\t\t\t\t\t\t\t<span class=\"elementor-button-text\">Irk\u00e7\u0131l\u0131\u011f\u0131 Bildir<\/span>\n\t\t\t\t\t<\/span>\n\t\t\t\t\t<\/a>\n\t\t\t\t<\/div>\n\t\t\t\t\t\t\t\t<\/div>\n\t\t\t\t<\/div>\n\t\t\t\t\t<\/div>\n\t\t<\/div>\n\t\t\t\t\t<\/div>\n\t\t<\/section>\n\t\t\t\t<\/div>\n\t\t","protected":false},"excerpt":{"rendered":"<p>Hakk\u0131m\u0131zda Basel-Stadt Irk\u00e7\u0131l\u0131k Kar\u015f\u0131t\u0131 A\u011f\u0131, \u00e7e\u015fitli etnik, k\u00fclt\u00fcrel ve dini ge\u00e7mi\u015flere sahip, kendini adam\u0131\u015f kilit ki\u015fileri bir araya getirmektedir. Bu \u00e7e\u015fitlilik, \u00e7al\u0131\u015fmalar\u0131m\u0131z\u0131n etkinli\u011fi i\u00e7in merkezi bir fakt\u00f6rd\u00fcr. Angajman\u0131m\u0131z arac\u0131l\u0131\u011f\u0131yla, \u0131rk\u00e7\u0131l\u0131ktan etkilenenleri kendi g\u00f6\u00e7men ve dini topluluklar\u0131nda destekliyor, ba\u015fvuru ve dan\u0131\u015fma merkezlerine eri\u015fimi kolayla\u015ft\u0131r\u0131yor ve \u0131rk\u00e7\u0131 ayr\u0131mc\u0131l\u0131k vakalar\u0131 hakk\u0131nda sa\u011flam bilgi birikimi ile bunlar\u0131n toplumsal sonu\u00e7lar\u0131n\u0131 [&hellip;]<\/p>\n","protected":false},"author":1,"featured_media":0,"parent":0,"menu_order":0,"comment_status":"closed","ping_status":"closed","template":"elementor_header_footer","meta":{"footnotes":""},"class_list":["post-3004","page","type-page","status-publish","hentry"],"_links":{"self":[{"href":"https:\/\/netzwerk-antirassismus.ch\/tr\/wp-json\/wp\/v2\/pages\/3004","targetHints":{"allow":["GET"]}}],"collection":[{"href":"https:\/\/netzwerk-antirassismus.ch\/tr\/wp-json\/wp\/v2\/pages"}],"about":[{"href":"https:\/\/netzwerk-antirassismus.ch\/tr\/wp-json\/wp\/v2\/types\/page"}],"author":[{"embeddable":true,"href":"https:\/\/netzwerk-antirassismus.ch\/tr\/wp-json\/wp\/v2\/users\/1"}],"replies":[{"embeddable":true,"href":"https:\/\/netzwerk-antirassismus.ch\/tr\/wp-json\/wp\/v2\/comments?post=3004"}],"version-history":[{"count":1,"href":"https:\/\/netzwerk-antirassismus.ch\/tr\/wp-json\/wp\/v2\/pages\/3004\/revisions"}],"predecessor-version":[{"id":3046,"href":"https:\/\/netzwerk-antirassismus.ch\/tr\/wp-json\/wp\/v2\/pages\/3004\/revisions\/3046"}],"wp:attachment":[{"href":"https:\/\/netzwerk-antirassismus.ch\/tr\/wp-json\/wp\/v2\/media?parent=3004"}],"curies":[{"name":"wp","href":"https:\/\/api.w.org\/{rel}","templated":true}]}}