{"id":3237,"date":"2021-02-14T19:02:43","date_gmt":"2021-02-14T19:02:43","guid":{"rendered":"https:\/\/netzwerk-antirassismus.ch\/accueil\/"},"modified":"2026-03-17T10:41:21","modified_gmt":"2026-03-17T10:41:21","slug":"accueil","status":"publish","type":"page","link":"https:\/\/netzwerk-antirassismus.ch\/fr\/","title":{"rendered":"Accueil"},"content":{"rendered":"\t\t<div data-elementor-type=\"wp-page\" data-elementor-id=\"3237\" class=\"elementor elementor-3237 elementor-60\" data-elementor-post-type=\"page\">\n\t\t\t\t\t\t<section class=\"elementor-section elementor-top-section elementor-element elementor-element-635073e elementor-section-full_width elementor-section-height-min-height elementor-section-stretched elementor-section-height-default elementor-section-items-middle\" data-id=\"635073e\" data-element_type=\"section\" data-e-type=\"section\" data-settings=\"{&quot;background_background&quot;:&quot;slideshow&quot;,&quot;background_slideshow_gallery&quot;:[{&quot;id&quot;:3526,&quot;url&quot;:&quot;https:\\\/\\\/netzwerk-antirassismus.ch\\\/wp-content\\\/uploads\\\/2026\\\/03\\\/Team_Netzwerk-antirassismus_2026.jpg&quot;},{&quot;id&quot;:3527,&quot;url&quot;:&quot;https:\\\/\\\/netzwerk-antirassismus.ch\\\/wp-content\\\/uploads\\\/2026\\\/03\\\/Team_Netzwerk-antirassismus__2_2026.jpg&quot;}],&quot;stretch_section&quot;:&quot;section-stretched&quot;,&quot;background_slideshow_loop&quot;:&quot;yes&quot;,&quot;background_slideshow_slide_duration&quot;:5000,&quot;background_slideshow_slide_transition&quot;:&quot;fade&quot;,&quot;background_slideshow_transition_duration&quot;:500}\">\n\t\t\t\t\t\t<div class=\"elementor-container elementor-column-gap-no\">\n\t\t\t\t\t<div class=\"elementor-column elementor-col-100 elementor-top-column elementor-element elementor-element-8b69d2c\" data-id=\"8b69d2c\" data-element_type=\"column\" data-e-type=\"column\">\n\t\t\t<div class=\"elementor-widget-wrap\">\n\t\t\t\t\t\t\t<\/div>\n\t\t<\/div>\n\t\t\t\t\t<\/div>\n\t\t<\/section>\n\t\t\t\t<section class=\"elementor-section elementor-top-section elementor-element elementor-element-4cadc8b1 elementor-section-content-middle elementor-reverse-tablet elementor-reverse-mobile elementor-section-full_width elementor-section-height-default elementor-section-height-default\" data-id=\"4cadc8b1\" data-element_type=\"section\" data-e-type=\"section\" data-settings=\"{&quot;background_background&quot;:&quot;classic&quot;}\">\n\t\t\t\t\t\t<div class=\"elementor-container elementor-column-gap-default\">\n\t\t\t\t\t<div class=\"elementor-column elementor-col-66 elementor-top-column elementor-element elementor-element-3abe80a8\" data-id=\"3abe80a8\" data-element_type=\"column\" data-e-type=\"column\">\n\t\t\t<div class=\"elementor-widget-wrap elementor-element-populated\">\n\t\t\t\t\t\t<div class=\"elementor-element elementor-element-2fd505fa elementor-widget__width-initial elementor-invisible elementor-widget elementor-widget-heading\" data-id=\"2fd505fa\" data-element_type=\"widget\" data-e-type=\"widget\" data-settings=\"{&quot;_animation&quot;:&quot;slideInRight&quot;}\" data-widget_type=\"heading.default\">\n\t\t\t\t<div class=\"elementor-widget-container\">\n\t\t\t\t\t<h3 class=\"elementor-heading-title elementor-size-default\">Nommer le racisme. Renforcer les personnes concern\u00e9es. Changer la soci\u00e9t\u00e9.  <\/h3>\t\t\t\t<\/div>\n\t\t\t\t<\/div>\n\t\t\t\t<div class=\"elementor-element elementor-element-6d51778a elementor-widget__width-initial elementor-widget elementor-widget-text-editor\" data-id=\"6d51778a\" data-element_type=\"widget\" data-e-type=\"widget\" data-widget_type=\"text-editor.default\">\n\t\t\t\t<div class=\"elementor-widget-container\">\n\t\t\t\t\t\t\t\t\t<p>Le R\u00e9seau Antiracisme B\u00e2le-Ville s\u2019engage pour une soci\u00e9t\u00e9 o\u00f9 le racisme n\u2019a pas sa place. <span style=\"text-decoration: underline; text-decoration-color: #f6b3d5; text-decoration-thickness: 3px; text-underline-offset: 3px;\">Nous soutenons et renfor\u00e7ons les personnes concern\u00e9es par la discrimination raciale <\/span>dans le canton de B\u00e2le-Ville, rendons le racisme visible et pr\u00e9sentons des possibilit\u00e9s d\u2019action concr\u00e8tes. Le racisme est une r\u00e9alit\u00e9 \u2013 en Suisse aussi. C\u2019est pourquoi nous nous engageons activement contre <span style=\"text-decoration: underline; text-decoration-color: #f6b3d5; text-decoration-thickness: 3px; text-underline-offset: 3px;\">le racisme sous toutes ses formes<\/span>, qu\u2019il soit structurel, institutionnel ou quotidien. Le r\u00e9seau informe, sensibilise et oriente les personnes concern\u00e9es vers des <span style=\"text-decoration: underline; text-decoration-color: #f6b3d5; text-decoration-thickness: 3px; text-underline-offset: 3px;\">services de conseil et des points de contact appropri\u00e9s<\/span>.   <\/p>\t\t\t\t\t\t\t\t<\/div>\n\t\t\t\t<\/div>\n\t\t\t\t\t<\/div>\n\t\t<\/div>\n\t\t\t\t<div class=\"elementor-column elementor-col-33 elementor-top-column elementor-element elementor-element-5f8c63aa\" data-id=\"5f8c63aa\" data-element_type=\"column\" data-e-type=\"column\">\n\t\t\t<div class=\"elementor-widget-wrap elementor-element-populated\">\n\t\t\t\t\t\t<div class=\"elementor-element elementor-element-39d72ee elementor-hidden-mobile elementor-widget elementor-widget-spacer\" data-id=\"39d72ee\" data-element_type=\"widget\" data-e-type=\"widget\" data-widget_type=\"spacer.default\">\n\t\t\t\t<div class=\"elementor-widget-container\">\n\t\t\t\t\t\t\t<div class=\"elementor-spacer\">\n\t\t\t<div class=\"elementor-spacer-inner\"><\/div>\n\t\t<\/div>\n\t\t\t\t\t\t<\/div>\n\t\t\t\t<\/div>\n\t\t\t\t<div class=\"elementor-element elementor-element-607334a7 elementor-invisible elementor-widget elementor-widget-image\" data-id=\"607334a7\" data-element_type=\"widget\" data-e-type=\"widget\" data-settings=\"{&quot;motion_fx_motion_fx_mouse&quot;:&quot;yes&quot;,&quot;_animation&quot;:&quot;fadeInUp&quot;}\" data-widget_type=\"image.default\">\n\t\t\t\t<div class=\"elementor-widget-container\">\n\t\t\t\t\t\t\t\t\t\t\t\t\t\t\t<img fetchpriority=\"high\" decoding=\"async\" width=\"638\" height=\"787\" src=\"https:\/\/netzwerk-antirassismus.ch\/wp-content\/uploads\/2026\/03\/Ebene-2.png\" class=\"attachment-full size-full wp-image-3268\" alt=\"\" srcset=\"https:\/\/netzwerk-antirassismus.ch\/wp-content\/uploads\/2026\/03\/Ebene-2.png 638w, https:\/\/netzwerk-antirassismus.ch\/wp-content\/uploads\/2026\/03\/Ebene-2-243x300.png 243w\" sizes=\"(max-width: 638px) 100vw, 638px\" \/>\t\t\t\t\t\t\t\t\t\t\t\t\t\t\t<\/div>\n\t\t\t\t<\/div>\n\t\t\t\t\t<\/div>\n\t\t<\/div>\n\t\t\t\t\t<\/div>\n\t\t<\/section>\n\t\t\t\t<section class=\"elementor-section elementor-top-section elementor-element elementor-element-6569f089 elementor-section-content-middle elementor-reverse-mobile elementor-section-full_width elementor-reverse-tablet elementor-section-height-default elementor-section-height-default\" data-id=\"6569f089\" data-element_type=\"section\" data-e-type=\"section\">\n\t\t\t\t\t\t<div class=\"elementor-container elementor-column-gap-no\">\n\t\t\t\t\t<div class=\"elementor-column elementor-col-33 elementor-top-column elementor-element elementor-element-58dbac66\" data-id=\"58dbac66\" data-element_type=\"column\" data-e-type=\"column\">\n\t\t\t<div class=\"elementor-widget-wrap elementor-element-populated\">\n\t\t\t\t\t\t<div class=\"elementor-element elementor-element-39db5bd9 elementor-widget elementor-widget-image\" data-id=\"39db5bd9\" data-element_type=\"widget\" data-e-type=\"widget\" data-widget_type=\"image.default\">\n\t\t\t\t<div class=\"elementor-widget-container\">\n\t\t\t\t\t\t\t\t\t\t\t\t\t\t\t<img decoding=\"async\" width=\"800\" height=\"533\" src=\"https:\/\/netzwerk-antirassismus.ch\/wp-content\/uploads\/2026\/03\/FRM_1358-1024x682.jpeg\" class=\"attachment-large size-large wp-image-3269\" alt=\"\" srcset=\"https:\/\/netzwerk-antirassismus.ch\/wp-content\/uploads\/2026\/03\/FRM_1358-1024x682.jpeg 1024w, https:\/\/netzwerk-antirassismus.ch\/wp-content\/uploads\/2026\/03\/FRM_1358-300x200.jpeg 300w, https:\/\/netzwerk-antirassismus.ch\/wp-content\/uploads\/2026\/03\/FRM_1358-768x512.jpeg 768w, https:\/\/netzwerk-antirassismus.ch\/wp-content\/uploads\/2026\/03\/FRM_1358.jpeg 1280w\" sizes=\"(max-width: 800px) 100vw, 800px\" \/>\t\t\t\t\t\t\t\t\t\t\t\t\t\t\t<\/div>\n\t\t\t\t<\/div>\n\t\t\t\t<div class=\"elementor-element elementor-element-7566f24c elementor-widget elementor-widget-image\" data-id=\"7566f24c\" data-element_type=\"widget\" data-e-type=\"widget\" data-widget_type=\"image.default\">\n\t\t\t\t<div class=\"elementor-widget-container\">\n\t\t\t\t\t\t\t\t\t\t\t\t\t\t\t\t<a href=\"https:\/\/netzwerk-antirassismus.ch\/wp-content\/uploads\/2026\/03\/IMG_3211-scaled-1.jpeg\" data-elementor-open-lightbox=\"yes\" data-elementor-lightbox-title=\"IMG_3211-scaled.jpeg\" data-e-action-hash=\"#elementor-action%3Aaction%3Dlightbox%26settings%3DeyJpZCI6MzI3MCwidXJsIjoiaHR0cHM6XC9cL25ldHp3ZXJrLWFudGlyYXNzaXNtdXMuY2hcL3dwLWNvbnRlbnRcL3VwbG9hZHNcLzIwMjZcLzAzXC9JTUdfMzIxMS1zY2FsZWQtMS5qcGVnIn0%3D\">\n\t\t\t\t\t\t\t<img decoding=\"async\" width=\"800\" height=\"600\" src=\"https:\/\/netzwerk-antirassismus.ch\/wp-content\/uploads\/2026\/03\/IMG_3211-scaled-1-1024x768.jpeg\" class=\"attachment-large size-large wp-image-3270\" alt=\"\" srcset=\"https:\/\/netzwerk-antirassismus.ch\/wp-content\/uploads\/2026\/03\/IMG_3211-scaled-1-1024x768.jpeg 1024w, https:\/\/netzwerk-antirassismus.ch\/wp-content\/uploads\/2026\/03\/IMG_3211-scaled-1-300x225.jpeg 300w, https:\/\/netzwerk-antirassismus.ch\/wp-content\/uploads\/2026\/03\/IMG_3211-scaled-1-768x576.jpeg 768w, https:\/\/netzwerk-antirassismus.ch\/wp-content\/uploads\/2026\/03\/IMG_3211-scaled-1-1536x1152.jpeg 1536w, https:\/\/netzwerk-antirassismus.ch\/wp-content\/uploads\/2026\/03\/IMG_3211-scaled-1-2048x1536.jpeg 2048w\" sizes=\"(max-width: 800px) 100vw, 800px\" \/>\t\t\t\t\t\t\t\t<\/a>\n\t\t\t\t\t\t\t\t\t\t\t\t\t\t\t<\/div>\n\t\t\t\t<\/div>\n\t\t\t\t\t<\/div>\n\t\t<\/div>\n\t\t\t\t<div class=\"elementor-column elementor-col-33 elementor-top-column elementor-element elementor-element-111d1475\" data-id=\"111d1475\" data-element_type=\"column\" data-e-type=\"column\">\n\t\t\t<div class=\"elementor-widget-wrap elementor-element-populated\">\n\t\t\t\t\t\t<div class=\"elementor-element elementor-element-47a7fc7b elementor-widget elementor-widget-image\" data-id=\"47a7fc7b\" data-element_type=\"widget\" data-e-type=\"widget\" data-widget_type=\"image.default\">\n\t\t\t\t<div class=\"elementor-widget-container\">\n\t\t\t\t\t\t\t\t\t\t\t\t\t\t\t<img loading=\"lazy\" decoding=\"async\" width=\"800\" height=\"534\" src=\"https:\/\/netzwerk-antirassismus.ch\/wp-content\/uploads\/2026\/03\/DSC_2013-scaled-1-1024x683.jpeg\" class=\"attachment-large size-large wp-image-3271\" alt=\"\" srcset=\"https:\/\/netzwerk-antirassismus.ch\/wp-content\/uploads\/2026\/03\/DSC_2013-scaled-1-1024x683.jpeg 1024w, https:\/\/netzwerk-antirassismus.ch\/wp-content\/uploads\/2026\/03\/DSC_2013-scaled-1-300x200.jpeg 300w, https:\/\/netzwerk-antirassismus.ch\/wp-content\/uploads\/2026\/03\/DSC_2013-scaled-1-768x512.jpeg 768w, https:\/\/netzwerk-antirassismus.ch\/wp-content\/uploads\/2026\/03\/DSC_2013-scaled-1-1536x1024.jpeg 1536w, https:\/\/netzwerk-antirassismus.ch\/wp-content\/uploads\/2026\/03\/DSC_2013-scaled-1-2048x1366.jpeg 2048w\" sizes=\"(max-width: 800px) 100vw, 800px\" \/>\t\t\t\t\t\t\t\t\t\t\t\t\t\t\t<\/div>\n\t\t\t\t<\/div>\n\t\t\t\t<div class=\"elementor-element elementor-element-19503f05 elementor-widget elementor-widget-image\" data-id=\"19503f05\" data-element_type=\"widget\" data-e-type=\"widget\" data-widget_type=\"image.default\">\n\t\t\t\t<div class=\"elementor-widget-container\">\n\t\t\t\t\t\t\t\t\t\t\t\t\t\t\t<img loading=\"lazy\" decoding=\"async\" width=\"768\" height=\"1024\" src=\"https:\/\/netzwerk-antirassismus.ch\/wp-content\/uploads\/2026\/03\/IMG_6030-scaled-1-768x1024.jpeg\" class=\"attachment-large size-large wp-image-3272\" alt=\"\" srcset=\"https:\/\/netzwerk-antirassismus.ch\/wp-content\/uploads\/2026\/03\/IMG_6030-scaled-1-768x1024.jpeg 768w, https:\/\/netzwerk-antirassismus.ch\/wp-content\/uploads\/2026\/03\/IMG_6030-scaled-1-225x300.jpeg 225w, https:\/\/netzwerk-antirassismus.ch\/wp-content\/uploads\/2026\/03\/IMG_6030-scaled-1-1152x1536.jpeg 1152w, https:\/\/netzwerk-antirassismus.ch\/wp-content\/uploads\/2026\/03\/IMG_6030-scaled-1-1536x2048.jpeg 1536w, https:\/\/netzwerk-antirassismus.ch\/wp-content\/uploads\/2026\/03\/IMG_6030-scaled-1.jpeg 1920w\" sizes=\"(max-width: 768px) 100vw, 768px\" \/>\t\t\t\t\t\t\t\t\t\t\t\t\t\t\t<\/div>\n\t\t\t\t<\/div>\n\t\t\t\t\t<\/div>\n\t\t<\/div>\n\t\t\t\t<div class=\"elementor-column elementor-col-33 elementor-top-column elementor-element elementor-element-6e4d67d7\" data-id=\"6e4d67d7\" data-element_type=\"column\" data-e-type=\"column\">\n\t\t\t<div class=\"elementor-widget-wrap elementor-element-populated\">\n\t\t\t\t\t\t<div class=\"elementor-element elementor-element-2c400de elementor-widget__width-initial elementor-invisible elementor-widget elementor-widget-heading\" data-id=\"2c400de\" data-element_type=\"widget\" data-e-type=\"widget\" data-settings=\"{&quot;_animation&quot;:&quot;slideInRight&quot;}\" data-widget_type=\"heading.default\">\n\t\t\t\t<div class=\"elementor-widget-container\">\n\t\t\t\t\t<h2 class=\"elementor-heading-title elementor-size-default\">Notre travail<\/h2>\t\t\t\t<\/div>\n\t\t\t\t<\/div>\n\t\t\t\t<div class=\"elementor-element elementor-element-793bf5f2 elementor-widget__width-initial elementor-widget elementor-widget-text-editor\" data-id=\"793bf5f2\" data-element_type=\"widget\" data-e-type=\"widget\" data-widget_type=\"text-editor.default\">\n\t\t\t\t<div class=\"elementor-widget-container\">\n\t\t\t\t\t\t\t\t\t<p style=\"color: #1a1a1a;\">Le travail du R\u00e9seau Antiracisme B\u00e2le-Ville repose sur <span style=\"text-decoration: underline; text-decoration-color: #f6b3d5; text-decoration-thickness: 3px; text-underline-offset: 3px;\">la collaboration, l\u2019expertise et la solidarit\u00e9<\/span>. Nous proposons un premier conseil \u00e0 bas seuil, une orientation et un transfert vers des services sp\u00e9cialis\u00e9s.<br>Nous sensibilisons par l\u2019information sur le racisme, ses formes et ses cons\u00e9quences. En collaboration avec d\u2019autres acteurs, nous nous engageons pour des <span style=\"text-decoration: underline; text-decoration-color: #f6b3d5; text-decoration-thickness: 3px; text-underline-offset: 3px;\">changements durables <\/span>et plaidons pour une <span style=\"text-decoration: underline; text-decoration-color: #f6b3d5; text-decoration-thickness: 3px; text-underline-offset: 3px;\">responsabilit\u00e9 soci\u00e9tale dans la lutte contre le racisme.<br><\/span>  <\/p><p>Apprenez-en plus sur nous <span style=\"color: #f6b3d5;\"><strong><a style=\"color: #f6b3d5;\" href=\"https:\/\/netzwerk-antirassismus.ch\/fr\/a-propos-de-nous\/\" target=\"_blank\" rel=\"noopener\">ici<\/a><\/strong><\/span>.<\/p>\t\t\t\t\t\t\t\t<\/div>\n\t\t\t\t<\/div>\n\t\t\t\t\t<\/div>\n\t\t<\/div>\n\t\t\t\t\t<\/div>\n\t\t<\/section>\n\t\t\t\t<section class=\"elementor-section elementor-top-section elementor-element elementor-element-1a4da820 elementor-section-content-middle elementor-reverse-tablet elementor-reverse-mobile elementor-section-height-min-height elementor-section-items-top elementor-section-full_width elementor-section-height-default\" data-id=\"1a4da820\" data-element_type=\"section\" data-e-type=\"section\" data-settings=\"{&quot;background_background&quot;:&quot;classic&quot;}\">\n\t\t\t\t\t\t<div class=\"elementor-container elementor-column-gap-no\">\n\t\t\t\t\t<div class=\"elementor-column elementor-col-50 elementor-top-column elementor-element elementor-element-1d6574d7\" data-id=\"1d6574d7\" data-element_type=\"column\" data-e-type=\"column\">\n\t\t\t<div class=\"elementor-widget-wrap elementor-element-populated\">\n\t\t\t\t\t\t<div class=\"elementor-element elementor-element-645f2673 elementor-widget__width-initial elementor-invisible elementor-widget elementor-widget-heading\" data-id=\"645f2673\" data-element_type=\"widget\" data-e-type=\"widget\" data-settings=\"{&quot;_animation&quot;:&quot;slideInRight&quot;}\" data-widget_type=\"heading.default\">\n\t\t\t\t<div class=\"elementor-widget-container\">\n\t\t\t\t\t<h3 class=\"elementor-heading-title elementor-size-default\">Parlez-nous.\nVous n\u2019\u00eates pas seul. Nous vous \u00e9coutons. \n<\/h3>\t\t\t\t<\/div>\n\t\t\t\t<\/div>\n\t\t\t\t<div class=\"elementor-element elementor-element-1cdeb26a elementor-widget__width-initial elementor-widget elementor-widget-text-editor\" data-id=\"1cdeb26a\" data-element_type=\"widget\" data-e-type=\"widget\" data-widget_type=\"text-editor.default\">\n\t\t\t\t<div class=\"elementor-widget-container\">\n\t\t\t\t\t\t\t\t\t<p> <\/p><p><span style=\"text-decoration: underline; text-decoration-color: #f6b3d5; text-decoration-thickness: 3px; text-underline-offset: 3px;\">Avez-vous v\u00e9cu ou observ\u00e9 une discrimination raciale ? <\/span>Le R\u00e9seau Antiracisme B\u00e2le-Ville vous offre un <span style=\"text-decoration: underline; text-decoration-color: #f6b3d5; text-decoration-thickness: 3px; text-underline-offset: 3px;\">espace prot\u00e9g\u00e9<\/span> pour parler de vos exp\u00e9riences. Nous vous prenons au s\u00e9rieux, vous soutenons et vous indiquons les prochaines \u00e9tapes possibles. Vos exp\u00e9riences sont en s\u00e9curit\u00e9 chez nous, nous agissons de mani\u00e8re confidentielle et respectueuse.  <br><span style=\"text-decoration: underline; text-decoration-color: #f6b3d5; text-decoration-thickness: 3px; text-underline-offset: 3px;\"><br>Rien ne sera entrepris sans votre consentement expr\u00e8s.<\/span><\/p>\t\t\t\t\t\t\t\t<\/div>\n\t\t\t\t<\/div>\n\t\t\t\t<div class=\"elementor-element elementor-element-d071539 elementor-button-info elementor-align-justify elementor-widget__width-initial elementor-widget elementor-widget-button\" data-id=\"d071539\" data-element_type=\"widget\" data-e-type=\"widget\" data-widget_type=\"button.default\">\n\t\t\t\t<div class=\"elementor-widget-container\">\n\t\t\t\t\t\t\t\t\t<div class=\"elementor-button-wrapper\">\n\t\t\t\t\t<a class=\"elementor-button elementor-button-link elementor-size-sm\" href=\"https:\/\/netzwerk-antirassismus.ch\/fr\/formulaire-de-signalement\/\">\n\t\t\t\t\t\t<span class=\"elementor-button-content-wrapper\">\n\t\t\t\t\t\t\t\t\t<span class=\"elementor-button-text\">Reporter racism<\/span>\n\t\t\t\t\t<\/span>\n\t\t\t\t\t<\/a>\n\t\t\t\t<\/div>\n\t\t\t\t\t\t\t\t<\/div>\n\t\t\t\t<\/div>\n\t\t\t\t\t<\/div>\n\t\t<\/div>\n\t\t\t\t<div class=\"elementor-column elementor-col-50 elementor-top-column elementor-element elementor-element-350ae2c6\" data-id=\"350ae2c6\" data-element_type=\"column\" data-e-type=\"column\">\n\t\t\t<div class=\"elementor-widget-wrap elementor-element-populated\">\n\t\t\t\t\t\t<div class=\"elementor-element elementor-element-34425cdd elementor-hidden-mobile elementor-widget elementor-widget-spacer\" data-id=\"34425cdd\" data-element_type=\"widget\" data-e-type=\"widget\" data-widget_type=\"spacer.default\">\n\t\t\t\t<div class=\"elementor-widget-container\">\n\t\t\t\t\t\t\t<div class=\"elementor-spacer\">\n\t\t\t<div class=\"elementor-spacer-inner\"><\/div>\n\t\t<\/div>\n\t\t\t\t\t\t<\/div>\n\t\t\t\t<\/div>\n\t\t\t\t<div class=\"elementor-element elementor-element-2ad6c797 elementor-invisible elementor-widget elementor-widget-image\" data-id=\"2ad6c797\" data-element_type=\"widget\" data-e-type=\"widget\" data-settings=\"{&quot;motion_fx_motion_fx_mouse&quot;:&quot;yes&quot;,&quot;_animation&quot;:&quot;fadeInUp&quot;}\" data-widget_type=\"image.default\">\n\t\t\t\t<div class=\"elementor-widget-container\">\n\t\t\t\t\t\t\t\t\t\t\t\t\t\t\t<img loading=\"lazy\" decoding=\"async\" width=\"800\" height=\"452\" src=\"https:\/\/netzwerk-antirassismus.ch\/wp-content\/uploads\/2026\/03\/Sprich-mit-uns-1024x578.png\" class=\"attachment-large size-large wp-image-3088\" alt=\"\" srcset=\"https:\/\/netzwerk-antirassismus.ch\/wp-content\/uploads\/2026\/03\/Sprich-mit-uns-1024x578.png 1024w, https:\/\/netzwerk-antirassismus.ch\/wp-content\/uploads\/2026\/03\/Sprich-mit-uns-300x169.png 300w, https:\/\/netzwerk-antirassismus.ch\/wp-content\/uploads\/2026\/03\/Sprich-mit-uns-768x434.png 768w, https:\/\/netzwerk-antirassismus.ch\/wp-content\/uploads\/2026\/03\/Sprich-mit-uns.png 1071w\" sizes=\"(max-width: 800px) 100vw, 800px\" \/>\t\t\t\t\t\t\t\t\t\t\t\t\t\t\t<\/div>\n\t\t\t\t<\/div>\n\t\t\t\t\t<\/div>\n\t\t<\/div>\n\t\t\t\t\t<\/div>\n\t\t<\/section>\n\t\t\t\t<\/div>\n\t\t","protected":false},"excerpt":{"rendered":"<p>Nommer le racisme. Renforcer les personnes concern\u00e9es. Changer la soci\u00e9t\u00e9. Le R\u00e9seau Antiracisme B\u00e2le-Ville s\u2019engage pour une soci\u00e9t\u00e9 o\u00f9 le racisme n\u2019a pas sa place. Nous soutenons et renfor\u00e7ons les personnes concern\u00e9es par la discrimination raciale dans le canton de B\u00e2le-Ville, rendons le racisme visible et pr\u00e9sentons des possibilit\u00e9s d\u2019action concr\u00e8tes. Le racisme est une [&hellip;]<\/p>\n","protected":false},"author":1,"featured_media":0,"parent":0,"menu_order":0,"comment_status":"closed","ping_status":"closed","template":"elementor_header_footer","meta":{"footnotes":""},"class_list":["post-3237","page","type-page","status-publish","hentry"],"_links":{"self":[{"href":"https:\/\/netzwerk-antirassismus.ch\/fr\/wp-json\/wp\/v2\/pages\/3237","targetHints":{"allow":["GET"]}}],"collection":[{"href":"https:\/\/netzwerk-antirassismus.ch\/fr\/wp-json\/wp\/v2\/pages"}],"about":[{"href":"https:\/\/netzwerk-antirassismus.ch\/fr\/wp-json\/wp\/v2\/types\/page"}],"author":[{"embeddable":true,"href":"https:\/\/netzwerk-antirassismus.ch\/fr\/wp-json\/wp\/v2\/users\/1"}],"replies":[{"embeddable":true,"href":"https:\/\/netzwerk-antirassismus.ch\/fr\/wp-json\/wp\/v2\/comments?post=3237"}],"version-history":[{"count":10,"href":"https:\/\/netzwerk-antirassismus.ch\/fr\/wp-json\/wp\/v2\/pages\/3237\/revisions"}],"predecessor-version":[{"id":3532,"href":"https:\/\/netzwerk-antirassismus.ch\/fr\/wp-json\/wp\/v2\/pages\/3237\/revisions\/3532"}],"wp:attachment":[{"href":"https:\/\/netzwerk-antirassismus.ch\/fr\/wp-json\/wp\/v2\/media?parent=3237"}],"curies":[{"name":"wp","href":"https:\/\/api.w.org\/{rel}","templated":true}]}}