{"id":3144,"date":"2021-03-16T22:30:11","date_gmt":"2021-03-16T22:30:11","guid":{"rendered":"https:\/\/netzwerk-antirassismus.ch\/liens-utiles\/"},"modified":"2026-03-14T12:29:54","modified_gmt":"2026-03-14T12:29:54","slug":"liens-utiles","status":"publish","type":"page","link":"https:\/\/netzwerk-antirassismus.ch\/fr\/liens-utiles\/","title":{"rendered":"Liens utiles"},"content":{"rendered":"\t\t<div data-elementor-type=\"wp-page\" data-elementor-id=\"3144\" class=\"elementor elementor-3144 elementor-866\" data-elementor-post-type=\"page\">\n\t\t\t\t\t\t<section class=\"elementor-section elementor-top-section elementor-element elementor-element-339b46e0 elementor-section-content-middle elementor-section-full_width elementor-section-height-default elementor-section-height-default\" data-id=\"339b46e0\" data-element_type=\"section\" data-e-type=\"section\" data-settings=\"{&quot;background_background&quot;:&quot;classic&quot;}\">\n\t\t\t\t\t\t<div class=\"elementor-container elementor-column-gap-no\">\n\t\t\t\t\t<div class=\"elementor-column elementor-col-100 elementor-top-column elementor-element elementor-element-3bb03d4c\" data-id=\"3bb03d4c\" data-element_type=\"column\" data-e-type=\"column\">\n\t\t\t<div class=\"elementor-widget-wrap elementor-element-populated\">\n\t\t\t\t\t\t<div class=\"elementor-element elementor-element-dc9eefa elementor-widget__width-initial elementor-invisible elementor-widget elementor-widget-heading\" data-id=\"dc9eefa\" data-element_type=\"widget\" data-e-type=\"widget\" data-settings=\"{&quot;_animation&quot;:&quot;slideInRight&quot;}\" data-widget_type=\"heading.default\">\n\t\t\t\t<div class=\"elementor-widget-container\">\n\t\t\t\t\t<h2 class=\"elementor-heading-title elementor-size-default\">Liens<\/h2>\t\t\t\t<\/div>\n\t\t\t\t<\/div>\n\t\t\t\t<div class=\"elementor-element elementor-element-2b1dbda8 elementor-widget elementor-widget-heading\" data-id=\"2b1dbda8\" data-element_type=\"widget\" data-e-type=\"widget\" data-widget_type=\"heading.default\">\n\t\t\t\t<div class=\"elementor-widget-container\">\n\t\t\t\t\t<h6 class=\"elementor-heading-title elementor-size-xl\">Vous trouverez ici des liens utiles<\/h6>\t\t\t\t<\/div>\n\t\t\t\t<\/div>\n\t\t\t\t<div class=\"elementor-element elementor-element-3c9b7dd5 elementor-widget elementor-widget-toggle\" data-id=\"3c9b7dd5\" data-element_type=\"widget\" data-e-type=\"widget\" data-widget_type=\"toggle.default\">\n\t\t\t\t<div class=\"elementor-widget-container\">\n\t\t\t\t\t\t\t<div class=\"elementor-toggle\">\n\t\t\t\t\t\t\t<div class=\"elementor-toggle-item\">\n\t\t\t\t\t<div id=\"elementor-tab-title-1011\" class=\"elementor-tab-title\" data-tab=\"1\" role=\"button\" aria-controls=\"elementor-tab-content-1011\" aria-expanded=\"false\">\n\t\t\t\t\t\t\t\t\t\t\t\t<span class=\"elementor-toggle-icon elementor-toggle-icon-right\" aria-hidden=\"true\">\n\t\t\t\t\t\t\t\t\t\t\t\t\t\t\t<span class=\"elementor-toggle-icon-closed\"><i class=\"fas fa-caret-right\"><\/i><\/span>\n\t\t\t\t\t\t\t\t<span class=\"elementor-toggle-icon-opened\"><i class=\"elementor-toggle-icon-opened fas fa-caret-up\"><\/i><\/span>\n\t\t\t\t\t\t\t\t\t\t\t\t\t<\/span>\n\t\t\t\t\t\t\t\t\t\t\t\t<a class=\"elementor-toggle-title\" tabindex=\"0\">Point de contact et service de conseil Stopp Rassismus<\/a>\n\t\t\t\t\t<\/div>\n\n\t\t\t\t\t<div id=\"elementor-tab-content-1011\" class=\"elementor-tab-content elementor-clearfix\" data-tab=\"1\" role=\"region\" aria-labelledby=\"elementor-tab-title-1011\"><p>\u00ab Stopp Rassismus \u00bb est le service de conseil sp\u00e9cialis\u00e9 des deux B\u00e2le contre le racisme et la discrimination.  <\/p>\n<p><span style=\"color: #2196ba;\"><a style=\"font-family: var( --e-global-typography-text-font-family ), Sans-serif; background-color: #ffffff; color: #2196ba;\" href=\"http:\/\/www.stopprassismus.ch\/\" target=\"_blank\" rel=\"noopener\"><b><span style=\"vertical-align: inherit;\"><span style=\"vertical-align: inherit;\">Vers la page\u2026<\/span><\/span><\/b><\/a><\/span><\/p>\n<\/div>\n\t\t\t\t<\/div>\n\t\t\t\t\t\t\t<div class=\"elementor-toggle-item\">\n\t\t\t\t\t<div id=\"elementor-tab-title-1012\" class=\"elementor-tab-title\" data-tab=\"2\" role=\"button\" aria-controls=\"elementor-tab-content-1012\" aria-expanded=\"false\">\n\t\t\t\t\t\t\t\t\t\t\t\t<span class=\"elementor-toggle-icon elementor-toggle-icon-right\" aria-hidden=\"true\">\n\t\t\t\t\t\t\t\t\t\t\t\t\t\t\t<span class=\"elementor-toggle-icon-closed\"><i class=\"fas fa-caret-right\"><\/i><\/span>\n\t\t\t\t\t\t\t\t<span class=\"elementor-toggle-icon-opened\"><i class=\"elementor-toggle-icon-opened fas fa-caret-up\"><\/i><\/span>\n\t\t\t\t\t\t\t\t\t\t\t\t\t<\/span>\n\t\t\t\t\t\t\t\t\t\t\t\t<a class=\"elementor-toggle-title\" tabindex=\"0\">Commission f\u00e9d\u00e9rale contre le racisme<\/a>\n\t\t\t\t\t<\/div>\n\n\t\t\t\t\t<div id=\"elementor-tab-content-1012\" class=\"elementor-tab-content elementor-clearfix\" data-tab=\"2\" role=\"region\" aria-labelledby=\"elementor-tab-title-1012\"><p><span data-olk-copy-source=\"MessageBody\">La CFR r\u00e9pond aux questions des organisations et des particuliers confront\u00e9s \u00e0 la discrimination raciale.  <\/span><\/p>\n<p><span style=\"color: #2196ba;\"><a style=\"font-family: var( --e-global-typography-text-font-family ), Sans-serif; background-color: #ffffff; color: #2196ba;\" href=\"https:\/\/www.ekr.admin.ch\/home\/d112.html\" target=\"_blank\" rel=\"noopener\"><b><span style=\"vertical-align: inherit;\"><span style=\"vertical-align: inherit;\">Vers la page\u2026<\/span><\/span><\/b><\/a><\/span><\/p>\n<\/div>\n\t\t\t\t<\/div>\n\t\t\t\t\t\t\t<div class=\"elementor-toggle-item\">\n\t\t\t\t\t<div id=\"elementor-tab-title-1013\" class=\"elementor-tab-title\" data-tab=\"3\" role=\"button\" aria-controls=\"elementor-tab-content-1013\" aria-expanded=\"false\">\n\t\t\t\t\t\t\t\t\t\t\t\t<span class=\"elementor-toggle-icon elementor-toggle-icon-right\" aria-hidden=\"true\">\n\t\t\t\t\t\t\t\t\t\t\t\t\t\t\t<span class=\"elementor-toggle-icon-closed\"><i class=\"fas fa-caret-right\"><\/i><\/span>\n\t\t\t\t\t\t\t\t<span class=\"elementor-toggle-icon-opened\"><i class=\"elementor-toggle-icon-opened fas fa-caret-up\"><\/i><\/span>\n\t\t\t\t\t\t\t\t\t\t\t\t\t<\/span>\n\t\t\t\t\t\t\t\t\t\t\t\t<a class=\"elementor-toggle-title\" tabindex=\"0\">Service de m\u00e9diation du canton de B\u00e2le-Ville<\/a>\n\t\t\t\t\t<\/div>\n\n\t\t\t\t\t<div id=\"elementor-tab-content-1013\" class=\"elementor-tab-content elementor-clearfix\" data-tab=\"3\" role=\"region\" aria-labelledby=\"elementor-tab-title-1013\"><p><span data-olk-copy-source=\"MessageBody\">Le service de m\u00e9diation intervient en cas de conflits entre la population et ladministration du canton de B\u00e2le-Ville.<\/span><\/p>\n<p><span style=\"color: #2196ba;\"><a style=\"font-family: var( --e-global-typography-text-font-family ), Sans-serif; background-color: #ffffff; color: #2196ba;\" href=\"https:\/\/www.ombudsstelle.bs.ch\/\" target=\"_blank\" rel=\"noopener\"><b><span style=\"vertical-align: inherit;\"><span style=\"vertical-align: inherit;\">Vers la page\u2026<\/span><\/span><\/b><\/a><\/span><\/p>\n<\/div>\n\t\t\t\t<\/div>\n\t\t\t\t\t\t\t<div class=\"elementor-toggle-item\">\n\t\t\t\t\t<div id=\"elementor-tab-title-1014\" class=\"elementor-tab-title\" data-tab=\"4\" role=\"button\" aria-controls=\"elementor-tab-content-1014\" aria-expanded=\"false\">\n\t\t\t\t\t\t\t\t\t\t\t\t<span class=\"elementor-toggle-icon elementor-toggle-icon-right\" aria-hidden=\"true\">\n\t\t\t\t\t\t\t\t\t\t\t\t\t\t\t<span class=\"elementor-toggle-icon-closed\"><i class=\"fas fa-caret-right\"><\/i><\/span>\n\t\t\t\t\t\t\t\t<span class=\"elementor-toggle-icon-opened\"><i class=\"elementor-toggle-icon-opened fas fa-caret-up\"><\/i><\/span>\n\t\t\t\t\t\t\t\t\t\t\t\t\t<\/span>\n\t\t\t\t\t\t\t\t\t\t\t\t<a class=\"elementor-toggle-title\" tabindex=\"0\">R\u00e9seau de conseil pour les victimes de racisme<\/a>\n\t\t\t\t\t<\/div>\n\n\t\t\t\t\t<div id=\"elementor-tab-content-1014\" class=\"elementor-tab-content elementor-clearfix\" data-tab=\"4\" role=\"region\" aria-labelledby=\"elementor-tab-title-1014\"><p><span data-ogsc=\"rgb(51, 51, 51)\" data-olk-copy-source=\"MessageBody\">Le r\u00e9seau de conseil est un r\u00e9seau de 23 services sp\u00e9cialis\u00e9s de toute la Suisse, qui<\/span><span data-ogsc=\"rgb(11, 34, 40)\" data-ogsb=\"rgb(251, 251, 251)\"> proposent aux personnes concern\u00e9es, \u00e0 leurs proches et aux professionnel\u00b7le\u00b7s des renseignements, un conseil psychosocial et un conseil juridique.<\/span><span data-ogsc=\"rgb(11, 34, 40)\" data-ogsb=\"rgb(251, 251, 251)\"> <\/span><\/p>\n<p><a style=\"font-family: var( --e-global-typography-text-font-family ), Sans-serif; background-color: #ffffff;\" href=\"http:\/\/network-racism.ch\/de\/index.html\" target=\"_blank\" rel=\"noopener\"><b><span style=\"vertical-align: inherit;\"><span style=\"vertical-align: inherit;\"><span style=\"color: #2196ba;\">Vers la page\u2026<\/span><\/span><\/span><\/b><\/a><\/p>\n<\/div>\n\t\t\t\t<\/div>\n\t\t\t\t\t\t\t<div class=\"elementor-toggle-item\">\n\t\t\t\t\t<div id=\"elementor-tab-title-1015\" class=\"elementor-tab-title\" data-tab=\"5\" role=\"button\" aria-controls=\"elementor-tab-content-1015\" aria-expanded=\"false\">\n\t\t\t\t\t\t\t\t\t\t\t\t<span class=\"elementor-toggle-icon elementor-toggle-icon-right\" aria-hidden=\"true\">\n\t\t\t\t\t\t\t\t\t\t\t\t\t\t\t<span class=\"elementor-toggle-icon-closed\"><i class=\"fas fa-caret-right\"><\/i><\/span>\n\t\t\t\t\t\t\t\t<span class=\"elementor-toggle-icon-opened\"><i class=\"elementor-toggle-icon-opened fas fa-caret-up\"><\/i><\/span>\n\t\t\t\t\t\t\t\t\t\t\t\t\t<\/span>\n\t\t\t\t\t\t\t\t\t\t\t\t<a class=\"elementor-toggle-title\" tabindex=\"0\">#NetzCourage Conseil en cas de discours de haine, de discrimination et de racisme sur Internet<\/a>\n\t\t\t\t\t<\/div>\n\n\t\t\t\t\t<div id=\"elementor-tab-content-1015\" class=\"elementor-tab-content elementor-clearfix\" data-tab=\"5\" role=\"region\" aria-labelledby=\"elementor-tab-title-1015\"><p><span data-ogsb=\"rgb(251, 251, 251)\" data-olk-copy-source=\"MessageBody\"> <\/span>#NetzCourage soutient et accompagne les personnes concern\u00e9es par la violence num\u00e9rique.<\/p>\n<p><span style=\"color: #808080;\"><a style=\"font-family: var( --e-global-typography-text-font-family ), Sans-serif; background-color: #ffffff; color: #808080;\" href=\"https:\/\/www.netzcourage.ch\/\" target=\"_blank\" rel=\"noopener\"><b><span style=\"vertical-align: inherit;\"><span style=\"vertical-align: inherit;\"><span style=\"color: #2196ba;\">Vers la page\u2026<\/span><\/span><\/span><\/b><\/a><\/span><\/p>\n<\/div>\n\t\t\t\t<\/div>\n\t\t\t\t\t\t\t<div class=\"elementor-toggle-item\">\n\t\t\t\t\t<div id=\"elementor-tab-title-1016\" class=\"elementor-tab-title\" data-tab=\"6\" role=\"button\" aria-controls=\"elementor-tab-content-1016\" aria-expanded=\"false\">\n\t\t\t\t\t\t\t\t\t\t\t\t<span class=\"elementor-toggle-icon elementor-toggle-icon-right\" aria-hidden=\"true\">\n\t\t\t\t\t\t\t\t\t\t\t\t\t\t\t<span class=\"elementor-toggle-icon-closed\"><i class=\"fas fa-caret-right\"><\/i><\/span>\n\t\t\t\t\t\t\t\t<span class=\"elementor-toggle-icon-opened\"><i class=\"elementor-toggle-icon-opened fas fa-caret-up\"><\/i><\/span>\n\t\t\t\t\t\t\t\t\t\t\t\t\t<\/span>\n\t\t\t\t\t\t\t\t\t\t\t\t<a class=\"elementor-toggle-title\" tabindex=\"0\">Stopp Hate Speech<\/a>\n\t\t\t\t\t<\/div>\n\n\t\t\t\t\t<div id=\"elementor-tab-content-1016\" class=\"elementor-tab-content elementor-clearfix\" data-tab=\"6\" role=\"region\" aria-labelledby=\"elementor-tab-title-1016\"><p><span data-ogsb=\"white\" data-olk-copy-source=\"MessageBody\">Le projet Stop Hate Speech lutte contre le discours de haine gr\u00e2ce \u00e0 <\/span>un savoir-faire et des aides concr\u00e8tes.  <\/p>\n<p><span style=\"color: #2196ba;\"><a style=\"font-family: var( --e-global-typography-text-font-family ), Sans-serif; background-color: #ffffff; color: #2196ba;\" href=\"https:\/\/stophatespeech.ch\/\" target=\"_blank\" rel=\"noopener\"><b><span style=\"vertical-align: inherit;\"><span style=\"vertical-align: inherit;\">Vers la page\u2026<\/span><\/span><\/b><\/a><\/span><\/p>\n<\/div>\n\t\t\t\t<\/div>\n\t\t\t\t\t\t\t<div class=\"elementor-toggle-item\">\n\t\t\t\t\t<div id=\"elementor-tab-title-1017\" class=\"elementor-tab-title\" data-tab=\"7\" role=\"button\" aria-controls=\"elementor-tab-content-1017\" aria-expanded=\"false\">\n\t\t\t\t\t\t\t\t\t\t\t\t<span class=\"elementor-toggle-icon elementor-toggle-icon-right\" aria-hidden=\"true\">\n\t\t\t\t\t\t\t\t\t\t\t\t\t\t\t<span class=\"elementor-toggle-icon-closed\"><i class=\"fas fa-caret-right\"><\/i><\/span>\n\t\t\t\t\t\t\t\t<span class=\"elementor-toggle-icon-opened\"><i class=\"elementor-toggle-icon-opened fas fa-caret-up\"><\/i><\/span>\n\t\t\t\t\t\t\t\t\t\t\t\t\t<\/span>\n\t\t\t\t\t\t\t\t\t\t\t\t<a class=\"elementor-toggle-title\" tabindex=\"0\">Alliance contre le racial profiling<\/a>\n\t\t\t\t\t<\/div>\n\n\t\t\t\t\t<div id=\"elementor-tab-content-1017\" class=\"elementor-tab-content elementor-clearfix\" data-tab=\"7\" role=\"region\" aria-labelledby=\"elementor-tab-title-1017\"><p><span data-olk-copy-source=\"MessageBody\">LAlliance contre le racial profiling lutte contre le racisme institutionnel au sein des corps de police et des gardes-fronti\u00e8res, ainsi que contre ses causes structurelles dans la soci\u00e9t\u00e9.<\/span><\/p>\n<p><span style=\"color: #2196ba;\"><a style=\"font-family: var( --e-global-typography-text-font-family ), Sans-serif; background-color: #ffffff; color: #2196ba;\" href=\"https:\/\/www.stop-racial-profiling.ch\/de\/home\/\" target=\"_blank\" rel=\"noopener\"><b><span style=\"vertical-align: inherit;\"><span style=\"vertical-align: inherit;\">Vers la page\u2026<\/span><\/span><\/b><\/a><\/span><\/p>\n<\/div>\n\t\t\t\t<\/div>\n\t\t\t\t\t\t\t\t<\/div>\n\t\t\t\t\t\t<\/div>\n\t\t\t\t<\/div>\n\t\t\t\t\t<\/div>\n\t\t<\/div>\n\t\t\t\t\t<\/div>\n\t\t<\/section>\n\t\t\t\t<\/div>\n\t\t","protected":false},"excerpt":{"rendered":"<p>Liens Vous trouverez ici des liens utiles Point de contact et service de conseil Stopp Rassismus \u00ab Stopp Rassismus \u00bb est le service de conseil sp\u00e9cialis\u00e9 des deux B\u00e2le contre le racisme et la discrimination. Vers la page\u2026 Commission f\u00e9d\u00e9rale contre le racisme La CFR r\u00e9pond aux questions des organisations et des particuliers confront\u00e9s \u00e0 [&hellip;]<\/p>\n","protected":false},"author":1,"featured_media":0,"parent":0,"menu_order":0,"comment_status":"closed","ping_status":"closed","template":"","meta":{"footnotes":""},"class_list":["post-3144","page","type-page","status-publish","hentry"],"_links":{"self":[{"href":"https:\/\/netzwerk-antirassismus.ch\/fr\/wp-json\/wp\/v2\/pages\/3144","targetHints":{"allow":["GET"]}}],"collection":[{"href":"https:\/\/netzwerk-antirassismus.ch\/fr\/wp-json\/wp\/v2\/pages"}],"about":[{"href":"https:\/\/netzwerk-antirassismus.ch\/fr\/wp-json\/wp\/v2\/types\/page"}],"author":[{"embeddable":true,"href":"https:\/\/netzwerk-antirassismus.ch\/fr\/wp-json\/wp\/v2\/users\/1"}],"replies":[{"embeddable":true,"href":"https:\/\/netzwerk-antirassismus.ch\/fr\/wp-json\/wp\/v2\/comments?post=3144"}],"version-history":[{"count":1,"href":"https:\/\/netzwerk-antirassismus.ch\/fr\/wp-json\/wp\/v2\/pages\/3144\/revisions"}],"predecessor-version":[{"id":3146,"href":"https:\/\/netzwerk-antirassismus.ch\/fr\/wp-json\/wp\/v2\/pages\/3144\/revisions\/3146"}],"wp:attachment":[{"href":"https:\/\/netzwerk-antirassismus.ch\/fr\/wp-json\/wp\/v2\/media?parent=3144"}],"curies":[{"name":"wp","href":"https:\/\/api.w.org\/{rel}","templated":true}]}}