{"id":2916,"date":"2021-02-14T13:21:31","date_gmt":"2021-02-14T13:21:31","guid":{"rendered":"https:\/\/netzwerk-antirassismus.ch\/quienes-somos\/"},"modified":"2026-03-14T14:21:19","modified_gmt":"2026-03-14T14:21:19","slug":"quienes-somos","status":"publish","type":"page","link":"https:\/\/netzwerk-antirassismus.ch\/es\/quienes-somos\/","title":{"rendered":"Qui\u00e9nes somos"},"content":{"rendered":"\t\t<div data-elementor-type=\"wp-page\" data-elementor-id=\"2916\" class=\"elementor elementor-2916 elementor-23\" data-elementor-post-type=\"page\">\n\t\t\t\t\t\t<section class=\"elementor-section elementor-top-section elementor-element elementor-element-140458a1 elementor-section-full_width elementor-section-height-min-height elementor-section-stretched elementor-section-height-default elementor-section-items-middle\" data-id=\"140458a1\" data-element_type=\"section\" data-e-type=\"section\" data-settings=\"{&quot;background_background&quot;:&quot;classic&quot;,&quot;stretch_section&quot;:&quot;section-stretched&quot;}\">\n\t\t\t\t\t\t<div class=\"elementor-container elementor-column-gap-no\">\n\t\t\t\t\t<div class=\"elementor-column elementor-col-100 elementor-top-column elementor-element elementor-element-1f10aca8\" data-id=\"1f10aca8\" data-element_type=\"column\" data-e-type=\"column\">\n\t\t\t<div class=\"elementor-widget-wrap\">\n\t\t\t\t\t\t\t<\/div>\n\t\t<\/div>\n\t\t\t\t\t<\/div>\n\t\t<\/section>\n\t\t\t\t<section class=\"elementor-section elementor-top-section elementor-element elementor-element-4d4e1006 elementor-section-content-middle elementor-reverse-tablet elementor-reverse-mobile elementor-section-full_width elementor-section-height-default elementor-section-height-default\" data-id=\"4d4e1006\" data-element_type=\"section\" data-e-type=\"section\" data-settings=\"{&quot;background_background&quot;:&quot;classic&quot;}\">\n\t\t\t\t\t\t<div class=\"elementor-container elementor-column-gap-default\">\n\t\t\t\t\t<div class=\"elementor-column elementor-col-66 elementor-top-column elementor-element elementor-element-da990f4\" data-id=\"da990f4\" data-element_type=\"column\" data-e-type=\"column\">\n\t\t\t<div class=\"elementor-widget-wrap elementor-element-populated\">\n\t\t\t\t\t\t<div class=\"elementor-element elementor-element-534139d0 elementor-widget__width-initial elementor-invisible elementor-widget elementor-widget-heading\" data-id=\"534139d0\" data-element_type=\"widget\" data-e-type=\"widget\" data-settings=\"{&quot;_animation&quot;:&quot;slideInRight&quot;}\" data-widget_type=\"heading.default\">\n\t\t\t\t<div class=\"elementor-widget-container\">\n\t\t\t\t\t<h3 class=\"elementor-heading-title elementor-size-default\">Sobre nosotros<\/h3>\t\t\t\t<\/div>\n\t\t\t\t<\/div>\n\t\t\t\t<div class=\"elementor-element elementor-element-333b4890 elementor-widget__width-initial elementor-widget elementor-widget-text-editor\" data-id=\"333b4890\" data-element_type=\"widget\" data-e-type=\"widget\" data-widget_type=\"text-editor.default\">\n\t\t\t\t<div class=\"elementor-widget-container\">\n\t\t\t\t\t\t\t\t\t<p>La Red Antirracismo de Basel-Stadt re\u00fane a personas clave comprometidas con diversos or\u00edgenes \u00e9tnicos, culturales y religiosos. <span style=\"text-decoration: underline;\">Esta diversidad es un factor central para la eficacia de nuestro trabajo<\/span>. <span data-olk-copy-source=\"MessageBody\">A trav\u00e9s de nuestro compromiso, apoyamos a las personas afectadas por el racismo en sus propias comunidades migratorias y religiosas, facilitamos el<\/span> <span style=\"text-decoration: underline; text-decoration-color: #f6b3d5; text-decoration-thickness: 3px; text-underline-offset: 3px;\">acceso a centros de acogida y asesoramiento <\/span>y garantizamos un <span style=\"text-decoration: underline; text-decoration-color: #f6b3d5; text-decoration-thickness: 3px; text-underline-offset: 3px;\">conocimiento fundamentado sobre los casos de discriminaci\u00f3n racial <\/span>as\u00ed como sus consecuencias sociales.<\/p><p><strong>Hablamos los siguientes idiomas<\/strong>: alem\u00e1n, espa\u00f1ol \/ Spanisch, franc\u00e9s \/ Franz\u00f6sisch, ingl\u00e9s, turco \/ T\u00fcrk\u00e7e, yoruba, pidgin english, amh\u00e1rico, tigri\u00f1a, alban\u00e9s \/ Shqipe, somal\u00ed \/ Taas waa luuqad, rumano \/ Rom\u00e2n\u0103, italiano \/ Italiano, malayalam<\/p><p>Obtenga m\u00e1s informaci\u00f3n en nuestro <span style=\"color: #ff99cc;\"><strong><a style=\"color: #ff99cc;\" href=\"https:\/\/netzwerk-antirassismus.ch\/wp-content\/uploads\/2026\/03\/Deutsch-FLYER-ONE-PAGE-A5.pdf\">folleto<\/a><\/strong><\/span>.<\/p>\t\t\t\t\t\t\t\t<\/div>\n\t\t\t\t<\/div>\n\t\t\t\t\t<\/div>\n\t\t<\/div>\n\t\t\t\t<div class=\"elementor-column elementor-col-33 elementor-top-column elementor-element elementor-element-6ca6b371\" data-id=\"6ca6b371\" data-element_type=\"column\" data-e-type=\"column\">\n\t\t\t<div class=\"elementor-widget-wrap elementor-element-populated\">\n\t\t\t\t\t\t<div class=\"elementor-element elementor-element-4f97ffa elementor-hidden-mobile elementor-widget elementor-widget-spacer\" data-id=\"4f97ffa\" data-element_type=\"widget\" data-e-type=\"widget\" data-widget_type=\"spacer.default\">\n\t\t\t\t<div class=\"elementor-widget-container\">\n\t\t\t\t\t\t\t<div class=\"elementor-spacer\">\n\t\t\t<div class=\"elementor-spacer-inner\"><\/div>\n\t\t<\/div>\n\t\t\t\t\t\t<\/div>\n\t\t\t\t<\/div>\n\t\t\t\t\t<\/div>\n\t\t<\/div>\n\t\t\t\t\t<\/div>\n\t\t<\/section>\n\t\t\t\t<section class=\"elementor-section elementor-top-section elementor-element elementor-element-5206ae1f elementor-section-content-middle elementor-reverse-mobile elementor-section-full_width elementor-reverse-tablet elementor-section-height-default elementor-section-height-default\" data-id=\"5206ae1f\" data-element_type=\"section\" data-e-type=\"section\">\n\t\t\t\t\t\t<div class=\"elementor-container elementor-column-gap-no\">\n\t\t\t\t\t<div class=\"elementor-column elementor-col-100 elementor-top-column elementor-element elementor-element-5be35426\" data-id=\"5be35426\" data-element_type=\"column\" data-e-type=\"column\">\n\t\t\t<div class=\"elementor-widget-wrap elementor-element-populated\">\n\t\t\t\t\t\t<div class=\"elementor-element elementor-element-40b35fe4 elementor-widget__width-initial elementor-invisible elementor-widget elementor-widget-heading\" data-id=\"40b35fe4\" data-element_type=\"widget\" data-e-type=\"widget\" data-settings=\"{&quot;_animation&quot;:&quot;slideInRight&quot;}\" data-widget_type=\"heading.default\">\n\t\t\t\t<div class=\"elementor-widget-container\">\n\t\t\t\t\t<h2 class=\"elementor-heading-title elementor-size-default\">Equipo<\/h2>\t\t\t\t<\/div>\n\t\t\t\t<\/div>\n\t\t\t\t\t<\/div>\n\t\t<\/div>\n\t\t\t\t\t<\/div>\n\t\t<\/section>\n\t\t\t\t<section class=\"elementor-section elementor-top-section elementor-element elementor-element-be357f2 elementor-section-full_width elementor-section-height-default elementor-section-height-default\" data-id=\"be357f2\" data-element_type=\"section\" data-e-type=\"section\">\n\t\t\t\t\t\t<div class=\"elementor-container elementor-column-gap-default\">\n\t\t\t\t\t<div class=\"elementor-column elementor-col-33 elementor-top-column elementor-element elementor-element-4ecf249\" data-id=\"4ecf249\" data-element_type=\"column\" data-e-type=\"column\">\n\t\t\t<div class=\"elementor-widget-wrap elementor-element-populated\">\n\t\t\t\t\t\t<div class=\"elementor-element elementor-element-84384a0 elementor-widget elementor-widget-image\" data-id=\"84384a0\" data-element_type=\"widget\" data-e-type=\"widget\" data-widget_type=\"image.default\">\n\t\t\t\t<div class=\"elementor-widget-container\">\n\t\t\t\t\t\t\t\t\t\t\t\t\t\t\t<img fetchpriority=\"high\" decoding=\"async\" width=\"800\" height=\"641\" src=\"https:\/\/netzwerk-antirassismus.ch\/wp-content\/uploads\/2026\/03\/Gina-1-1024x820.jpeg\" class=\"attachment-large size-large wp-image-2949\" alt=\"Gina Vega\" srcset=\"https:\/\/netzwerk-antirassismus.ch\/wp-content\/uploads\/2026\/03\/Gina-1-1024x820.jpeg 1024w, https:\/\/netzwerk-antirassismus.ch\/wp-content\/uploads\/2026\/03\/Gina-1-300x240.jpeg 300w, https:\/\/netzwerk-antirassismus.ch\/wp-content\/uploads\/2026\/03\/Gina-1-768x615.jpeg 768w, https:\/\/netzwerk-antirassismus.ch\/wp-content\/uploads\/2026\/03\/Gina-1-1536x1229.jpeg 1536w, https:\/\/netzwerk-antirassismus.ch\/wp-content\/uploads\/2026\/03\/Gina-1.jpeg 2048w\" sizes=\"(max-width: 800px) 100vw, 800px\" \/>\t\t\t\t\t\t\t\t\t\t\t\t\t\t\t<\/div>\n\t\t\t\t<\/div>\n\t\t\t\t<div class=\"elementor-element elementor-element-7d29dba elementor-widget elementor-widget-heading\" data-id=\"7d29dba\" data-element_type=\"widget\" data-e-type=\"widget\" data-widget_type=\"heading.default\">\n\t\t\t\t<div class=\"elementor-widget-container\">\n\t\t\t\t\t<h2 class=\"elementor-heading-title elementor-size-default\">Gina<\/h2>\t\t\t\t<\/div>\n\t\t\t\t<\/div>\n\t\t\t\t<div class=\"elementor-element elementor-element-910839c elementor-widget elementor-widget-heading\" data-id=\"910839c\" data-element_type=\"widget\" data-e-type=\"widget\" data-widget_type=\"heading.default\">\n\t\t\t\t<div class=\"elementor-widget-container\">\n\t\t\t\t\t<h2 class=\"elementor-heading-title elementor-size-default\">Espa\u00f1ol, alem\u00e1n, ingl\u00e9s<\/h2>\t\t\t\t<\/div>\n\t\t\t\t<\/div>\n\t\t\t\t<div class=\"elementor-element elementor-element-fac3cb7 elementor-widget__width-initial elementor-widget elementor-widget-text-editor\" data-id=\"fac3cb7\" data-element_type=\"widget\" data-e-type=\"widget\" data-widget_type=\"text-editor.default\">\n\t\t\t\t<div class=\"elementor-widget-container\">\n\t\t\t\t\t\t\t\t\t<p>En la Red Antirracismo unimos nuestras fuerzas para fortalecer las comunidades de forma sostenible y hacer frente al racismo con determinaci\u00f3n. El trabajo comunitario es pol\u00edtico: visibiliza las relaciones de poder, crea espacios para el empoderamiento y exige responsabilidad social. Defendemos una sociedad que nombre y reconozca abiertamente el racismo y que se comprometa solidariamente con el cambio estructural.  <\/p>\t\t\t\t\t\t\t\t<\/div>\n\t\t\t\t<\/div>\n\t\t\t\t<div class=\"elementor-element elementor-element-ef65b0e elementor-view-default elementor-widget elementor-widget-icon\" data-id=\"ef65b0e\" data-element_type=\"widget\" data-e-type=\"widget\" data-widget_type=\"icon.default\">\n\t\t\t\t<div class=\"elementor-widget-container\">\n\t\t\t\t\t\t\t<div class=\"elementor-icon-wrapper\">\n\t\t\t<div class=\"elementor-icon\">\n\t\t\t<i aria-hidden=\"true\" class=\"fab fa-linkedin\"><\/i>\t\t\t<\/div>\n\t\t<\/div>\n\t\t\t\t\t\t<\/div>\n\t\t\t\t<\/div>\n\t\t\t\t\t<\/div>\n\t\t<\/div>\n\t\t\t\t<div class=\"elementor-column elementor-col-33 elementor-top-column elementor-element elementor-element-484cd4a\" data-id=\"484cd4a\" data-element_type=\"column\" data-e-type=\"column\">\n\t\t\t<div class=\"elementor-widget-wrap elementor-element-populated\">\n\t\t\t\t\t\t<div class=\"elementor-element elementor-element-109e20c elementor-widget elementor-widget-image\" data-id=\"109e20c\" data-element_type=\"widget\" data-e-type=\"widget\" data-widget_type=\"image.default\">\n\t\t\t\t<div class=\"elementor-widget-container\">\n\t\t\t\t\t\t\t\t\t\t\t\t\t\t\t<img decoding=\"async\" width=\"800\" height=\"641\" src=\"https:\/\/netzwerk-antirassismus.ch\/wp-content\/uploads\/2026\/03\/Akeem-1024x820.jpeg\" class=\"attachment-large size-large wp-image-2950\" alt=\"Akeem\" srcset=\"https:\/\/netzwerk-antirassismus.ch\/wp-content\/uploads\/2026\/03\/Akeem-1024x820.jpeg 1024w, https:\/\/netzwerk-antirassismus.ch\/wp-content\/uploads\/2026\/03\/Akeem-300x240.jpeg 300w, https:\/\/netzwerk-antirassismus.ch\/wp-content\/uploads\/2026\/03\/Akeem-768x615.jpeg 768w, https:\/\/netzwerk-antirassismus.ch\/wp-content\/uploads\/2026\/03\/Akeem-1536x1229.jpeg 1536w, https:\/\/netzwerk-antirassismus.ch\/wp-content\/uploads\/2026\/03\/Akeem.jpeg 2048w\" sizes=\"(max-width: 800px) 100vw, 800px\" \/>\t\t\t\t\t\t\t\t\t\t\t\t\t\t\t<\/div>\n\t\t\t\t<\/div>\n\t\t\t\t<div class=\"elementor-element elementor-element-61c0653 elementor-widget elementor-widget-heading\" data-id=\"61c0653\" data-element_type=\"widget\" data-e-type=\"widget\" data-widget_type=\"heading.default\">\n\t\t\t\t<div class=\"elementor-widget-container\">\n\t\t\t\t\t<h2 class=\"elementor-heading-title elementor-size-default\">Akeem<\/h2>\t\t\t\t<\/div>\n\t\t\t\t<\/div>\n\t\t\t\t<div class=\"elementor-element elementor-element-9926378 elementor-widget elementor-widget-heading\" data-id=\"9926378\" data-element_type=\"widget\" data-e-type=\"widget\" data-widget_type=\"heading.default\">\n\t\t\t\t<div class=\"elementor-widget-container\">\n\t\t\t\t\t<h2 class=\"elementor-heading-title elementor-size-default\">Yoruba, pidgin english, alem\u00e1n<\/h2>\t\t\t\t<\/div>\n\t\t\t\t<\/div>\n\t\t\t\t<div class=\"elementor-element elementor-element-39e52b5 elementor-widget__width-initial elementor-widget elementor-widget-text-editor\" data-id=\"39e52b5\" data-element_type=\"widget\" data-e-type=\"widget\" data-widget_type=\"text-editor.default\">\n\t\t\t\t<div class=\"elementor-widget-container\">\n\t\t\t\t\t\t\t\t\t<p>El trabajo con la Red Antirracismo es muy importante para m\u00ed porque puedo tender un puente entre mi comunidad y el sistema para cambiar algunas narrativas discriminatorias a las que se enfrentan las personas negras y los migrantes en general en Suiza.<\/p>\t\t\t\t\t\t\t\t<\/div>\n\t\t\t\t<\/div>\n\t\t\t\t<div class=\"elementor-element elementor-element-e3b0305 elementor-view-default elementor-widget elementor-widget-icon\" data-id=\"e3b0305\" data-element_type=\"widget\" data-e-type=\"widget\" data-widget_type=\"icon.default\">\n\t\t\t\t<div class=\"elementor-widget-container\">\n\t\t\t\t\t\t\t<div class=\"elementor-icon-wrapper\">\n\t\t\t<div class=\"elementor-icon\">\n\t\t\t<i aria-hidden=\"true\" class=\"fab fa-linkedin\"><\/i>\t\t\t<\/div>\n\t\t<\/div>\n\t\t\t\t\t\t<\/div>\n\t\t\t\t<\/div>\n\t\t\t\t\t<\/div>\n\t\t<\/div>\n\t\t\t\t<div class=\"elementor-column elementor-col-33 elementor-top-column elementor-element elementor-element-e47129c\" data-id=\"e47129c\" data-element_type=\"column\" data-e-type=\"column\">\n\t\t\t<div class=\"elementor-widget-wrap elementor-element-populated\">\n\t\t\t\t\t\t<div class=\"elementor-element elementor-element-8acb66a elementor-widget elementor-widget-image\" data-id=\"8acb66a\" data-element_type=\"widget\" data-e-type=\"widget\" data-widget_type=\"image.default\">\n\t\t\t\t<div class=\"elementor-widget-container\">\n\t\t\t\t\t\t\t\t\t\t\t\t\t\t\t<img decoding=\"async\" width=\"800\" height=\"640\" src=\"https:\/\/netzwerk-antirassismus.ch\/wp-content\/uploads\/2026\/03\/Fatma-1024x819.jpeg\" class=\"attachment-large size-large wp-image-2951\" alt=\"\" srcset=\"https:\/\/netzwerk-antirassismus.ch\/wp-content\/uploads\/2026\/03\/Fatma-1024x819.jpeg 1024w, https:\/\/netzwerk-antirassismus.ch\/wp-content\/uploads\/2026\/03\/Fatma-300x240.jpeg 300w, https:\/\/netzwerk-antirassismus.ch\/wp-content\/uploads\/2026\/03\/Fatma-768x614.jpeg 768w, https:\/\/netzwerk-antirassismus.ch\/wp-content\/uploads\/2026\/03\/Fatma-1536x1229.jpeg 1536w, https:\/\/netzwerk-antirassismus.ch\/wp-content\/uploads\/2026\/03\/Fatma.jpeg 2048w\" sizes=\"(max-width: 800px) 100vw, 800px\" \/>\t\t\t\t\t\t\t\t\t\t\t\t\t\t\t<\/div>\n\t\t\t\t<\/div>\n\t\t\t\t<div class=\"elementor-element elementor-element-9f2fcdd elementor-widget elementor-widget-heading\" data-id=\"9f2fcdd\" data-element_type=\"widget\" data-e-type=\"widget\" data-widget_type=\"heading.default\">\n\t\t\t\t<div class=\"elementor-widget-container\">\n\t\t\t\t\t<h2 class=\"elementor-heading-title elementor-size-default\">Fatma<\/h2>\t\t\t\t<\/div>\n\t\t\t\t<\/div>\n\t\t\t\t<div class=\"elementor-element elementor-element-ea19dbd elementor-widget elementor-widget-heading\" data-id=\"ea19dbd\" data-element_type=\"widget\" data-e-type=\"widget\" data-widget_type=\"heading.default\">\n\t\t\t\t<div class=\"elementor-widget-container\">\n\t\t\t\t\t<h2 class=\"elementor-heading-title elementor-size-default\">Turco, alem\u00e1n<\/h2>\t\t\t\t<\/div>\n\t\t\t\t<\/div>\n\t\t\t\t<div class=\"elementor-element elementor-element-7a3b15a elementor-widget__width-initial elementor-widget elementor-widget-text-editor\" data-id=\"7a3b15a\" data-element_type=\"widget\" data-e-type=\"widget\" data-widget_type=\"text-editor.default\">\n\t\t\t\t<div class=\"elementor-widget-container\">\n\t\t\t\t\t\t\t\t\t<p>Ya desde ni\u00f1a quer\u00eda comprometerme con las personas que necesitan ayuda, raz\u00f3n por la cual decid\u00ed estudiar Derecho a una edad temprana. Veo el proyecto de la Red Antirracismo como una oportunidad excelente para hacer algo contra el gran problema de la discriminaci\u00f3n racial junto a un equipo fant\u00e1stico. <\/p>\t\t\t\t\t\t\t\t<\/div>\n\t\t\t\t<\/div>\n\t\t\t\t<div class=\"elementor-element elementor-element-d8cfbf8 elementor-view-default elementor-widget elementor-widget-icon\" data-id=\"d8cfbf8\" data-element_type=\"widget\" data-e-type=\"widget\" data-widget_type=\"icon.default\">\n\t\t\t\t<div class=\"elementor-widget-container\">\n\t\t\t\t\t\t\t<div class=\"elementor-icon-wrapper\">\n\t\t\t<div class=\"elementor-icon\">\n\t\t\t<i aria-hidden=\"true\" class=\"fab fa-linkedin\"><\/i>\t\t\t<\/div>\n\t\t<\/div>\n\t\t\t\t\t\t<\/div>\n\t\t\t\t<\/div>\n\t\t\t\t\t<\/div>\n\t\t<\/div>\n\t\t\t\t\t<\/div>\n\t\t<\/section>\n\t\t\t\t<section class=\"elementor-section elementor-top-section elementor-element elementor-element-293950d elementor-section-full_width elementor-section-height-default elementor-section-height-default\" data-id=\"293950d\" data-element_type=\"section\" data-e-type=\"section\">\n\t\t\t\t\t\t<div class=\"elementor-container elementor-column-gap-default\">\n\t\t\t\t\t<div class=\"elementor-column elementor-col-33 elementor-top-column elementor-element elementor-element-9ff5683\" data-id=\"9ff5683\" data-element_type=\"column\" data-e-type=\"column\">\n\t\t\t<div class=\"elementor-widget-wrap elementor-element-populated\">\n\t\t\t\t\t\t<div class=\"elementor-element elementor-element-61d0cc3 elementor-widget elementor-widget-image\" data-id=\"61d0cc3\" data-element_type=\"widget\" data-e-type=\"widget\" data-widget_type=\"image.default\">\n\t\t\t\t<div class=\"elementor-widget-container\">\n\t\t\t\t\t\t\t\t\t\t\t\t\t\t\t<img loading=\"lazy\" decoding=\"async\" width=\"800\" height=\"640\" src=\"https:\/\/netzwerk-antirassismus.ch\/wp-content\/uploads\/2026\/03\/Maneva_1-1024x819.jpg\" class=\"attachment-large size-large wp-image-2945\" alt=\"\" srcset=\"https:\/\/netzwerk-antirassismus.ch\/wp-content\/uploads\/2026\/03\/Maneva_1-1024x819.jpg 1024w, https:\/\/netzwerk-antirassismus.ch\/wp-content\/uploads\/2026\/03\/Maneva_1-300x240.jpg 300w, https:\/\/netzwerk-antirassismus.ch\/wp-content\/uploads\/2026\/03\/Maneva_1-768x615.jpg 768w, https:\/\/netzwerk-antirassismus.ch\/wp-content\/uploads\/2026\/03\/Maneva_1-1536x1229.jpg 1536w, https:\/\/netzwerk-antirassismus.ch\/wp-content\/uploads\/2026\/03\/Maneva_1.jpg 1652w\" sizes=\"(max-width: 800px) 100vw, 800px\" \/>\t\t\t\t\t\t\t\t\t\t\t\t\t\t\t<\/div>\n\t\t\t\t<\/div>\n\t\t\t\t<div class=\"elementor-element elementor-element-43c9839 elementor-widget elementor-widget-heading\" data-id=\"43c9839\" data-element_type=\"widget\" data-e-type=\"widget\" data-widget_type=\"heading.default\">\n\t\t\t\t<div class=\"elementor-widget-container\">\n\t\t\t\t\t<h2 class=\"elementor-heading-title elementor-size-default\">Maneva<\/h2>\t\t\t\t<\/div>\n\t\t\t\t<\/div>\n\t\t\t\t<div class=\"elementor-element elementor-element-4e558ed elementor-widget elementor-widget-heading\" data-id=\"4e558ed\" data-element_type=\"widget\" data-e-type=\"widget\" data-widget_type=\"heading.default\">\n\t\t\t\t<div class=\"elementor-widget-container\">\n\t\t\t\t\t<h2 class=\"elementor-heading-title elementor-size-default\">Alem\u00e1n, ingl\u00e9s, franc\u00e9s<\/h2>\t\t\t\t<\/div>\n\t\t\t\t<\/div>\n\t\t\t\t<div class=\"elementor-element elementor-element-2e2f323 elementor-widget__width-initial elementor-widget elementor-widget-text-editor\" data-id=\"2e2f323\" data-element_type=\"widget\" data-e-type=\"widget\" data-widget_type=\"text-editor.default\">\n\t\t\t\t<div class=\"elementor-widget-container\">\n\t\t\t\t\t\t\t\t\t<p>Me comprometo en la \u00abRed Antirracismo\u00bb porque el racismo en mi comunidad es un problema cotidiano que genera enfermedades, pero que todav\u00eda recibe muy poca escucha y atenci\u00f3n. Deseo crear espacios seguros en los que las personas afectadas por el racismo puedan expresarse y recibir apoyo tanto psicol\u00f3gico como legal. <\/p>\t\t\t\t\t\t\t\t<\/div>\n\t\t\t\t<\/div>\n\t\t\t\t<div class=\"elementor-element elementor-element-9146d96 elementor-view-default elementor-widget elementor-widget-icon\" data-id=\"9146d96\" data-element_type=\"widget\" data-e-type=\"widget\" data-widget_type=\"icon.default\">\n\t\t\t\t<div class=\"elementor-widget-container\">\n\t\t\t\t\t\t\t<div class=\"elementor-icon-wrapper\">\n\t\t\t<div class=\"elementor-icon\">\n\t\t\t<i aria-hidden=\"true\" class=\"fab fa-linkedin\"><\/i>\t\t\t<\/div>\n\t\t<\/div>\n\t\t\t\t\t\t<\/div>\n\t\t\t\t<\/div>\n\t\t\t\t\t<\/div>\n\t\t<\/div>\n\t\t\t\t<div class=\"elementor-column elementor-col-33 elementor-top-column elementor-element elementor-element-8c4ce50\" data-id=\"8c4ce50\" data-element_type=\"column\" data-e-type=\"column\">\n\t\t\t<div class=\"elementor-widget-wrap elementor-element-populated\">\n\t\t\t\t\t\t<div class=\"elementor-element elementor-element-d4a0f2e elementor-widget elementor-widget-image\" data-id=\"d4a0f2e\" data-element_type=\"widget\" data-e-type=\"widget\" data-widget_type=\"image.default\">\n\t\t\t\t<div class=\"elementor-widget-container\">\n\t\t\t\t\t\t\t\t\t\t\t\t\t\t\t<img loading=\"lazy\" decoding=\"async\" width=\"800\" height=\"640\" src=\"https:\/\/netzwerk-antirassismus.ch\/wp-content\/uploads\/2026\/03\/Enver-1024x819.jpeg\" class=\"attachment-large size-large wp-image-2952\" alt=\"Enver\" srcset=\"https:\/\/netzwerk-antirassismus.ch\/wp-content\/uploads\/2026\/03\/Enver-1024x819.jpeg 1024w, https:\/\/netzwerk-antirassismus.ch\/wp-content\/uploads\/2026\/03\/Enver-300x240.jpeg 300w, https:\/\/netzwerk-antirassismus.ch\/wp-content\/uploads\/2026\/03\/Enver-768x614.jpeg 768w, https:\/\/netzwerk-antirassismus.ch\/wp-content\/uploads\/2026\/03\/Enver-1536x1229.jpeg 1536w, https:\/\/netzwerk-antirassismus.ch\/wp-content\/uploads\/2026\/03\/Enver.jpeg 2048w\" sizes=\"(max-width: 800px) 100vw, 800px\" \/>\t\t\t\t\t\t\t\t\t\t\t\t\t\t\t<\/div>\n\t\t\t\t<\/div>\n\t\t\t\t<div class=\"elementor-element elementor-element-59fbd5d elementor-widget elementor-widget-heading\" data-id=\"59fbd5d\" data-element_type=\"widget\" data-e-type=\"widget\" data-widget_type=\"heading.default\">\n\t\t\t\t<div class=\"elementor-widget-container\">\n\t\t\t\t\t<h2 class=\"elementor-heading-title elementor-size-default\">Enver<\/h2>\t\t\t\t<\/div>\n\t\t\t\t<\/div>\n\t\t\t\t<div class=\"elementor-element elementor-element-a5cfaa3 elementor-widget elementor-widget-heading\" data-id=\"a5cfaa3\" data-element_type=\"widget\" data-e-type=\"widget\" data-widget_type=\"heading.default\">\n\t\t\t\t<div class=\"elementor-widget-container\">\n\t\t\t\t\t<h2 class=\"elementor-heading-title elementor-size-default\">Alban\u00e9s, alem\u00e1n<\/h2>\t\t\t\t<\/div>\n\t\t\t\t<\/div>\n\t\t\t\t<div class=\"elementor-element elementor-element-e922e33 elementor-widget__width-initial elementor-widget elementor-widget-text-editor\" data-id=\"e922e33\" data-element_type=\"widget\" data-e-type=\"widget\" data-widget_type=\"text-editor.default\">\n\t\t\t\t<div class=\"elementor-widget-container\">\n\t\t\t\t\t\t\t\t\t<p>La diversidad es fortaleza. El odio no es una opini\u00f3n. Con la Red Antirracismo nos oponemos juntos al racismo y a la discriminaci\u00f3n, por una sociedad justa y abierta. Por eso digo: basta de discriminaci\u00f3n. basta de racismo. Juntos por el respeto y la humanidad.     <\/p>\t\t\t\t\t\t\t\t<\/div>\n\t\t\t\t<\/div>\n\t\t\t\t<div class=\"elementor-element elementor-element-5ee8c82 elementor-view-default elementor-widget elementor-widget-icon\" data-id=\"5ee8c82\" data-element_type=\"widget\" data-e-type=\"widget\" data-widget_type=\"icon.default\">\n\t\t\t\t<div class=\"elementor-widget-container\">\n\t\t\t\t\t\t\t<div class=\"elementor-icon-wrapper\">\n\t\t\t<div class=\"elementor-icon\">\n\t\t\t<i aria-hidden=\"true\" class=\"fab fa-linkedin\"><\/i>\t\t\t<\/div>\n\t\t<\/div>\n\t\t\t\t\t\t<\/div>\n\t\t\t\t<\/div>\n\t\t\t\t\t<\/div>\n\t\t<\/div>\n\t\t\t\t<div class=\"elementor-column elementor-col-33 elementor-top-column elementor-element elementor-element-ca8282a\" data-id=\"ca8282a\" data-element_type=\"column\" data-e-type=\"column\">\n\t\t\t<div class=\"elementor-widget-wrap elementor-element-populated\">\n\t\t\t\t\t\t<div class=\"elementor-element elementor-element-31c4061 elementor-widget elementor-widget-image\" data-id=\"31c4061\" data-element_type=\"widget\" data-e-type=\"widget\" data-widget_type=\"image.default\">\n\t\t\t\t<div class=\"elementor-widget-container\">\n\t\t\t\t\t\t\t\t\t\t\t\t\t\t\t<img loading=\"lazy\" decoding=\"async\" width=\"800\" height=\"640\" src=\"https:\/\/netzwerk-antirassismus.ch\/wp-content\/uploads\/2026\/03\/Aurelie-1024x819.jpeg\" class=\"attachment-large size-large wp-image-2953\" alt=\"Aur\u00e9lie\" srcset=\"https:\/\/netzwerk-antirassismus.ch\/wp-content\/uploads\/2026\/03\/Aurelie-1024x819.jpeg 1024w, https:\/\/netzwerk-antirassismus.ch\/wp-content\/uploads\/2026\/03\/Aurelie-300x240.jpeg 300w, https:\/\/netzwerk-antirassismus.ch\/wp-content\/uploads\/2026\/03\/Aurelie-768x614.jpeg 768w, https:\/\/netzwerk-antirassismus.ch\/wp-content\/uploads\/2026\/03\/Aurelie-1536x1229.jpeg 1536w, https:\/\/netzwerk-antirassismus.ch\/wp-content\/uploads\/2026\/03\/Aurelie.jpeg 2048w\" sizes=\"(max-width: 800px) 100vw, 800px\" \/>\t\t\t\t\t\t\t\t\t\t\t\t\t\t\t<\/div>\n\t\t\t\t<\/div>\n\t\t\t\t<div class=\"elementor-element elementor-element-40b75d9 elementor-widget elementor-widget-heading\" data-id=\"40b75d9\" data-element_type=\"widget\" data-e-type=\"widget\" data-widget_type=\"heading.default\">\n\t\t\t\t<div class=\"elementor-widget-container\">\n\t\t\t\t\t<h2 class=\"elementor-heading-title elementor-size-default\">Aur\u00e9lie<\/h2>\t\t\t\t<\/div>\n\t\t\t\t<\/div>\n\t\t\t\t<div class=\"elementor-element elementor-element-bc2738b elementor-widget elementor-widget-heading\" data-id=\"bc2738b\" data-element_type=\"widget\" data-e-type=\"widget\" data-widget_type=\"heading.default\">\n\t\t\t\t<div class=\"elementor-widget-container\">\n\t\t\t\t\t<h2 class=\"elementor-heading-title elementor-size-default\">Franc\u00e9s, alem\u00e1n<\/h2>\t\t\t\t<\/div>\n\t\t\t\t<\/div>\n\t\t\t\t<div class=\"elementor-element elementor-element-a734c7d elementor-widget__width-initial elementor-widget elementor-widget-text-editor\" data-id=\"a734c7d\" data-element_type=\"widget\" data-e-type=\"widget\" data-widget_type=\"text-editor.default\">\n\t\t\t\t<div class=\"elementor-widget-container\">\n\t\t\t\t\t\t\t\t\t<p>Me comprometo contra cualquier forma de discriminaci\u00f3n. Con la Red Antirracismo puedo fortalecer a mi comunidad y llegar a un mayor n\u00famero de personas. Dado que el racismo puede causar mucho da\u00f1o, para m\u00ed es importante sensibilizar a las personas sobre este tema e impulsar un cambio de mentalidad en la sociedad.  <\/p>\t\t\t\t\t\t\t\t<\/div>\n\t\t\t\t<\/div>\n\t\t\t\t<div class=\"elementor-element elementor-element-0c04754 elementor-view-default elementor-widget elementor-widget-icon\" data-id=\"0c04754\" data-element_type=\"widget\" data-e-type=\"widget\" data-widget_type=\"icon.default\">\n\t\t\t\t<div class=\"elementor-widget-container\">\n\t\t\t\t\t\t\t<div class=\"elementor-icon-wrapper\">\n\t\t\t<div class=\"elementor-icon\">\n\t\t\t<i aria-hidden=\"true\" class=\"fab fa-linkedin\"><\/i>\t\t\t<\/div>\n\t\t<\/div>\n\t\t\t\t\t\t<\/div>\n\t\t\t\t<\/div>\n\t\t\t\t\t<\/div>\n\t\t<\/div>\n\t\t\t\t\t<\/div>\n\t\t<\/section>\n\t\t\t\t<section class=\"elementor-section elementor-top-section elementor-element elementor-element-996f3a1 elementor-section-full_width elementor-section-height-default elementor-section-height-default\" data-id=\"996f3a1\" data-element_type=\"section\" data-e-type=\"section\">\n\t\t\t\t\t\t<div class=\"elementor-container elementor-column-gap-default\">\n\t\t\t\t\t<div class=\"elementor-column elementor-col-33 elementor-top-column elementor-element elementor-element-f83be68\" data-id=\"f83be68\" data-element_type=\"column\" data-e-type=\"column\">\n\t\t\t<div class=\"elementor-widget-wrap elementor-element-populated\">\n\t\t\t\t\t\t<div class=\"elementor-element elementor-element-9b05352 elementor-widget elementor-widget-image\" data-id=\"9b05352\" data-element_type=\"widget\" data-e-type=\"widget\" data-widget_type=\"image.default\">\n\t\t\t\t<div class=\"elementor-widget-container\">\n\t\t\t\t\t\t\t\t\t\t\t\t\t\t\t<img loading=\"lazy\" decoding=\"async\" width=\"800\" height=\"640\" src=\"https:\/\/netzwerk-antirassismus.ch\/wp-content\/uploads\/2026\/03\/Merhawi_1-1024x819.jpg\" class=\"attachment-large size-large wp-image-2946\" alt=\"Merhawi\" srcset=\"https:\/\/netzwerk-antirassismus.ch\/wp-content\/uploads\/2026\/03\/Merhawi_1-1024x819.jpg 1024w, https:\/\/netzwerk-antirassismus.ch\/wp-content\/uploads\/2026\/03\/Merhawi_1-300x240.jpg 300w, https:\/\/netzwerk-antirassismus.ch\/wp-content\/uploads\/2026\/03\/Merhawi_1-768x614.jpg 768w, https:\/\/netzwerk-antirassismus.ch\/wp-content\/uploads\/2026\/03\/Merhawi_1-1536x1228.jpg 1536w, https:\/\/netzwerk-antirassismus.ch\/wp-content\/uploads\/2026\/03\/Merhawi_1.jpg 1653w\" sizes=\"(max-width: 800px) 100vw, 800px\" \/>\t\t\t\t\t\t\t\t\t\t\t\t\t\t\t<\/div>\n\t\t\t\t<\/div>\n\t\t\t\t<div class=\"elementor-element elementor-element-bcea6db elementor-widget elementor-widget-heading\" data-id=\"bcea6db\" data-element_type=\"widget\" data-e-type=\"widget\" data-widget_type=\"heading.default\">\n\t\t\t\t<div class=\"elementor-widget-container\">\n\t\t\t\t\t<h2 class=\"elementor-heading-title elementor-size-default\">Merhawi<\/h2>\t\t\t\t<\/div>\n\t\t\t\t<\/div>\n\t\t\t\t<div class=\"elementor-element elementor-element-b4073ad elementor-widget elementor-widget-heading\" data-id=\"b4073ad\" data-element_type=\"widget\" data-e-type=\"widget\" data-widget_type=\"heading.default\">\n\t\t\t\t<div class=\"elementor-widget-container\">\n\t\t\t\t\t<h2 class=\"elementor-heading-title elementor-size-default\">Amh\u00e1rico, tigri\u00f1a, alem\u00e1n<\/h2>\t\t\t\t<\/div>\n\t\t\t\t<\/div>\n\t\t\t\t<div class=\"elementor-element elementor-element-c0f1d58 elementor-widget__width-initial elementor-widget elementor-widget-text-editor\" data-id=\"c0f1d58\" data-element_type=\"widget\" data-e-type=\"widget\" data-widget_type=\"text-editor.default\">\n\t\t\t\t<div class=\"elementor-widget-container\">\n\t\t\t\t\t\t\t\t\t<p>A trav\u00e9s de mi colaboraci\u00f3n en la Red Antirracismo, deseo sensibilizar y fortalecer a mi comunidad para que las personas afectadas por el racismo puedan expresarse y ser escuchadas. Me comprometo a tender un puente entre mi comunidad y la sociedad. <\/p>\t\t\t\t\t\t\t\t<\/div>\n\t\t\t\t<\/div>\n\t\t\t\t<div class=\"elementor-element elementor-element-bdad878 elementor-view-default elementor-widget elementor-widget-icon\" data-id=\"bdad878\" data-element_type=\"widget\" data-e-type=\"widget\" data-widget_type=\"icon.default\">\n\t\t\t\t<div class=\"elementor-widget-container\">\n\t\t\t\t\t\t\t<div class=\"elementor-icon-wrapper\">\n\t\t\t<div class=\"elementor-icon\">\n\t\t\t<i aria-hidden=\"true\" class=\"fab fa-linkedin\"><\/i>\t\t\t<\/div>\n\t\t<\/div>\n\t\t\t\t\t\t<\/div>\n\t\t\t\t<\/div>\n\t\t\t\t\t<\/div>\n\t\t<\/div>\n\t\t\t\t<div class=\"elementor-column elementor-col-33 elementor-top-column elementor-element elementor-element-fcff154\" data-id=\"fcff154\" data-element_type=\"column\" data-e-type=\"column\">\n\t\t\t<div class=\"elementor-widget-wrap elementor-element-populated\">\n\t\t\t\t\t\t<div class=\"elementor-element elementor-element-3f7fd26 elementor-widget elementor-widget-image\" data-id=\"3f7fd26\" data-element_type=\"widget\" data-e-type=\"widget\" data-widget_type=\"image.default\">\n\t\t\t\t<div class=\"elementor-widget-container\">\n\t\t\t\t\t\t\t\t\t\t\t\t\t\t\t<img loading=\"lazy\" decoding=\"async\" width=\"800\" height=\"640\" src=\"https:\/\/netzwerk-antirassismus.ch\/wp-content\/uploads\/2026\/03\/Ana-1024x819.jpeg\" class=\"attachment-large size-large wp-image-2954\" alt=\"Ana\" srcset=\"https:\/\/netzwerk-antirassismus.ch\/wp-content\/uploads\/2026\/03\/Ana-1024x819.jpeg 1024w, https:\/\/netzwerk-antirassismus.ch\/wp-content\/uploads\/2026\/03\/Ana-300x240.jpeg 300w, https:\/\/netzwerk-antirassismus.ch\/wp-content\/uploads\/2026\/03\/Ana-768x614.jpeg 768w, https:\/\/netzwerk-antirassismus.ch\/wp-content\/uploads\/2026\/03\/Ana-1536x1229.jpeg 1536w, https:\/\/netzwerk-antirassismus.ch\/wp-content\/uploads\/2026\/03\/Ana.jpeg 2048w\" sizes=\"(max-width: 800px) 100vw, 800px\" \/>\t\t\t\t\t\t\t\t\t\t\t\t\t\t\t<\/div>\n\t\t\t\t<\/div>\n\t\t\t\t<div class=\"elementor-element elementor-element-7ccc209 elementor-widget elementor-widget-heading\" data-id=\"7ccc209\" data-element_type=\"widget\" data-e-type=\"widget\" data-widget_type=\"heading.default\">\n\t\t\t\t<div class=\"elementor-widget-container\">\n\t\t\t\t\t<h2 class=\"elementor-heading-title elementor-size-default\">Ana<\/h2>\t\t\t\t<\/div>\n\t\t\t\t<\/div>\n\t\t\t\t<div class=\"elementor-element elementor-element-16aee44 elementor-widget elementor-widget-heading\" data-id=\"16aee44\" data-element_type=\"widget\" data-e-type=\"widget\" data-widget_type=\"heading.default\">\n\t\t\t\t<div class=\"elementor-widget-container\">\n\t\t\t\t\t<h2 class=\"elementor-heading-title elementor-size-default\">Espa\u00f1ol, alem\u00e1n, ingl\u00e9s<\/h2>\t\t\t\t<\/div>\n\t\t\t\t<\/div>\n\t\t\t\t<div class=\"elementor-element elementor-element-c023a34 elementor-widget__width-initial elementor-widget elementor-widget-text-editor\" data-id=\"c023a34\" data-element_type=\"widget\" data-e-type=\"widget\" data-widget_type=\"text-editor.default\">\n\t\t\t\t<div class=\"elementor-widget-container\">\n\t\t\t\t\t\t\t\t\t<p>La colaboraci\u00f3n en la Red Antirracismo es importante para m\u00ed porque se trata de un tema del que hay que hablar abiertamente y en el que nuestra sociedad necesita apoyo y sensibilizaci\u00f3n.<\/p>\t\t\t\t\t\t\t\t<\/div>\n\t\t\t\t<\/div>\n\t\t\t\t<div class=\"elementor-element elementor-element-477db6c elementor-view-default elementor-widget elementor-widget-icon\" data-id=\"477db6c\" data-element_type=\"widget\" data-e-type=\"widget\" data-widget_type=\"icon.default\">\n\t\t\t\t<div class=\"elementor-widget-container\">\n\t\t\t\t\t\t\t<div class=\"elementor-icon-wrapper\">\n\t\t\t<div class=\"elementor-icon\">\n\t\t\t<i aria-hidden=\"true\" class=\"fab fa-linkedin\"><\/i>\t\t\t<\/div>\n\t\t<\/div>\n\t\t\t\t\t\t<\/div>\n\t\t\t\t<\/div>\n\t\t\t\t\t<\/div>\n\t\t<\/div>\n\t\t\t\t<div class=\"elementor-column elementor-col-33 elementor-top-column elementor-element elementor-element-24ee747\" data-id=\"24ee747\" data-element_type=\"column\" data-e-type=\"column\">\n\t\t\t<div class=\"elementor-widget-wrap elementor-element-populated\">\n\t\t\t\t\t\t<div class=\"elementor-element elementor-element-6dac7a9 elementor-widget elementor-widget-image\" data-id=\"6dac7a9\" data-element_type=\"widget\" data-e-type=\"widget\" data-widget_type=\"image.default\">\n\t\t\t\t<div class=\"elementor-widget-container\">\n\t\t\t\t\t\t\t\t\t\t\t\t\t\t\t<img loading=\"lazy\" decoding=\"async\" width=\"800\" height=\"640\" src=\"https:\/\/netzwerk-antirassismus.ch\/wp-content\/uploads\/2026\/03\/Hassan-1-1024x819.jpeg\" class=\"attachment-large size-large wp-image-2955\" alt=\"Hassan\" srcset=\"https:\/\/netzwerk-antirassismus.ch\/wp-content\/uploads\/2026\/03\/Hassan-1-1024x819.jpeg 1024w, https:\/\/netzwerk-antirassismus.ch\/wp-content\/uploads\/2026\/03\/Hassan-1-300x240.jpeg 300w, https:\/\/netzwerk-antirassismus.ch\/wp-content\/uploads\/2026\/03\/Hassan-1-768x614.jpeg 768w, https:\/\/netzwerk-antirassismus.ch\/wp-content\/uploads\/2026\/03\/Hassan-1-1536x1229.jpeg 1536w, https:\/\/netzwerk-antirassismus.ch\/wp-content\/uploads\/2026\/03\/Hassan-1.jpeg 2048w\" sizes=\"(max-width: 800px) 100vw, 800px\" \/>\t\t\t\t\t\t\t\t\t\t\t\t\t\t\t<\/div>\n\t\t\t\t<\/div>\n\t\t\t\t<div class=\"elementor-element elementor-element-c3a3f10 elementor-widget elementor-widget-heading\" data-id=\"c3a3f10\" data-element_type=\"widget\" data-e-type=\"widget\" data-widget_type=\"heading.default\">\n\t\t\t\t<div class=\"elementor-widget-container\">\n\t\t\t\t\t<h2 class=\"elementor-heading-title elementor-size-default\">Hassan<\/h2>\t\t\t\t<\/div>\n\t\t\t\t<\/div>\n\t\t\t\t<div class=\"elementor-element elementor-element-667e40c elementor-widget elementor-widget-heading\" data-id=\"667e40c\" data-element_type=\"widget\" data-e-type=\"widget\" data-widget_type=\"heading.default\">\n\t\t\t\t<div class=\"elementor-widget-container\">\n\t\t\t\t\t<h2 class=\"elementor-heading-title elementor-size-default\">Somal\u00ed, alem\u00e1n<\/h2>\t\t\t\t<\/div>\n\t\t\t\t<\/div>\n\t\t\t\t<div class=\"elementor-element elementor-element-a625b9f elementor-widget__width-initial elementor-widget elementor-widget-text-editor\" data-id=\"a625b9f\" data-element_type=\"widget\" data-e-type=\"widget\" data-widget_type=\"text-editor.default\">\n\t\t\t\t<div class=\"elementor-widget-container\">\n\t\t\t\t\t\t\t\t\t<p>Participo en la Red Antirracismo porque considero que el racismo no se percibe lo suficiente ni se lucha contra \u00e9l con la intensidad necesaria. Deseo vivir en una sociedad en la que las personas puedan vivir pac\u00edficamente y en armon\u00eda. <\/p>\t\t\t\t\t\t\t\t<\/div>\n\t\t\t\t<\/div>\n\t\t\t\t<div class=\"elementor-element elementor-element-09ac910 elementor-view-default elementor-widget elementor-widget-icon\" data-id=\"09ac910\" data-element_type=\"widget\" data-e-type=\"widget\" data-widget_type=\"icon.default\">\n\t\t\t\t<div class=\"elementor-widget-container\">\n\t\t\t\t\t\t\t<div class=\"elementor-icon-wrapper\">\n\t\t\t<div class=\"elementor-icon\">\n\t\t\t<i aria-hidden=\"true\" class=\"fab fa-linkedin\"><\/i>\t\t\t<\/div>\n\t\t<\/div>\n\t\t\t\t\t\t<\/div>\n\t\t\t\t<\/div>\n\t\t\t\t\t<\/div>\n\t\t<\/div>\n\t\t\t\t\t<\/div>\n\t\t<\/section>\n\t\t\t\t<section class=\"elementor-section elementor-top-section elementor-element elementor-element-1efc844 elementor-section-full_width elementor-section-height-default elementor-section-height-default\" data-id=\"1efc844\" data-element_type=\"section\" data-e-type=\"section\">\n\t\t\t\t\t\t<div class=\"elementor-container elementor-column-gap-default\">\n\t\t\t\t\t<div class=\"elementor-column elementor-col-33 elementor-top-column elementor-element elementor-element-4e3aa25\" data-id=\"4e3aa25\" data-element_type=\"column\" data-e-type=\"column\">\n\t\t\t<div class=\"elementor-widget-wrap elementor-element-populated\">\n\t\t\t\t\t\t<div class=\"elementor-element elementor-element-f3efdf7 elementor-widget elementor-widget-image\" data-id=\"f3efdf7\" data-element_type=\"widget\" data-e-type=\"widget\" data-widget_type=\"image.default\">\n\t\t\t\t<div class=\"elementor-widget-container\">\n\t\t\t\t\t\t\t\t\t\t\t\t\t\t\t<img loading=\"lazy\" decoding=\"async\" width=\"800\" height=\"641\" src=\"https:\/\/netzwerk-antirassismus.ch\/wp-content\/uploads\/2026\/03\/Aaron-1024x820.jpeg\" class=\"attachment-large size-large wp-image-2956\" alt=\"Aaron\" srcset=\"https:\/\/netzwerk-antirassismus.ch\/wp-content\/uploads\/2026\/03\/Aaron-1024x820.jpeg 1024w, https:\/\/netzwerk-antirassismus.ch\/wp-content\/uploads\/2026\/03\/Aaron-300x240.jpeg 300w, https:\/\/netzwerk-antirassismus.ch\/wp-content\/uploads\/2026\/03\/Aaron-768x615.jpeg 768w, https:\/\/netzwerk-antirassismus.ch\/wp-content\/uploads\/2026\/03\/Aaron-1536x1229.jpeg 1536w, https:\/\/netzwerk-antirassismus.ch\/wp-content\/uploads\/2026\/03\/Aaron.jpeg 2048w\" sizes=\"(max-width: 800px) 100vw, 800px\" \/>\t\t\t\t\t\t\t\t\t\t\t\t\t\t\t<\/div>\n\t\t\t\t<\/div>\n\t\t\t\t<div class=\"elementor-element elementor-element-1229051 elementor-widget elementor-widget-heading\" data-id=\"1229051\" data-element_type=\"widget\" data-e-type=\"widget\" data-widget_type=\"heading.default\">\n\t\t\t\t<div class=\"elementor-widget-container\">\n\t\t\t\t\t<h2 class=\"elementor-heading-title elementor-size-default\">Aaron<\/h2>\t\t\t\t<\/div>\n\t\t\t\t<\/div>\n\t\t\t\t<div class=\"elementor-element elementor-element-4cf333a elementor-widget elementor-widget-heading\" data-id=\"4cf333a\" data-element_type=\"widget\" data-e-type=\"widget\" data-widget_type=\"heading.default\">\n\t\t\t\t<div class=\"elementor-widget-container\">\n\t\t\t\t\t<h2 class=\"elementor-heading-title elementor-size-default\">Ingl\u00e9s, alem\u00e1n<\/h2>\t\t\t\t<\/div>\n\t\t\t\t<\/div>\n\t\t\t\t<div class=\"elementor-element elementor-element-ded9c97 elementor-widget__width-initial elementor-widget elementor-widget-text-editor\" data-id=\"ded9c97\" data-element_type=\"widget\" data-e-type=\"widget\" data-widget_type=\"text-editor.default\">\n\t\t\t\t<div class=\"elementor-widget-container\">\n\t\t\t\t\t\t\t\t\t<p>Me comprometo en la Red Antirracismo porque el racismo es una realidad cotidiana para muchas personas de mi entorno. Por mi larga trayectoria en el trabajo comunitario, s\u00e9 lo importantes que son la visibilidad, los espacios seguros y el fortalecimiento mutuo. Para m\u00ed es fundamental no solo nombrar el racismo, sino actuar activamente contra \u00e9l, escuchar, tomar en serio las experiencias y construir puentes entre las comunidades y las estructuras sociales. La red me permite compartir conocimientos, aprender unos de otros y asumir responsabilidades de forma conjunta.   <\/p>\t\t\t\t\t\t\t\t<\/div>\n\t\t\t\t<\/div>\n\t\t\t\t<div class=\"elementor-element elementor-element-ff52e92 elementor-view-default elementor-widget elementor-widget-icon\" data-id=\"ff52e92\" data-element_type=\"widget\" data-e-type=\"widget\" data-widget_type=\"icon.default\">\n\t\t\t\t<div class=\"elementor-widget-container\">\n\t\t\t\t\t\t\t<div class=\"elementor-icon-wrapper\">\n\t\t\t<div class=\"elementor-icon\">\n\t\t\t<i aria-hidden=\"true\" class=\"fab fa-linkedin\"><\/i>\t\t\t<\/div>\n\t\t<\/div>\n\t\t\t\t\t\t<\/div>\n\t\t\t\t<\/div>\n\t\t\t\t\t<\/div>\n\t\t<\/div>\n\t\t\t\t<div class=\"elementor-column elementor-col-33 elementor-top-column elementor-element elementor-element-ec5fbd7\" data-id=\"ec5fbd7\" data-element_type=\"column\" data-e-type=\"column\">\n\t\t\t<div class=\"elementor-widget-wrap elementor-element-populated\">\n\t\t\t\t\t\t<div class=\"elementor-element elementor-element-c75d3ca elementor-widget elementor-widget-image\" data-id=\"c75d3ca\" data-element_type=\"widget\" data-e-type=\"widget\" data-widget_type=\"image.default\">\n\t\t\t\t<div class=\"elementor-widget-container\">\n\t\t\t\t\t\t\t\t\t\t\t\t\t\t\t<img loading=\"lazy\" decoding=\"async\" width=\"800\" height=\"640\" src=\"https:\/\/netzwerk-antirassismus.ch\/wp-content\/uploads\/2026\/03\/Anoopa_1-1024x819.jpg\" class=\"attachment-large size-large wp-image-2943\" alt=\"Anoopa\" srcset=\"https:\/\/netzwerk-antirassismus.ch\/wp-content\/uploads\/2026\/03\/Anoopa_1-1024x819.jpg 1024w, https:\/\/netzwerk-antirassismus.ch\/wp-content\/uploads\/2026\/03\/Anoopa_1-300x240.jpg 300w, https:\/\/netzwerk-antirassismus.ch\/wp-content\/uploads\/2026\/03\/Anoopa_1-768x614.jpg 768w, https:\/\/netzwerk-antirassismus.ch\/wp-content\/uploads\/2026\/03\/Anoopa_1-1536x1228.jpg 1536w, https:\/\/netzwerk-antirassismus.ch\/wp-content\/uploads\/2026\/03\/Anoopa_1.jpg 1653w\" sizes=\"(max-width: 800px) 100vw, 800px\" \/>\t\t\t\t\t\t\t\t\t\t\t\t\t\t\t<\/div>\n\t\t\t\t<\/div>\n\t\t\t\t<div class=\"elementor-element elementor-element-880f69a elementor-widget elementor-widget-heading\" data-id=\"880f69a\" data-element_type=\"widget\" data-e-type=\"widget\" data-widget_type=\"heading.default\">\n\t\t\t\t<div class=\"elementor-widget-container\">\n\t\t\t\t\t<h2 class=\"elementor-heading-title elementor-size-default\">Anoopa<\/h2>\t\t\t\t<\/div>\n\t\t\t\t<\/div>\n\t\t\t\t<div class=\"elementor-element elementor-element-ab240e2 elementor-widget elementor-widget-heading\" data-id=\"ab240e2\" data-element_type=\"widget\" data-e-type=\"widget\" data-widget_type=\"heading.default\">\n\t\t\t\t<div class=\"elementor-widget-container\">\n\t\t\t\t\t<h2 class=\"elementor-heading-title elementor-size-default\">Malayalam, alem\u00e1n, ingl\u00e9s<\/h2>\t\t\t\t<\/div>\n\t\t\t\t<\/div>\n\t\t\t\t<div class=\"elementor-element elementor-element-3a774a0 elementor-widget__width-initial elementor-widget elementor-widget-text-editor\" data-id=\"3a774a0\" data-element_type=\"widget\" data-e-type=\"widget\" data-widget_type=\"text-editor.default\">\n\t\t\t\t<div class=\"elementor-widget-container\">\n\t\t\t\t\t\t\t\t\t<p>El trabajo con la Red Antirracismo es decisivo para m\u00ed, ya que me enfrento al racismo desde mi infancia. Quiero utilizar mis experiencias para tender un puente entre mi comunidad y la sociedad, cambiar las narrativas discriminatorias y crear conciencia para el cambio. Yo tambi\u00e9n quiero que algo se mueva en este \u00e1mbito. Por eso colaboro en la Red Antirracismo.   <\/p>\t\t\t\t\t\t\t\t<\/div>\n\t\t\t\t<\/div>\n\t\t\t\t<div class=\"elementor-element elementor-element-f2ed462 elementor-view-default elementor-widget elementor-widget-icon\" data-id=\"f2ed462\" data-element_type=\"widget\" data-e-type=\"widget\" data-widget_type=\"icon.default\">\n\t\t\t\t<div class=\"elementor-widget-container\">\n\t\t\t\t\t\t\t<div class=\"elementor-icon-wrapper\">\n\t\t\t<div class=\"elementor-icon\">\n\t\t\t<i aria-hidden=\"true\" class=\"fab fa-linkedin\"><\/i>\t\t\t<\/div>\n\t\t<\/div>\n\t\t\t\t\t\t<\/div>\n\t\t\t\t<\/div>\n\t\t\t\t\t<\/div>\n\t\t<\/div>\n\t\t\t\t<div class=\"elementor-column elementor-col-33 elementor-top-column elementor-element elementor-element-a3dd39e\" data-id=\"a3dd39e\" data-element_type=\"column\" data-e-type=\"column\">\n\t\t\t<div class=\"elementor-widget-wrap elementor-element-populated\">\n\t\t\t\t\t\t<div class=\"elementor-element elementor-element-52f244d elementor-widget elementor-widget-image\" data-id=\"52f244d\" data-element_type=\"widget\" data-e-type=\"widget\" data-widget_type=\"image.default\">\n\t\t\t\t<div class=\"elementor-widget-container\">\n\t\t\t\t\t\t\t\t\t\t\t\t\t\t\t<img loading=\"lazy\" decoding=\"async\" width=\"800\" height=\"640\" src=\"https:\/\/netzwerk-antirassismus.ch\/wp-content\/uploads\/2026\/03\/Cristina_1-1024x819.jpg\" class=\"attachment-large size-large wp-image-2944\" alt=\"Cristina\" srcset=\"https:\/\/netzwerk-antirassismus.ch\/wp-content\/uploads\/2026\/03\/Cristina_1-1024x819.jpg 1024w, https:\/\/netzwerk-antirassismus.ch\/wp-content\/uploads\/2026\/03\/Cristina_1-300x240.jpg 300w, https:\/\/netzwerk-antirassismus.ch\/wp-content\/uploads\/2026\/03\/Cristina_1-768x614.jpg 768w, https:\/\/netzwerk-antirassismus.ch\/wp-content\/uploads\/2026\/03\/Cristina_1-1536x1228.jpg 1536w, https:\/\/netzwerk-antirassismus.ch\/wp-content\/uploads\/2026\/03\/Cristina_1.jpg 1653w\" sizes=\"(max-width: 800px) 100vw, 800px\" \/>\t\t\t\t\t\t\t\t\t\t\t\t\t\t\t<\/div>\n\t\t\t\t<\/div>\n\t\t\t\t<div class=\"elementor-element elementor-element-c3f2d20 elementor-widget elementor-widget-heading\" data-id=\"c3f2d20\" data-element_type=\"widget\" data-e-type=\"widget\" data-widget_type=\"heading.default\">\n\t\t\t\t<div class=\"elementor-widget-container\">\n\t\t\t\t\t<h2 class=\"elementor-heading-title elementor-size-default\">Cristina<\/h2>\t\t\t\t<\/div>\n\t\t\t\t<\/div>\n\t\t\t\t<div class=\"elementor-element elementor-element-6f0a4df elementor-widget elementor-widget-heading\" data-id=\"6f0a4df\" data-element_type=\"widget\" data-e-type=\"widget\" data-widget_type=\"heading.default\">\n\t\t\t\t<div class=\"elementor-widget-container\">\n\t\t\t\t\t<h2 class=\"elementor-heading-title elementor-size-default\">Rumano, alem\u00e1n, italiano <\/h2>\t\t\t\t<\/div>\n\t\t\t\t<\/div>\n\t\t\t\t<div class=\"elementor-element elementor-element-4dc6d33 elementor-widget__width-initial elementor-widget elementor-widget-text-editor\" data-id=\"4dc6d33\" data-element_type=\"widget\" data-e-type=\"widget\" data-widget_type=\"text-editor.default\">\n\t\t\t\t<div class=\"elementor-widget-container\">\n\t\t\t\t\t\t\t\t\t<p>Para combatir los prejuicios y frenar los incidentes de racismo y discriminaci\u00f3n, se necesita valor y un gran compromiso. Se necesitan personas que se dediquen a ello y contribuyan a una mayor protecci\u00f3n contra la discriminaci\u00f3n, as\u00ed como a un cambio en la base legal. <\/p>\t\t\t\t\t\t\t\t<\/div>\n\t\t\t\t<\/div>\n\t\t\t\t<div class=\"elementor-element elementor-element-fb114eb elementor-view-default elementor-widget elementor-widget-icon\" data-id=\"fb114eb\" data-element_type=\"widget\" data-e-type=\"widget\" data-widget_type=\"icon.default\">\n\t\t\t\t<div class=\"elementor-widget-container\">\n\t\t\t\t\t\t\t<div class=\"elementor-icon-wrapper\">\n\t\t\t<div class=\"elementor-icon\">\n\t\t\t<i aria-hidden=\"true\" class=\"fab fa-linkedin\"><\/i>\t\t\t<\/div>\n\t\t<\/div>\n\t\t\t\t\t\t<\/div>\n\t\t\t\t<\/div>\n\t\t\t\t\t<\/div>\n\t\t<\/div>\n\t\t\t\t\t<\/div>\n\t\t<\/section>\n\t\t\t\t<section class=\"elementor-section elementor-top-section elementor-element elementor-element-261cd705 elementor-section-content-middle elementor-reverse-tablet elementor-reverse-mobile elementor-section-height-min-height elementor-section-items-top elementor-section-full_width elementor-section-height-default\" data-id=\"261cd705\" data-element_type=\"section\" data-e-type=\"section\" data-settings=\"{&quot;background_background&quot;:&quot;classic&quot;}\">\n\t\t\t\t\t\t<div class=\"elementor-container elementor-column-gap-no\">\n\t\t\t\t\t<div class=\"elementor-column elementor-col-50 elementor-top-column elementor-element elementor-element-7370b30d\" data-id=\"7370b30d\" data-element_type=\"column\" data-e-type=\"column\">\n\t\t\t<div class=\"elementor-widget-wrap elementor-element-populated\">\n\t\t\t\t\t\t<div class=\"elementor-element elementor-element-1b9a9e9d elementor-widget__width-initial elementor-invisible elementor-widget elementor-widget-heading\" data-id=\"1b9a9e9d\" data-element_type=\"widget\" data-e-type=\"widget\" data-settings=\"{&quot;_animation&quot;:&quot;slideInRight&quot;}\" data-widget_type=\"heading.default\">\n\t\t\t\t<div class=\"elementor-widget-container\">\n\t\t\t\t\t<h3 class=\"elementor-heading-title elementor-size-default\">Hable con nosotros.\nNo est\u00e1 solo. Le escuchamos. \n<\/h3>\t\t\t\t<\/div>\n\t\t\t\t<\/div>\n\t\t\t\t<div class=\"elementor-element elementor-element-57c081f6 elementor-widget__width-initial elementor-widget elementor-widget-text-editor\" data-id=\"57c081f6\" data-element_type=\"widget\" data-e-type=\"widget\" data-widget_type=\"text-editor.default\">\n\t\t\t\t<div class=\"elementor-widget-container\">\n\t\t\t\t\t\t\t\t\t<p><span style=\"text-decoration: underline; text-decoration-color: #f6b3d5; text-decoration-thickness: 3px; text-underline-offset: 3px;\">\u00bfHa experimentado u observado discriminaci\u00f3n racial? <\/span>La Red Antirracismo de Basilea-Ciudad le ofrece un <span style=\"text-decoration: underline; text-decoration-color: #f6b3d5; text-decoration-thickness: 3px; text-underline-offset: 3px;\">espacio protegido<\/span> para hablar sobre sus experiencias. Le tomamos en serio, le apoyamos y le mostramos los posibles pasos a seguir. Sus experiencias est\u00e1n seguras con nosotros; actuamos de forma confidencial y respetuosa.  <br><span style=\"text-decoration: underline; text-decoration-color: #f6b3d5; text-decoration-thickness: 3px; text-underline-offset: 3px;\"><br>No se emprender\u00e1 ninguna acci\u00f3n sin su consentimiento expreso.<\/span><\/p>\t\t\t\t\t\t\t\t<\/div>\n\t\t\t\t<\/div>\n\t\t\t\t\t<\/div>\n\t\t<\/div>\n\t\t\t\t<div class=\"elementor-column elementor-col-50 elementor-top-column elementor-element elementor-element-34b6e47a\" data-id=\"34b6e47a\" data-element_type=\"column\" data-e-type=\"column\">\n\t\t\t<div class=\"elementor-widget-wrap elementor-element-populated\">\n\t\t\t\t\t\t<div class=\"elementor-element elementor-element-3c0a2301 elementor-hidden-mobile elementor-widget elementor-widget-spacer\" data-id=\"3c0a2301\" data-element_type=\"widget\" data-e-type=\"widget\" data-widget_type=\"spacer.default\">\n\t\t\t\t<div class=\"elementor-widget-container\">\n\t\t\t\t\t\t\t<div class=\"elementor-spacer\">\n\t\t\t<div class=\"elementor-spacer-inner\"><\/div>\n\t\t<\/div>\n\t\t\t\t\t\t<\/div>\n\t\t\t\t<\/div>\n\t\t\t\t<div class=\"elementor-element elementor-element-1fc27248 elementor-invisible elementor-widget elementor-widget-image\" data-id=\"1fc27248\" data-element_type=\"widget\" data-e-type=\"widget\" data-settings=\"{&quot;motion_fx_motion_fx_mouse&quot;:&quot;yes&quot;,&quot;motion_fx_mouseTrack_effect&quot;:&quot;yes&quot;,&quot;motion_fx_mouseTrack_direction&quot;:&quot;negative&quot;,&quot;_animation&quot;:&quot;fadeInUp&quot;,&quot;motion_fx_mouseTrack_speed&quot;:{&quot;unit&quot;:&quot;px&quot;,&quot;size&quot;:1,&quot;sizes&quot;:[]}}\" data-widget_type=\"image.default\">\n\t\t\t\t<div class=\"elementor-widget-container\">\n\t\t\t\t\t\t\t\t\t\t\t\t\t\t\t<img loading=\"lazy\" decoding=\"async\" width=\"800\" height=\"452\" src=\"https:\/\/netzwerk-antirassismus.ch\/wp-content\/uploads\/2026\/03\/Sprich-mit-uns-1024x578.png\" class=\"attachment-large size-large wp-image-2957\" alt=\"\" srcset=\"https:\/\/netzwerk-antirassismus.ch\/wp-content\/uploads\/2026\/03\/Sprich-mit-uns-1024x578.png 1024w, https:\/\/netzwerk-antirassismus.ch\/wp-content\/uploads\/2026\/03\/Sprich-mit-uns-300x169.png 300w, https:\/\/netzwerk-antirassismus.ch\/wp-content\/uploads\/2026\/03\/Sprich-mit-uns-768x434.png 768w, https:\/\/netzwerk-antirassismus.ch\/wp-content\/uploads\/2026\/03\/Sprich-mit-uns.png 1071w\" sizes=\"(max-width: 800px) 100vw, 800px\" \/>\t\t\t\t\t\t\t\t\t\t\t\t\t\t\t<\/div>\n\t\t\t\t<\/div>\n\t\t\t\t\t<\/div>\n\t\t<\/div>\n\t\t\t\t\t<\/div>\n\t\t<\/section>\n\t\t\t\t<section class=\"elementor-section elementor-top-section elementor-element elementor-element-5a850ccd elementor-section-full_width elementor-reverse-mobile elementor-section-height-default elementor-section-height-default\" data-id=\"5a850ccd\" data-element_type=\"section\" data-e-type=\"section\" data-settings=\"{&quot;background_background&quot;:&quot;classic&quot;}\">\n\t\t\t\t\t\t<div class=\"elementor-container elementor-column-gap-default\">\n\t\t\t\t\t<div class=\"elementor-column elementor-col-25 elementor-top-column elementor-element elementor-element-48a351c9\" data-id=\"48a351c9\" data-element_type=\"column\" data-e-type=\"column\">\n\t\t\t<div class=\"elementor-widget-wrap elementor-element-populated\">\n\t\t\t\t\t\t<div class=\"elementor-element elementor-element-b53c097 elementor-button-info elementor-align-justify elementor-widget__width-initial elementor-widget elementor-widget-button\" data-id=\"b53c097\" data-element_type=\"widget\" data-e-type=\"widget\" data-widget_type=\"button.default\">\n\t\t\t\t<div class=\"elementor-widget-container\">\n\t\t\t\t\t\t\t\t\t<div class=\"elementor-button-wrapper\">\n\t\t\t\t\t<a class=\"elementor-button elementor-button-link elementor-size-sm\" href=\"#\">\n\t\t\t\t\t\t<span class=\"elementor-button-content-wrapper\">\n\t\t\t\t\t\t\t\t\t<span class=\"elementor-button-text\">Denunciar racismo<\/span>\n\t\t\t\t\t<\/span>\n\t\t\t\t\t<\/a>\n\t\t\t\t<\/div>\n\t\t\t\t\t\t\t\t<\/div>\n\t\t\t\t<\/div>\n\t\t\t\t\t<\/div>\n\t\t<\/div>\n\t\t\t\t<div class=\"elementor-column elementor-col-25 elementor-top-column elementor-element elementor-element-42d48d66\" data-id=\"42d48d66\" data-element_type=\"column\" data-e-type=\"column\">\n\t\t\t<div class=\"elementor-widget-wrap elementor-element-populated\">\n\t\t\t\t\t\t<div class=\"elementor-element elementor-element-38190a69 elementor-button-info elementor-align-justify elementor-widget__width-initial elementor-widget elementor-widget-button\" data-id=\"38190a69\" data-element_type=\"widget\" data-e-type=\"widget\" data-widget_type=\"button.default\">\n\t\t\t\t<div class=\"elementor-widget-container\">\n\t\t\t\t\t\t\t\t\t<div class=\"elementor-button-wrapper\">\n\t\t\t\t\t<a class=\"elementor-button elementor-button-link elementor-size-sm\" href=\"#\">\n\t\t\t\t\t\t<span class=\"elementor-button-content-wrapper\">\n\t\t\t\t\t\t\t\t\t<span class=\"elementor-button-text\">Signaler le racisme<\/span>\n\t\t\t\t\t<\/span>\n\t\t\t\t\t<\/a>\n\t\t\t\t<\/div>\n\t\t\t\t\t\t\t\t<\/div>\n\t\t\t\t<\/div>\n\t\t\t\t\t<\/div>\n\t\t<\/div>\n\t\t\t\t<div class=\"elementor-column elementor-col-25 elementor-top-column elementor-element elementor-element-74fdf2c\" data-id=\"74fdf2c\" data-element_type=\"column\" data-e-type=\"column\">\n\t\t\t<div class=\"elementor-widget-wrap elementor-element-populated\">\n\t\t\t\t\t\t<div class=\"elementor-element elementor-element-2e2a873e elementor-button-info elementor-align-justify elementor-widget__width-initial elementor-widget elementor-widget-button\" data-id=\"2e2a873e\" data-element_type=\"widget\" data-e-type=\"widget\" data-widget_type=\"button.default\">\n\t\t\t\t<div class=\"elementor-widget-container\">\n\t\t\t\t\t\t\t\t\t<div class=\"elementor-button-wrapper\">\n\t\t\t\t\t<a class=\"elementor-button elementor-button-link elementor-size-sm\" href=\"#\">\n\t\t\t\t\t\t<span class=\"elementor-button-content-wrapper\">\n\t\t\t\t\t\t\t\t\t<span class=\"elementor-button-text\">Reportar racismo<\/span>\n\t\t\t\t\t<\/span>\n\t\t\t\t\t<\/a>\n\t\t\t\t<\/div>\n\t\t\t\t\t\t\t\t<\/div>\n\t\t\t\t<\/div>\n\t\t\t\t\t<\/div>\n\t\t<\/div>\n\t\t\t\t<div class=\"elementor-column elementor-col-25 elementor-top-column elementor-element elementor-element-5a9ce2f9\" data-id=\"5a9ce2f9\" data-element_type=\"column\" data-e-type=\"column\">\n\t\t\t<div class=\"elementor-widget-wrap elementor-element-populated\">\n\t\t\t\t\t\t<div class=\"elementor-element elementor-element-3a468813 elementor-button-info elementor-align-justify elementor-widget__width-initial elementor-widget elementor-widget-button\" data-id=\"3a468813\" data-element_type=\"widget\" data-e-type=\"widget\" data-widget_type=\"button.default\">\n\t\t\t\t<div class=\"elementor-widget-container\">\n\t\t\t\t\t\t\t\t\t<div class=\"elementor-button-wrapper\">\n\t\t\t\t\t<a class=\"elementor-button elementor-button-link elementor-size-sm\" href=\"#\">\n\t\t\t\t\t\t<span class=\"elementor-button-content-wrapper\">\n\t\t\t\t\t\t\t\t\t<span class=\"elementor-button-text\">Report racism<\/span>\n\t\t\t\t\t<\/span>\n\t\t\t\t\t<\/a>\n\t\t\t\t<\/div>\n\t\t\t\t\t\t\t\t<\/div>\n\t\t\t\t<\/div>\n\t\t\t\t\t<\/div>\n\t\t<\/div>\n\t\t\t\t\t<\/div>\n\t\t<\/section>\n\t\t\t\t<\/div>\n\t\t","protected":false},"excerpt":{"rendered":"<p>Sobre nosotros La Red Antirracismo de Basel-Stadt re\u00fane a personas clave comprometidas con diversos or\u00edgenes \u00e9tnicos, culturales y religiosos. Esta diversidad es un factor central para la eficacia de nuestro trabajo. A trav\u00e9s de nuestro compromiso, apoyamos a las personas afectadas por el racismo en sus propias comunidades migratorias y religiosas, facilitamos el acceso a [&hellip;]<\/p>\n","protected":false},"author":1,"featured_media":0,"parent":0,"menu_order":0,"comment_status":"closed","ping_status":"closed","template":"elementor_header_footer","meta":{"footnotes":""},"class_list":["post-2916","page","type-page","status-publish","hentry"],"_links":{"self":[{"href":"https:\/\/netzwerk-antirassismus.ch\/es\/wp-json\/wp\/v2\/pages\/2916","targetHints":{"allow":["GET"]}}],"collection":[{"href":"https:\/\/netzwerk-antirassismus.ch\/es\/wp-json\/wp\/v2\/pages"}],"about":[{"href":"https:\/\/netzwerk-antirassismus.ch\/es\/wp-json\/wp\/v2\/types\/page"}],"author":[{"embeddable":true,"href":"https:\/\/netzwerk-antirassismus.ch\/es\/wp-json\/wp\/v2\/users\/1"}],"replies":[{"embeddable":true,"href":"https:\/\/netzwerk-antirassismus.ch\/es\/wp-json\/wp\/v2\/comments?post=2916"}],"version-history":[{"count":5,"href":"https:\/\/netzwerk-antirassismus.ch\/es\/wp-json\/wp\/v2\/pages\/2916\/revisions"}],"predecessor-version":[{"id":3311,"href":"https:\/\/netzwerk-antirassismus.ch\/es\/wp-json\/wp\/v2\/pages\/2916\/revisions\/3311"}],"wp:attachment":[{"href":"https:\/\/netzwerk-antirassismus.ch\/es\/wp-json\/wp\/v2\/media?parent=2916"}],"curies":[{"name":"wp","href":"https:\/\/api.w.org\/{rel}","templated":true}]}}